{"id":20647,"date":"2026-04-26T18:11:20","date_gmt":"2026-04-26T18:11:20","guid":{"rendered":"https:\/\/stesa.com\/mapas\/?post_type=ficha&#038;p=20647"},"modified":"2026-04-26T18:11:20","modified_gmt":"2026-04-26T18:11:20","slug":"ciudad-de-buenos-aires-desde-el-espacio","status":"publish","type":"ficha","link":"https:\/\/stesa.com\/mapas\/doc\/ciudad-de-buenos-aires-desde-el-espacio\/","title":{"rendered":"Ciudad de Buenos Aires desde el espacio"},"content":{"rendered":"<p style=\"text-align: center;\"><label style=\"font-size: 15px;\">Mosaico fotogr\u00e1fico de la ciudad de Buenos Aires desde el espacio 2017 <a href=\"https:\/\/stesa.com\/mapas\/wp-content\/uploads\/20647\/Mosaico-fotografico-de-la-ciudad-de-Buenos-Aires-desde-el-espacio-2017.pdf\" target=\"_blank\" rel=\"noopener\">(formato PDF)<\/a>.<\/label><\/p>\n<p>El astronauta de la ESA, Thomas Pesquet, pas\u00f3 seis meses en la Estaci\u00f3n Espacial Internacional en su misi\u00f3n Proxima (Noviembre de 2016 \u2013 Junio \u200b\u200bde 2017). En su tiempo libre, como muchos astronautas, disfrutaba contemplando la Tierra desde las ventanas de la C\u00fapula. Este collage muestra Buenos Aires, Argentina.<\/p>\n<p>Thomas solicit\u00f3 que se alinearan las im\u00e1genes, tomadas con gran aumento, para crear este mosaico que mostrara la ciudad en detalle. La Estaci\u00f3n vuela a una altitud aproximada de 400 km, por lo que Thomas utiliz\u00f3 el objetivo de mayor distancia focal disponible a bordo: 1150 mm.<\/p>\n<p>En tierra, las im\u00e1genes se rotaron digitalmente y se ensamblaron para formar este gran collage.<\/p>\n<p>CR\u00c9DITO<br \/>\nESA\/NASA<\/p>\n","protected":false},"excerpt":{"rendered":"<p>En su tiempo libre, como muchos astronautas, disfrutaba contemplando la Tierra desde las ventanas de la C\u00fapula. Este collage muestra Buenos Aires, Argentina.   <\/p>\n","protected":false},"author":1,"featured_media":20648,"template":"","categoria_ficha":[2205],"class_list":["post-20647","ficha","type-ficha","status-publish","has-post-thumbnail","hentry","categoria_ficha-mapas-de-la-ciudad-de-buenos-aires"],"yoast_head":"<!-- This site is optimized with the Yoast SEO plugin v27.4 - https:\/\/yoast.com\/product\/yoast-seo-wordpress\/ -->\n<title>Ciudad de Buenos Aires desde el espacio - Galer\u00eda de mapas<\/title>\n<meta name=\"robots\" content=\"index, follow, max-snippet:-1, max-image-preview:large, max-video-preview:-1\" \/>\n<link rel=\"canonical\" href=\"https:\/\/stesa.com\/mapas\/doc\/ciudad-de-buenos-aires-desde-el-espacio\/\" \/>\n<meta property=\"og:locale\" content=\"es_ES\" \/>\n<meta property=\"og:type\" content=\"article\" \/>\n<meta property=\"og:title\" content=\"Ciudad de Buenos Aires desde el espacio - Galer\u00eda de mapas\" \/>\n<meta property=\"og:description\" content=\"En su tiempo libre, como muchos astronautas, disfrutaba contemplando la Tierra desde las ventanas de la C\u00fapula. Este collage muestra Buenos Aires, Argentina.\" \/>\n<meta property=\"og:url\" content=\"https:\/\/stesa.com\/mapas\/doc\/ciudad-de-buenos-aires-desde-el-espacio\/\" \/>\n<meta property=\"og:site_name\" content=\"Galer\u00eda de mapas\" \/>\n<meta property=\"og:image\" content=\"https:\/\/stesa.com\/mapas\/wp-content\/uploads\/20647\/Mosaico-fotografico-de-la-ciudad-de-Buenos-Aires-desde-el-espacio-2017-1024x796.jpg\" \/>\n\t<meta property=\"og:image:width\" content=\"1024\" \/>\n\t<meta property=\"og:image:height\" content=\"796\" \/>\n\t<meta property=\"og:image:type\" content=\"image\/jpeg\" \/>\n<meta name=\"twitter:card\" content=\"summary_large_image\" \/>\n<meta name=\"twitter:label1\" content=\"Tiempo de lectura\" \/>\n\t<meta name=\"twitter:data1\" content=\"1 minuto\" \/>\n<script type=\"application\/ld+json\" class=\"yoast-schema-graph\">{\"@context\":\"https:\\\/\\\/schema.org\",\"@graph\":[{\"@type\":\"WebPage\",\"@id\":\"https:\\\/\\\/stesa.com\\\/mapas\\\/doc\\\/ciudad-de-buenos-aires-desde-el-espacio\\\/\",\"url\":\"https:\\\/\\\/stesa.com\\\/mapas\\\/doc\\\/ciudad-de-buenos-aires-desde-el-espacio\\\/\",\"name\":\"Ciudad de Buenos Aires desde el espacio - Galer\u00eda de mapas\",\"isPartOf\":{\"@id\":\"https:\\\/\\\/stesa.com\\\/mapas\\\/#website\"},\"primaryImageOfPage\":{\"@id\":\"https:\\\/\\\/stesa.com\\\/mapas\\\/doc\\\/ciudad-de-buenos-aires-desde-el-espacio\\\/#primaryimage\"},\"image\":{\"@id\":\"https:\\\/\\\/stesa.com\\\/mapas\\\/doc\\\/ciudad-de-buenos-aires-desde-el-espacio\\\/#primaryimage\"},\"thumbnailUrl\":\"https:\\\/\\\/stesa.com\\\/mapas\\\/wp-content\\\/uploads\\\/20647\\\/Mosaico-fotografico-de-la-ciudad-de-Buenos-Aires-desde-el-espacio-2017.jpg\",\"datePublished\":\"2026-04-26T18:11:20+00:00\",\"breadcrumb\":{\"@id\":\"https:\\\/\\\/stesa.com\\\/mapas\\\/doc\\\/ciudad-de-buenos-aires-desde-el-espacio\\\/#breadcrumb\"},\"inLanguage\":\"es\",\"potentialAction\":[{\"@type\":\"ReadAction\",\"target\":[\"https:\\\/\\\/stesa.com\\\/mapas\\\/doc\\\/ciudad-de-buenos-aires-desde-el-espacio\\\/\"]}]},{\"@type\":\"ImageObject\",\"inLanguage\":\"es\",\"@id\":\"https:\\\/\\\/stesa.com\\\/mapas\\\/doc\\\/ciudad-de-buenos-aires-desde-el-espacio\\\/#primaryimage\",\"url\":\"https:\\\/\\\/stesa.com\\\/mapas\\\/wp-content\\\/uploads\\\/20647\\\/Mosaico-fotografico-de-la-ciudad-de-Buenos-Aires-desde-el-espacio-2017.jpg\",\"contentUrl\":\"https:\\\/\\\/stesa.com\\\/mapas\\\/wp-content\\\/uploads\\\/20647\\\/Mosaico-fotografico-de-la-ciudad-de-Buenos-Aires-desde-el-espacio-2017.jpg\",\"width\":7238,\"height\":5626,\"caption\":\"Mosaico fotogr\u00e1fico de la ciudad de Buenos Aires desde el espacio 2017.\"},{\"@type\":\"BreadcrumbList\",\"@id\":\"https:\\\/\\\/stesa.com\\\/mapas\\\/doc\\\/ciudad-de-buenos-aires-desde-el-espacio\\\/#breadcrumb\",\"itemListElement\":[{\"@type\":\"ListItem\",\"position\":1,\"name\":\"Portada\",\"item\":\"https:\\\/\\\/gifex.com\\\/mapas\\\/\"},{\"@type\":\"ListItem\",\"position\":2,\"name\":\"Ciudad de Buenos Aires desde el espacio\"}]},{\"@type\":\"WebSite\",\"@id\":\"https:\\\/\\\/stesa.com\\\/mapas\\\/#website\",\"url\":\"https:\\\/\\\/stesa.com\\\/mapas\\\/\",\"name\":\"Galer\u00eda de mapas\",\"description\":\"\",\"potentialAction\":[{\"@type\":\"SearchAction\",\"target\":{\"@type\":\"EntryPoint\",\"urlTemplate\":\"https:\\\/\\\/stesa.com\\\/mapas\\\/?s={search_term_string}\"},\"query-input\":{\"@type\":\"PropertyValueSpecification\",\"valueRequired\":true,\"valueName\":\"search_term_string\"}}],\"inLanguage\":\"es\"}]}<\/script>\n<!-- \/ Yoast SEO plugin. -->","yoast_head_json":{"title":"Ciudad de Buenos Aires desde el espacio - Galer\u00eda de mapas","robots":{"index":"index","follow":"follow","max-snippet":"max-snippet:-1","max-image-preview":"max-image-preview:large","max-video-preview":"max-video-preview:-1"},"canonical":"https:\/\/stesa.com\/mapas\/doc\/ciudad-de-buenos-aires-desde-el-espacio\/","og_locale":"es_ES","og_type":"article","og_title":"Ciudad de Buenos Aires desde el espacio - Galer\u00eda de mapas","og_description":"En su tiempo libre, como muchos astronautas, disfrutaba contemplando la Tierra desde las ventanas de la C\u00fapula. Este collage muestra Buenos Aires, Argentina.","og_url":"https:\/\/stesa.com\/mapas\/doc\/ciudad-de-buenos-aires-desde-el-espacio\/","og_site_name":"Galer\u00eda de mapas","og_image":[{"width":1024,"height":796,"url":"https:\/\/stesa.com\/mapas\/wp-content\/uploads\/20647\/Mosaico-fotografico-de-la-ciudad-de-Buenos-Aires-desde-el-espacio-2017-1024x796.jpg","type":"image\/jpeg"}],"twitter_card":"summary_large_image","twitter_misc":{"Tiempo de lectura":"1 minuto"},"schema":{"@context":"https:\/\/schema.org","@graph":[{"@type":"WebPage","@id":"https:\/\/stesa.com\/mapas\/doc\/ciudad-de-buenos-aires-desde-el-espacio\/","url":"https:\/\/stesa.com\/mapas\/doc\/ciudad-de-buenos-aires-desde-el-espacio\/","name":"Ciudad de Buenos Aires desde el espacio - Galer\u00eda de mapas","isPartOf":{"@id":"https:\/\/stesa.com\/mapas\/#website"},"primaryImageOfPage":{"@id":"https:\/\/stesa.com\/mapas\/doc\/ciudad-de-buenos-aires-desde-el-espacio\/#primaryimage"},"image":{"@id":"https:\/\/stesa.com\/mapas\/doc\/ciudad-de-buenos-aires-desde-el-espacio\/#primaryimage"},"thumbnailUrl":"https:\/\/stesa.com\/mapas\/wp-content\/uploads\/20647\/Mosaico-fotografico-de-la-ciudad-de-Buenos-Aires-desde-el-espacio-2017.jpg","datePublished":"2026-04-26T18:11:20+00:00","breadcrumb":{"@id":"https:\/\/stesa.com\/mapas\/doc\/ciudad-de-buenos-aires-desde-el-espacio\/#breadcrumb"},"inLanguage":"es","potentialAction":[{"@type":"ReadAction","target":["https:\/\/stesa.com\/mapas\/doc\/ciudad-de-buenos-aires-desde-el-espacio\/"]}]},{"@type":"ImageObject","inLanguage":"es","@id":"https:\/\/stesa.com\/mapas\/doc\/ciudad-de-buenos-aires-desde-el-espacio\/#primaryimage","url":"https:\/\/stesa.com\/mapas\/wp-content\/uploads\/20647\/Mosaico-fotografico-de-la-ciudad-de-Buenos-Aires-desde-el-espacio-2017.jpg","contentUrl":"https:\/\/stesa.com\/mapas\/wp-content\/uploads\/20647\/Mosaico-fotografico-de-la-ciudad-de-Buenos-Aires-desde-el-espacio-2017.jpg","width":7238,"height":5626,"caption":"Mosaico fotogr\u00e1fico de la ciudad de Buenos Aires desde el espacio 2017."},{"@type":"BreadcrumbList","@id":"https:\/\/stesa.com\/mapas\/doc\/ciudad-de-buenos-aires-desde-el-espacio\/#breadcrumb","itemListElement":[{"@type":"ListItem","position":1,"name":"Portada","item":"https:\/\/gifex.com\/mapas\/"},{"@type":"ListItem","position":2,"name":"Ciudad de Buenos Aires desde el espacio"}]},{"@type":"WebSite","@id":"https:\/\/stesa.com\/mapas\/#website","url":"https:\/\/stesa.com\/mapas\/","name":"Galer\u00eda de mapas","description":"","potentialAction":[{"@type":"SearchAction","target":{"@type":"EntryPoint","urlTemplate":"https:\/\/stesa.com\/mapas\/?s={search_term_string}"},"query-input":{"@type":"PropertyValueSpecification","valueRequired":true,"valueName":"search_term_string"}}],"inLanguage":"es"}]}},"_links":{"self":[{"href":"https:\/\/stesa.com\/mapas\/wp-json\/wp\/v2\/ficha\/20647","targetHints":{"allow":["GET"]}}],"collection":[{"href":"https:\/\/stesa.com\/mapas\/wp-json\/wp\/v2\/ficha"}],"about":[{"href":"https:\/\/stesa.com\/mapas\/wp-json\/wp\/v2\/types\/ficha"}],"author":[{"embeddable":true,"href":"https:\/\/stesa.com\/mapas\/wp-json\/wp\/v2\/users\/1"}],"version-history":[{"count":1,"href":"https:\/\/stesa.com\/mapas\/wp-json\/wp\/v2\/ficha\/20647\/revisions"}],"predecessor-version":[{"id":20650,"href":"https:\/\/stesa.com\/mapas\/wp-json\/wp\/v2\/ficha\/20647\/revisions\/20650"}],"wp:featuredmedia":[{"embeddable":true,"href":"https:\/\/stesa.com\/mapas\/wp-json\/wp\/v2\/media\/20648"}],"wp:attachment":[{"href":"https:\/\/stesa.com\/mapas\/wp-json\/wp\/v2\/media?parent=20647"}],"wp:term":[{"taxonomy":"categoria_ficha","embeddable":true,"href":"https:\/\/stesa.com\/mapas\/wp-json\/wp\/v2\/categoria_ficha?post=20647"}],"curies":[{"name":"wp","href":"https:\/\/api.w.org\/{rel}","templated":true}]}}