{"id":20579,"date":"2026-04-25T20:47:08","date_gmt":"2026-04-25T20:47:08","guid":{"rendered":"https:\/\/stesa.com\/mapas\/?post_type=ficha&#038;p=20579"},"modified":"2026-04-26T20:53:19","modified_gmt":"2026-04-26T20:53:19","slug":"mapa-mudo-de-la-provincia-de-buenos-aires","status":"publish","type":"ficha","link":"https:\/\/stesa.com\/mapas\/doc\/mapa-mudo-de-la-provincia-de-buenos-aires\/","title":{"rendered":"Mapa mudo de la provincia de Buenos Aires"},"content":{"rendered":"<p style=\"text-align: center;\"><label style=\"font-size: 15px;\">Mapa mudo de la provincia de Buenos Aires, dise\u00f1ado para geolocalizaci\u00f3n.<\/label><\/p>\n<p>Estos mapas mudos de la provincia de Tierra del Fuego representan la cartograf\u00eda de la provincia, pero sin ning\u00fan tipo de etiquetado. Estos mapas en blanco se pueden utilizar, por ejemplo, en el \u00e1mbito de la educaci\u00f3n. Pueden servir como base para muchos mapas m\u00e1s elaborados.<\/p>\n<p>Estos modelos de mapas son m\u00e1s did\u00e1cticos y educativos para los ni\u00f1os, son el instrumento perfecto para aprender geograf\u00eda. Estos mapas sin nombre: requieren geolocalizar, partidos, ciudades, pueblos, r\u00edos, lagos, monta\u00f1as y otras caracter\u00edsticas geogr\u00e1ficas, etc.<\/p>\n<div style=\"clear: both; display: inline-block; width: 100%;\">\n<div class=\"row\">\n<div class=\"col-sm\">\n<figure id=\"attachment_20582\" aria-describedby=\"caption-attachment-20582\" style=\"width: 400px\" class=\"wp-caption alignleft\"><a href=\"https:\/\/stesa.com\/mapas\/wp-content\/uploads\/20579\/Mapa-politico-mudo-de-la-provincia-de-Buenos-Aires.jpg\" target=\"_blank\" rel=\"noopener\"><img loading=\"lazy\" decoding=\"async\" class=\"wp-image-20582\" title=\"Mapa pol\u00edtico mudo de la provincia de Buenos Aires.\" src=\"https:\/\/stesa.com\/mapas\/wp-content\/uploads\/20579\/Mapa-politico-mudo-de-la-provincia-de-Buenos-Aires-212x300.jpg\" alt=\"Mapa pol\u00edtico mudo de la provincia de Buenos Aires.\" width=\"400\" height=\"567\" srcset=\"https:\/\/stesa.com\/mapas\/wp-content\/uploads\/20579\/Mapa-politico-mudo-de-la-provincia-de-Buenos-Aires-212x300.jpg 212w, https:\/\/stesa.com\/mapas\/wp-content\/uploads\/20579\/Mapa-politico-mudo-de-la-provincia-de-Buenos-Aires-722x1024.jpg 722w, https:\/\/stesa.com\/mapas\/wp-content\/uploads\/20579\/Mapa-politico-mudo-de-la-provincia-de-Buenos-Aires-768x1089.jpg 768w, https:\/\/stesa.com\/mapas\/wp-content\/uploads\/20579\/Mapa-politico-mudo-de-la-provincia-de-Buenos-Aires-1084x1536.jpg 1084w, https:\/\/stesa.com\/mapas\/wp-content\/uploads\/20579\/Mapa-politico-mudo-de-la-provincia-de-Buenos-Aires-1445x2048.jpg 1445w, https:\/\/stesa.com\/mapas\/wp-content\/uploads\/20579\/Mapa-politico-mudo-de-la-provincia-de-Buenos-Aires-300x425.jpg 300w, https:\/\/stesa.com\/mapas\/wp-content\/uploads\/20579\/Mapa-politico-mudo-de-la-provincia-de-Buenos-Aires-1129x1600.jpg 1129w, https:\/\/stesa.com\/mapas\/wp-content\/uploads\/20579\/Mapa-politico-mudo-de-la-provincia-de-Buenos-Aires.jpg 1845w\" sizes=\"auto, (max-width: 400px) 100vw, 400px\" \/><\/a><figcaption id=\"caption-attachment-20582\" class=\"wp-caption-text\"><label style=\"font-size: 15px;\">Mapa pol\u00edtico mudo de la provincia de Buenos Aires.<\/label><\/figcaption><\/figure>\n<\/div>\n<div class=\"col-sm\">\n<figure id=\"attachment_20583\" aria-describedby=\"caption-attachment-20583\" style=\"width: 400px\" class=\"wp-caption alignright\"><a href=\"https:\/\/stesa.com\/mapas\/wp-content\/uploads\/20579\/Mapa-fisico-en-blanco-de-la-provincia-de-Buenos-Aires.png\" target=\"_blank\" rel=\"noopener\"><img loading=\"lazy\" decoding=\"async\" class=\"wp-image-20583\" title=\"Mapa f\u00edsico en blanco de la provincia de Buenos Aires.\" src=\"https:\/\/stesa.com\/mapas\/wp-content\/uploads\/20579\/Mapa-fisico-en-blanco-de-la-provincia-de-Buenos-Aires-226x300.png\" alt=\"Mapa f\u00edsico en blanco de la provincia de Buenos Aires.\" width=\"400\" height=\"532\" srcset=\"https:\/\/stesa.com\/mapas\/wp-content\/uploads\/20579\/Mapa-fisico-en-blanco-de-la-provincia-de-Buenos-Aires-226x300.png 226w, https:\/\/stesa.com\/mapas\/wp-content\/uploads\/20579\/Mapa-fisico-en-blanco-de-la-provincia-de-Buenos-Aires-770x1024.png 770w, https:\/\/stesa.com\/mapas\/wp-content\/uploads\/20579\/Mapa-fisico-en-blanco-de-la-provincia-de-Buenos-Aires-768x1022.png 768w, https:\/\/stesa.com\/mapas\/wp-content\/uploads\/20579\/Mapa-fisico-en-blanco-de-la-provincia-de-Buenos-Aires-1155x1536.png 1155w, https:\/\/stesa.com\/mapas\/wp-content\/uploads\/20579\/Mapa-fisico-en-blanco-de-la-provincia-de-Buenos-Aires-1540x2048.png 1540w, https:\/\/stesa.com\/mapas\/wp-content\/uploads\/20579\/Mapa-fisico-en-blanco-de-la-provincia-de-Buenos-Aires-300x399.png 300w, https:\/\/stesa.com\/mapas\/wp-content\/uploads\/20579\/Mapa-fisico-en-blanco-de-la-provincia-de-Buenos-Aires-1203x1600.png 1203w\" sizes=\"auto, (max-width: 400px) 100vw, 400px\" \/><\/a><figcaption id=\"caption-attachment-20583\" class=\"wp-caption-text\"><label style=\"font-size: 15px;\">Mapa f\u00edsico en blanco de la provincia de Buenos Aires.<\/label><\/figcaption><\/figure>\n<\/div>\n<div class=\"col-sm\">\n<figure id=\"attachment_20581\" aria-describedby=\"caption-attachment-20581\" style=\"width: 400px\" class=\"wp-caption aligncenter\"><a href=\"https:\/\/stesa.com\/mapas\/wp-content\/uploads\/20579\/Mapa-topografico-en-blanco-de-la-provincia-de-Buenos-Aires.jpg\" target=\"_blank\" rel=\"noopener\"><img loading=\"lazy\" decoding=\"async\" class=\"wp-image-20581\" title=\"Mapa topogr\u00e1fico en blanco de la provincia de Buenos Aires.\" src=\"https:\/\/stesa.com\/mapas\/wp-content\/uploads\/20579\/Mapa-topografico-en-blanco-de-la-provincia-de-Buenos-Aires-263x300.jpg\" alt=\"Mapa topogr\u00e1fico en blanco de la provincia de Buenos Aires.\" width=\"400\" height=\"456\" srcset=\"https:\/\/stesa.com\/mapas\/wp-content\/uploads\/20579\/Mapa-topografico-en-blanco-de-la-provincia-de-Buenos-Aires-263x300.jpg 263w, https:\/\/stesa.com\/mapas\/wp-content\/uploads\/20579\/Mapa-topografico-en-blanco-de-la-provincia-de-Buenos-Aires-898x1024.jpg 898w, https:\/\/stesa.com\/mapas\/wp-content\/uploads\/20579\/Mapa-topografico-en-blanco-de-la-provincia-de-Buenos-Aires-768x876.jpg 768w, https:\/\/stesa.com\/mapas\/wp-content\/uploads\/20579\/Mapa-topografico-en-blanco-de-la-provincia-de-Buenos-Aires-1347x1536.jpg 1347w, https:\/\/stesa.com\/mapas\/wp-content\/uploads\/20579\/Mapa-topografico-en-blanco-de-la-provincia-de-Buenos-Aires-1796x2048.jpg 1796w, https:\/\/stesa.com\/mapas\/wp-content\/uploads\/20579\/Mapa-topografico-en-blanco-de-la-provincia-de-Buenos-Aires-300x342.jpg 300w, https:\/\/stesa.com\/mapas\/wp-content\/uploads\/20579\/Mapa-topografico-en-blanco-de-la-provincia-de-Buenos-Aires-1403x1600.jpg 1403w, https:\/\/stesa.com\/mapas\/wp-content\/uploads\/20579\/Mapa-topografico-en-blanco-de-la-provincia-de-Buenos-Aires.jpg 2006w\" sizes=\"auto, (max-width: 400px) 100vw, 400px\" \/><\/a><figcaption id=\"caption-attachment-20581\" class=\"wp-caption-text\"><label style=\"font-size: 15px;\">Mapa topogr\u00e1fico en blanco de la provincia de Buenos Aires.<\/label><\/figcaption><\/figure>\n<\/div>\n<\/div>\n<\/div>\n","protected":false},"excerpt":{"rendered":"<p>Estos mapas mudos de la provincia de Tierra del Fuego representan la cartograf\u00eda de la provincia, pero sin ning\u00fan tipo de etiquetado. Estos mapas en blanco &#8230;<\/p>\n","protected":false},"author":1,"featured_media":20580,"template":"","categoria_ficha":[2182],"class_list":["post-20579","ficha","type-ficha","status-publish","has-post-thumbnail","hentry","categoria_ficha-mapas-de-la-provincia-de-buenos-aires"],"yoast_head":"<!-- This site is optimized with the Yoast SEO plugin v27.4 - https:\/\/yoast.com\/product\/yoast-seo-wordpress\/ -->\n<title>Mapa mudo de la provincia de Buenos Aires - Galer\u00eda de mapas<\/title>\n<meta name=\"robots\" content=\"index, follow, max-snippet:-1, max-image-preview:large, max-video-preview:-1\" \/>\n<link rel=\"canonical\" href=\"https:\/\/stesa.com\/mapas\/doc\/mapa-mudo-de-la-provincia-de-buenos-aires\/\" \/>\n<meta property=\"og:locale\" content=\"es_ES\" \/>\n<meta property=\"og:type\" content=\"article\" \/>\n<meta property=\"og:title\" content=\"Mapa mudo de la provincia de Buenos Aires - Galer\u00eda de mapas\" \/>\n<meta property=\"og:description\" content=\"Estos mapas mudos de la provincia de Tierra del Fuego representan la cartograf\u00eda de la provincia, pero sin ning\u00fan tipo de etiquetado. Estos mapas en blanco ...\" \/>\n<meta property=\"og:url\" content=\"https:\/\/stesa.com\/mapas\/doc\/mapa-mudo-de-la-provincia-de-buenos-aires\/\" \/>\n<meta property=\"og:site_name\" content=\"Galer\u00eda de mapas\" \/>\n<meta property=\"article:modified_time\" content=\"2026-04-26T20:53:19+00:00\" \/>\n<meta property=\"og:image\" content=\"https:\/\/stesa.com\/mapas\/wp-content\/uploads\/20579\/Mapa-mudo-de-la-provincia-de-Buenos-Aires.png\" \/>\n\t<meta property=\"og:image:width\" content=\"1920\" \/>\n\t<meta property=\"og:image:height\" content=\"2554\" \/>\n\t<meta property=\"og:image:type\" content=\"image\/png\" \/>\n<meta name=\"twitter:card\" content=\"summary_large_image\" \/>\n<meta name=\"twitter:label1\" content=\"Tiempo de lectura\" \/>\n\t<meta name=\"twitter:data1\" content=\"2 minutos\" \/>\n<script type=\"application\/ld+json\" class=\"yoast-schema-graph\">{\"@context\":\"https:\\\/\\\/schema.org\",\"@graph\":[{\"@type\":\"WebPage\",\"@id\":\"https:\\\/\\\/stesa.com\\\/mapas\\\/doc\\\/mapa-mudo-de-la-provincia-de-buenos-aires\\\/\",\"url\":\"https:\\\/\\\/stesa.com\\\/mapas\\\/doc\\\/mapa-mudo-de-la-provincia-de-buenos-aires\\\/\",\"name\":\"Mapa mudo de la provincia de Buenos Aires - Galer\u00eda de mapas\",\"isPartOf\":{\"@id\":\"https:\\\/\\\/stesa.com\\\/mapas\\\/#website\"},\"primaryImageOfPage\":{\"@id\":\"https:\\\/\\\/stesa.com\\\/mapas\\\/doc\\\/mapa-mudo-de-la-provincia-de-buenos-aires\\\/#primaryimage\"},\"image\":{\"@id\":\"https:\\\/\\\/stesa.com\\\/mapas\\\/doc\\\/mapa-mudo-de-la-provincia-de-buenos-aires\\\/#primaryimage\"},\"thumbnailUrl\":\"https:\\\/\\\/stesa.com\\\/mapas\\\/wp-content\\\/uploads\\\/20579\\\/Mapa-mudo-de-la-provincia-de-Buenos-Aires.png\",\"datePublished\":\"2026-04-25T20:47:08+00:00\",\"dateModified\":\"2026-04-26T20:53:19+00:00\",\"breadcrumb\":{\"@id\":\"https:\\\/\\\/stesa.com\\\/mapas\\\/doc\\\/mapa-mudo-de-la-provincia-de-buenos-aires\\\/#breadcrumb\"},\"inLanguage\":\"es\",\"potentialAction\":[{\"@type\":\"ReadAction\",\"target\":[\"https:\\\/\\\/stesa.com\\\/mapas\\\/doc\\\/mapa-mudo-de-la-provincia-de-buenos-aires\\\/\"]}]},{\"@type\":\"ImageObject\",\"inLanguage\":\"es\",\"@id\":\"https:\\\/\\\/stesa.com\\\/mapas\\\/doc\\\/mapa-mudo-de-la-provincia-de-buenos-aires\\\/#primaryimage\",\"url\":\"https:\\\/\\\/stesa.com\\\/mapas\\\/wp-content\\\/uploads\\\/20579\\\/Mapa-mudo-de-la-provincia-de-Buenos-Aires.png\",\"contentUrl\":\"https:\\\/\\\/stesa.com\\\/mapas\\\/wp-content\\\/uploads\\\/20579\\\/Mapa-mudo-de-la-provincia-de-Buenos-Aires.png\",\"width\":1920,\"height\":2554,\"caption\":\"Mapa mudo de la provincia de Buenos Aires.\"},{\"@type\":\"BreadcrumbList\",\"@id\":\"https:\\\/\\\/stesa.com\\\/mapas\\\/doc\\\/mapa-mudo-de-la-provincia-de-buenos-aires\\\/#breadcrumb\",\"itemListElement\":[{\"@type\":\"ListItem\",\"position\":1,\"name\":\"Portada\",\"item\":\"https:\\\/\\\/gifex.com\\\/mapas\\\/\"},{\"@type\":\"ListItem\",\"position\":2,\"name\":\"Mapa mudo de la provincia de Buenos Aires\"}]},{\"@type\":\"WebSite\",\"@id\":\"https:\\\/\\\/stesa.com\\\/mapas\\\/#website\",\"url\":\"https:\\\/\\\/stesa.com\\\/mapas\\\/\",\"name\":\"Galer\u00eda de mapas\",\"description\":\"\",\"potentialAction\":[{\"@type\":\"SearchAction\",\"target\":{\"@type\":\"EntryPoint\",\"urlTemplate\":\"https:\\\/\\\/stesa.com\\\/mapas\\\/?s={search_term_string}\"},\"query-input\":{\"@type\":\"PropertyValueSpecification\",\"valueRequired\":true,\"valueName\":\"search_term_string\"}}],\"inLanguage\":\"es\"}]}<\/script>\n<!-- \/ Yoast SEO plugin. -->","yoast_head_json":{"title":"Mapa mudo de la provincia de Buenos Aires - Galer\u00eda de mapas","robots":{"index":"index","follow":"follow","max-snippet":"max-snippet:-1","max-image-preview":"max-image-preview:large","max-video-preview":"max-video-preview:-1"},"canonical":"https:\/\/stesa.com\/mapas\/doc\/mapa-mudo-de-la-provincia-de-buenos-aires\/","og_locale":"es_ES","og_type":"article","og_title":"Mapa mudo de la provincia de Buenos Aires - Galer\u00eda de mapas","og_description":"Estos mapas mudos de la provincia de Tierra del Fuego representan la cartograf\u00eda de la provincia, pero sin ning\u00fan tipo de etiquetado. Estos mapas en blanco ...","og_url":"https:\/\/stesa.com\/mapas\/doc\/mapa-mudo-de-la-provincia-de-buenos-aires\/","og_site_name":"Galer\u00eda de mapas","article_modified_time":"2026-04-26T20:53:19+00:00","og_image":[{"width":1920,"height":2554,"url":"https:\/\/stesa.com\/mapas\/wp-content\/uploads\/20579\/Mapa-mudo-de-la-provincia-de-Buenos-Aires.png","type":"image\/png"}],"twitter_card":"summary_large_image","twitter_misc":{"Tiempo de lectura":"2 minutos"},"schema":{"@context":"https:\/\/schema.org","@graph":[{"@type":"WebPage","@id":"https:\/\/stesa.com\/mapas\/doc\/mapa-mudo-de-la-provincia-de-buenos-aires\/","url":"https:\/\/stesa.com\/mapas\/doc\/mapa-mudo-de-la-provincia-de-buenos-aires\/","name":"Mapa mudo de la provincia de Buenos Aires - Galer\u00eda de mapas","isPartOf":{"@id":"https:\/\/stesa.com\/mapas\/#website"},"primaryImageOfPage":{"@id":"https:\/\/stesa.com\/mapas\/doc\/mapa-mudo-de-la-provincia-de-buenos-aires\/#primaryimage"},"image":{"@id":"https:\/\/stesa.com\/mapas\/doc\/mapa-mudo-de-la-provincia-de-buenos-aires\/#primaryimage"},"thumbnailUrl":"https:\/\/stesa.com\/mapas\/wp-content\/uploads\/20579\/Mapa-mudo-de-la-provincia-de-Buenos-Aires.png","datePublished":"2026-04-25T20:47:08+00:00","dateModified":"2026-04-26T20:53:19+00:00","breadcrumb":{"@id":"https:\/\/stesa.com\/mapas\/doc\/mapa-mudo-de-la-provincia-de-buenos-aires\/#breadcrumb"},"inLanguage":"es","potentialAction":[{"@type":"ReadAction","target":["https:\/\/stesa.com\/mapas\/doc\/mapa-mudo-de-la-provincia-de-buenos-aires\/"]}]},{"@type":"ImageObject","inLanguage":"es","@id":"https:\/\/stesa.com\/mapas\/doc\/mapa-mudo-de-la-provincia-de-buenos-aires\/#primaryimage","url":"https:\/\/stesa.com\/mapas\/wp-content\/uploads\/20579\/Mapa-mudo-de-la-provincia-de-Buenos-Aires.png","contentUrl":"https:\/\/stesa.com\/mapas\/wp-content\/uploads\/20579\/Mapa-mudo-de-la-provincia-de-Buenos-Aires.png","width":1920,"height":2554,"caption":"Mapa mudo de la provincia de Buenos Aires."},{"@type":"BreadcrumbList","@id":"https:\/\/stesa.com\/mapas\/doc\/mapa-mudo-de-la-provincia-de-buenos-aires\/#breadcrumb","itemListElement":[{"@type":"ListItem","position":1,"name":"Portada","item":"https:\/\/gifex.com\/mapas\/"},{"@type":"ListItem","position":2,"name":"Mapa mudo de la provincia de Buenos Aires"}]},{"@type":"WebSite","@id":"https:\/\/stesa.com\/mapas\/#website","url":"https:\/\/stesa.com\/mapas\/","name":"Galer\u00eda de mapas","description":"","potentialAction":[{"@type":"SearchAction","target":{"@type":"EntryPoint","urlTemplate":"https:\/\/stesa.com\/mapas\/?s={search_term_string}"},"query-input":{"@type":"PropertyValueSpecification","valueRequired":true,"valueName":"search_term_string"}}],"inLanguage":"es"}]}},"_links":{"self":[{"href":"https:\/\/stesa.com\/mapas\/wp-json\/wp\/v2\/ficha\/20579","targetHints":{"allow":["GET"]}}],"collection":[{"href":"https:\/\/stesa.com\/mapas\/wp-json\/wp\/v2\/ficha"}],"about":[{"href":"https:\/\/stesa.com\/mapas\/wp-json\/wp\/v2\/types\/ficha"}],"author":[{"embeddable":true,"href":"https:\/\/stesa.com\/mapas\/wp-json\/wp\/v2\/users\/1"}],"version-history":[{"count":3,"href":"https:\/\/stesa.com\/mapas\/wp-json\/wp\/v2\/ficha\/20579\/revisions"}],"predecessor-version":[{"id":20669,"href":"https:\/\/stesa.com\/mapas\/wp-json\/wp\/v2\/ficha\/20579\/revisions\/20669"}],"wp:featuredmedia":[{"embeddable":true,"href":"https:\/\/stesa.com\/mapas\/wp-json\/wp\/v2\/media\/20580"}],"wp:attachment":[{"href":"https:\/\/stesa.com\/mapas\/wp-json\/wp\/v2\/media?parent=20579"}],"wp:term":[{"taxonomy":"categoria_ficha","embeddable":true,"href":"https:\/\/stesa.com\/mapas\/wp-json\/wp\/v2\/categoria_ficha?post=20579"}],"curies":[{"name":"wp","href":"https:\/\/api.w.org\/{rel}","templated":true}]}}