{"id":20470,"date":"2026-04-25T00:34:55","date_gmt":"2026-04-25T00:34:55","guid":{"rendered":"https:\/\/stesa.com\/mapas\/?post_type=ficha&#038;p=20470"},"modified":"2026-04-25T00:34:55","modified_gmt":"2026-04-25T00:34:55","slug":"mapa-politico-de-la-provincia-del-neuquen","status":"publish","type":"ficha","link":"https:\/\/stesa.com\/mapas\/doc\/mapa-politico-de-la-provincia-del-neuquen\/","title":{"rendered":"Mapa pol\u00edtico de la provincia del Neuqu\u00e9n"},"content":{"rendered":"<p style=\"text-align: center;\"><label style=\"font-size: 15px;\">Mapa pol\u00edtico de la provincia del Neuqu\u00e9n <a href=\"https:\/\/stesa.com\/mapas\/wp-content\/uploads\/20470\/Mapa-politico-de-la-provincia-del-Neuquen.pdf\" target=\"_blank\" rel=\"noopener\">(formato PDF)<\/a>.<\/label><\/p>\n<p><strong>Divisi\u00f3n pol\u00edtico-administrativa de la provincia del Neuqu\u00e9n<\/strong><\/p>\n<p>La Provincia del Neuqu\u00e9n se divide pol\u00edticamente en 16 departamentos, que constituyen sus principales unidades administrativas. Dentro de ellos se organizan municipios, comisiones de fomento y otras jurisdicciones locales. Su capital y ciudad m\u00e1s poblada es la hom\u00f3nima ciudad de Neuqu\u00e9n.<\/p>\n<figure id=\"attachment_20473\" aria-describedby=\"caption-attachment-20473\" style=\"width: 360px\" class=\"wp-caption alignright\"><a href=\"https:\/\/stesa.com\/mapas\/wp-content\/uploads\/20470\/Division-politico-administrativa-de-la-provincia-del-Neuquen.jpg\" target=\"_blank\" rel=\"noopener\"><img loading=\"lazy\" decoding=\"async\" class=\"wp-image-20473\" title=\"Divisi\u00f3n pol\u00edtico-administrativa de la provincia del Neuqu\u00e9n.\" src=\"https:\/\/stesa.com\/mapas\/wp-content\/uploads\/20470\/Division-politico-administrativa-de-la-provincia-del-Neuquen-213x300.jpg\" alt=\"Divisi\u00f3n pol\u00edtico-administrativa de la provincia del Neuqu\u00e9n.\" width=\"360\" height=\"508\" srcset=\"https:\/\/stesa.com\/mapas\/wp-content\/uploads\/20470\/Division-politico-administrativa-de-la-provincia-del-Neuquen-213x300.jpg 213w, https:\/\/stesa.com\/mapas\/wp-content\/uploads\/20470\/Division-politico-administrativa-de-la-provincia-del-Neuquen-726x1024.jpg 726w, https:\/\/stesa.com\/mapas\/wp-content\/uploads\/20470\/Division-politico-administrativa-de-la-provincia-del-Neuquen-768x1083.jpg 768w, https:\/\/stesa.com\/mapas\/wp-content\/uploads\/20470\/Division-politico-administrativa-de-la-provincia-del-Neuquen-1089x1536.jpg 1089w, https:\/\/stesa.com\/mapas\/wp-content\/uploads\/20470\/Division-politico-administrativa-de-la-provincia-del-Neuquen-300x423.jpg 300w, https:\/\/stesa.com\/mapas\/wp-content\/uploads\/20470\/Division-politico-administrativa-de-la-provincia-del-Neuquen-1135x1600.jpg 1135w, https:\/\/stesa.com\/mapas\/wp-content\/uploads\/20470\/Division-politico-administrativa-de-la-provincia-del-Neuquen.jpg 1248w\" sizes=\"auto, (max-width: 360px) 100vw, 360px\" \/><\/a><figcaption id=\"caption-attachment-20473\" class=\"wp-caption-text\"><label style=\"font-size: 15px;\">Divisi\u00f3n pol\u00edtico-administrativa de la provincia del Neuqu\u00e9n <a href=\"https:\/\/stesa.com\/mapas\/wp-content\/uploads\/20470\/Division-politico-administrativa-de-la-provincia-del-Neuquen.pdf\" target=\"_blank\" rel=\"noopener\">(formato PDF)<\/a>.<\/label><\/figcaption><\/figure>\n<p><strong>Departamentos del Neuqu\u00e9n<\/strong><\/p>\n<ol>\n<li>Alumin\u00e9<\/li>\n<li>A\u00f1elo<\/li>\n<li>Cat\u00e1n Lil<\/li>\n<li>Chos Malal<\/li>\n<li>Coll\u00f3n Cur\u00e1<\/li>\n<li>Confluencia<\/li>\n<li>Huiliches<\/li>\n<li>L\u00e1car<\/li>\n<li>Loncopu\u00e9<\/li>\n<li>Los Lagos<\/li>\n<li>Minas<\/li>\n<li>\u00d1orqu\u00edn<\/li>\n<li>Pehuenches<\/li>\n<li>Pic\u00fan Leuf\u00fa<\/li>\n<li>Picunches<\/li>\n<li>Zapala<\/li>\n<\/ol>\n<p><strong>Organizaci\u00f3n local<\/strong><\/p>\n<p>Los municipios administran servicios p\u00fablicos y desarrollo urbano, mientras que las comisiones de fomento atienden localidades peque\u00f1as o rurales.<\/p>\n<p>El gobierno provincial coordina la administraci\u00f3n general desde la capital.<\/p>\n","protected":false},"excerpt":{"rendered":"<p>La Provincia del Neuqu\u00e9n se divide pol\u00edticamente en 16 departamentos, que constituyen sus principales unidades administrativas. Dentro de ellos se organizan &#8230;<\/p>\n","protected":false},"author":1,"featured_media":20471,"template":"","categoria_ficha":[2195],"class_list":["post-20470","ficha","type-ficha","status-publish","has-post-thumbnail","hentry","categoria_ficha-mapas-de-la-provincia-del-neuquen"],"yoast_head":"<!-- This site is optimized with the Yoast SEO plugin v27.4 - https:\/\/yoast.com\/product\/yoast-seo-wordpress\/ -->\n<title>Mapa pol\u00edtico de la provincia del Neuqu\u00e9n - Galer\u00eda de mapas<\/title>\n<meta name=\"robots\" content=\"index, follow, max-snippet:-1, max-image-preview:large, max-video-preview:-1\" \/>\n<link rel=\"canonical\" href=\"https:\/\/stesa.com\/mapas\/doc\/mapa-politico-de-la-provincia-del-neuquen\/\" \/>\n<meta property=\"og:locale\" content=\"es_ES\" \/>\n<meta property=\"og:type\" content=\"article\" \/>\n<meta property=\"og:title\" content=\"Mapa pol\u00edtico de la provincia del Neuqu\u00e9n - Galer\u00eda de mapas\" \/>\n<meta property=\"og:description\" content=\"La Provincia del Neuqu\u00e9n se divide pol\u00edticamente en 16 departamentos, que constituyen sus principales unidades administrativas. Dentro de ellos se organizan ...\" \/>\n<meta property=\"og:url\" content=\"https:\/\/stesa.com\/mapas\/doc\/mapa-politico-de-la-provincia-del-neuquen\/\" \/>\n<meta property=\"og:site_name\" content=\"Galer\u00eda de mapas\" \/>\n<meta property=\"og:image\" content=\"https:\/\/stesa.com\/mapas\/wp-content\/uploads\/20470\/Mapa-politico-de-la-provincia-del-Neuquen.jpg\" \/>\n\t<meta property=\"og:image:width\" content=\"2417\" \/>\n\t<meta property=\"og:image:height\" content=\"3473\" \/>\n\t<meta property=\"og:image:type\" content=\"image\/jpeg\" \/>\n<meta name=\"twitter:card\" content=\"summary_large_image\" \/>\n<meta name=\"twitter:label1\" content=\"Tiempo de lectura\" \/>\n\t<meta name=\"twitter:data1\" content=\"1 minuto\" \/>\n<script type=\"application\/ld+json\" class=\"yoast-schema-graph\">{\"@context\":\"https:\\\/\\\/schema.org\",\"@graph\":[{\"@type\":\"WebPage\",\"@id\":\"https:\\\/\\\/stesa.com\\\/mapas\\\/doc\\\/mapa-politico-de-la-provincia-del-neuquen\\\/\",\"url\":\"https:\\\/\\\/stesa.com\\\/mapas\\\/doc\\\/mapa-politico-de-la-provincia-del-neuquen\\\/\",\"name\":\"Mapa pol\u00edtico de la provincia del Neuqu\u00e9n - Galer\u00eda de mapas\",\"isPartOf\":{\"@id\":\"https:\\\/\\\/stesa.com\\\/mapas\\\/#website\"},\"primaryImageOfPage\":{\"@id\":\"https:\\\/\\\/stesa.com\\\/mapas\\\/doc\\\/mapa-politico-de-la-provincia-del-neuquen\\\/#primaryimage\"},\"image\":{\"@id\":\"https:\\\/\\\/stesa.com\\\/mapas\\\/doc\\\/mapa-politico-de-la-provincia-del-neuquen\\\/#primaryimage\"},\"thumbnailUrl\":\"https:\\\/\\\/stesa.com\\\/mapas\\\/wp-content\\\/uploads\\\/20470\\\/Mapa-politico-de-la-provincia-del-Neuquen.jpg\",\"datePublished\":\"2026-04-25T00:34:55+00:00\",\"breadcrumb\":{\"@id\":\"https:\\\/\\\/stesa.com\\\/mapas\\\/doc\\\/mapa-politico-de-la-provincia-del-neuquen\\\/#breadcrumb\"},\"inLanguage\":\"es\",\"potentialAction\":[{\"@type\":\"ReadAction\",\"target\":[\"https:\\\/\\\/stesa.com\\\/mapas\\\/doc\\\/mapa-politico-de-la-provincia-del-neuquen\\\/\"]}]},{\"@type\":\"ImageObject\",\"inLanguage\":\"es\",\"@id\":\"https:\\\/\\\/stesa.com\\\/mapas\\\/doc\\\/mapa-politico-de-la-provincia-del-neuquen\\\/#primaryimage\",\"url\":\"https:\\\/\\\/stesa.com\\\/mapas\\\/wp-content\\\/uploads\\\/20470\\\/Mapa-politico-de-la-provincia-del-Neuquen.jpg\",\"contentUrl\":\"https:\\\/\\\/stesa.com\\\/mapas\\\/wp-content\\\/uploads\\\/20470\\\/Mapa-politico-de-la-provincia-del-Neuquen.jpg\",\"width\":2417,\"height\":3473,\"caption\":\"Mapa pol\u00edtico de la provincia del Neuqu\u00e9n.\"},{\"@type\":\"BreadcrumbList\",\"@id\":\"https:\\\/\\\/stesa.com\\\/mapas\\\/doc\\\/mapa-politico-de-la-provincia-del-neuquen\\\/#breadcrumb\",\"itemListElement\":[{\"@type\":\"ListItem\",\"position\":1,\"name\":\"Portada\",\"item\":\"https:\\\/\\\/gifex.com\\\/mapas\\\/\"},{\"@type\":\"ListItem\",\"position\":2,\"name\":\"Mapa pol\u00edtico de la provincia del Neuqu\u00e9n\"}]},{\"@type\":\"WebSite\",\"@id\":\"https:\\\/\\\/stesa.com\\\/mapas\\\/#website\",\"url\":\"https:\\\/\\\/stesa.com\\\/mapas\\\/\",\"name\":\"Galer\u00eda de mapas\",\"description\":\"\",\"potentialAction\":[{\"@type\":\"SearchAction\",\"target\":{\"@type\":\"EntryPoint\",\"urlTemplate\":\"https:\\\/\\\/stesa.com\\\/mapas\\\/?s={search_term_string}\"},\"query-input\":{\"@type\":\"PropertyValueSpecification\",\"valueRequired\":true,\"valueName\":\"search_term_string\"}}],\"inLanguage\":\"es\"}]}<\/script>\n<!-- \/ Yoast SEO plugin. -->","yoast_head_json":{"title":"Mapa pol\u00edtico de la provincia del Neuqu\u00e9n - Galer\u00eda de mapas","robots":{"index":"index","follow":"follow","max-snippet":"max-snippet:-1","max-image-preview":"max-image-preview:large","max-video-preview":"max-video-preview:-1"},"canonical":"https:\/\/stesa.com\/mapas\/doc\/mapa-politico-de-la-provincia-del-neuquen\/","og_locale":"es_ES","og_type":"article","og_title":"Mapa pol\u00edtico de la provincia del Neuqu\u00e9n - Galer\u00eda de mapas","og_description":"La Provincia del Neuqu\u00e9n se divide pol\u00edticamente en 16 departamentos, que constituyen sus principales unidades administrativas. Dentro de ellos se organizan ...","og_url":"https:\/\/stesa.com\/mapas\/doc\/mapa-politico-de-la-provincia-del-neuquen\/","og_site_name":"Galer\u00eda de mapas","og_image":[{"width":2417,"height":3473,"url":"https:\/\/stesa.com\/mapas\/wp-content\/uploads\/20470\/Mapa-politico-de-la-provincia-del-Neuquen.jpg","type":"image\/jpeg"}],"twitter_card":"summary_large_image","twitter_misc":{"Tiempo de lectura":"1 minuto"},"schema":{"@context":"https:\/\/schema.org","@graph":[{"@type":"WebPage","@id":"https:\/\/stesa.com\/mapas\/doc\/mapa-politico-de-la-provincia-del-neuquen\/","url":"https:\/\/stesa.com\/mapas\/doc\/mapa-politico-de-la-provincia-del-neuquen\/","name":"Mapa pol\u00edtico de la provincia del Neuqu\u00e9n - Galer\u00eda de mapas","isPartOf":{"@id":"https:\/\/stesa.com\/mapas\/#website"},"primaryImageOfPage":{"@id":"https:\/\/stesa.com\/mapas\/doc\/mapa-politico-de-la-provincia-del-neuquen\/#primaryimage"},"image":{"@id":"https:\/\/stesa.com\/mapas\/doc\/mapa-politico-de-la-provincia-del-neuquen\/#primaryimage"},"thumbnailUrl":"https:\/\/stesa.com\/mapas\/wp-content\/uploads\/20470\/Mapa-politico-de-la-provincia-del-Neuquen.jpg","datePublished":"2026-04-25T00:34:55+00:00","breadcrumb":{"@id":"https:\/\/stesa.com\/mapas\/doc\/mapa-politico-de-la-provincia-del-neuquen\/#breadcrumb"},"inLanguage":"es","potentialAction":[{"@type":"ReadAction","target":["https:\/\/stesa.com\/mapas\/doc\/mapa-politico-de-la-provincia-del-neuquen\/"]}]},{"@type":"ImageObject","inLanguage":"es","@id":"https:\/\/stesa.com\/mapas\/doc\/mapa-politico-de-la-provincia-del-neuquen\/#primaryimage","url":"https:\/\/stesa.com\/mapas\/wp-content\/uploads\/20470\/Mapa-politico-de-la-provincia-del-Neuquen.jpg","contentUrl":"https:\/\/stesa.com\/mapas\/wp-content\/uploads\/20470\/Mapa-politico-de-la-provincia-del-Neuquen.jpg","width":2417,"height":3473,"caption":"Mapa pol\u00edtico de la provincia del Neuqu\u00e9n."},{"@type":"BreadcrumbList","@id":"https:\/\/stesa.com\/mapas\/doc\/mapa-politico-de-la-provincia-del-neuquen\/#breadcrumb","itemListElement":[{"@type":"ListItem","position":1,"name":"Portada","item":"https:\/\/gifex.com\/mapas\/"},{"@type":"ListItem","position":2,"name":"Mapa pol\u00edtico de la provincia del Neuqu\u00e9n"}]},{"@type":"WebSite","@id":"https:\/\/stesa.com\/mapas\/#website","url":"https:\/\/stesa.com\/mapas\/","name":"Galer\u00eda de mapas","description":"","potentialAction":[{"@type":"SearchAction","target":{"@type":"EntryPoint","urlTemplate":"https:\/\/stesa.com\/mapas\/?s={search_term_string}"},"query-input":{"@type":"PropertyValueSpecification","valueRequired":true,"valueName":"search_term_string"}}],"inLanguage":"es"}]}},"_links":{"self":[{"href":"https:\/\/stesa.com\/mapas\/wp-json\/wp\/v2\/ficha\/20470","targetHints":{"allow":["GET"]}}],"collection":[{"href":"https:\/\/stesa.com\/mapas\/wp-json\/wp\/v2\/ficha"}],"about":[{"href":"https:\/\/stesa.com\/mapas\/wp-json\/wp\/v2\/types\/ficha"}],"author":[{"embeddable":true,"href":"https:\/\/stesa.com\/mapas\/wp-json\/wp\/v2\/users\/1"}],"version-history":[{"count":1,"href":"https:\/\/stesa.com\/mapas\/wp-json\/wp\/v2\/ficha\/20470\/revisions"}],"predecessor-version":[{"id":20475,"href":"https:\/\/stesa.com\/mapas\/wp-json\/wp\/v2\/ficha\/20470\/revisions\/20475"}],"wp:featuredmedia":[{"embeddable":true,"href":"https:\/\/stesa.com\/mapas\/wp-json\/wp\/v2\/media\/20471"}],"wp:attachment":[{"href":"https:\/\/stesa.com\/mapas\/wp-json\/wp\/v2\/media?parent=20470"}],"wp:term":[{"taxonomy":"categoria_ficha","embeddable":true,"href":"https:\/\/stesa.com\/mapas\/wp-json\/wp\/v2\/categoria_ficha?post=20470"}],"curies":[{"name":"wp","href":"https:\/\/api.w.org\/{rel}","templated":true}]}}