{"id":20464,"date":"2026-04-25T00:24:55","date_gmt":"2026-04-25T00:24:55","guid":{"rendered":"https:\/\/stesa.com\/mapas\/?post_type=ficha&#038;p=20464"},"modified":"2026-04-26T20:56:01","modified_gmt":"2026-04-26T20:56:01","slug":"mapa-mudo-de-la-provincia-del-neuquen","status":"publish","type":"ficha","link":"https:\/\/stesa.com\/mapas\/doc\/mapa-mudo-de-la-provincia-del-neuquen\/","title":{"rendered":"Mapa mudo de la provincia del Neuqu\u00e9n"},"content":{"rendered":"<p style=\"text-align: center;\"><label style=\"font-size: 15px;\">Mapa mudo de la provincia del Neuqu\u00e9n, dise\u00f1ado para geolocalizaci\u00f3n.<\/label><\/p>\n<p>Estos mapas mudos de la provincia del Neuqu\u00e9n representan la cartograf\u00eda de la provincia, pero sin ning\u00fan tipo de etiquetado. Estos mapas en blanco se pueden utilizar, por ejemplo, en el \u00e1mbito de la educaci\u00f3n. Pueden servir como base para muchos mapas m\u00e1s elaborados.<\/p>\n<p>Estos modelos de mapas son m\u00e1s did\u00e1cticos y educativos para los ni\u00f1os, son el instrumento perfecto para aprender geograf\u00eda. Estos mapas sin nombre: requieren geolocalizar, departamentos, municipios, ciudades, pueblos, r\u00edos, lagos, monta\u00f1as y otras caracter\u00edsticas geogr\u00e1ficas, etc.<\/p>\n<div style=\"clear: both; display: inline-block; width: 100%;\">\n<div class=\"row\">\n<div class=\"col-sm\">\n<figure id=\"attachment_20467\" aria-describedby=\"caption-attachment-20467\" style=\"width: 400px\" class=\"wp-caption alignleft\"><a href=\"https:\/\/stesa.com\/mapas\/wp-content\/uploads\/20464\/Mapa-topografico-en-blanco-de-la-provincia-del-Neuquen.jpg\" target=\"_blank\" rel=\"noopener\"><img loading=\"lazy\" decoding=\"async\" class=\"wp-image-20467\" title=\"Mapa topogr\u00e1fico en blanco de la provincia del Neuqu\u00e9n.\" src=\"https:\/\/stesa.com\/mapas\/wp-content\/uploads\/20464\/Mapa-topografico-en-blanco-de-la-provincia-del-Neuquen-213x300.jpg\" alt=\"Mapa topogr\u00e1fico en blanco de la provincia del Neuqu\u00e9n.\" width=\"400\" height=\"563\" srcset=\"https:\/\/stesa.com\/mapas\/wp-content\/uploads\/20464\/Mapa-topografico-en-blanco-de-la-provincia-del-Neuquen-213x300.jpg 213w, https:\/\/stesa.com\/mapas\/wp-content\/uploads\/20464\/Mapa-topografico-en-blanco-de-la-provincia-del-Neuquen-727x1024.jpg 727w, https:\/\/stesa.com\/mapas\/wp-content\/uploads\/20464\/Mapa-topografico-en-blanco-de-la-provincia-del-Neuquen-768x1082.jpg 768w, https:\/\/stesa.com\/mapas\/wp-content\/uploads\/20464\/Mapa-topografico-en-blanco-de-la-provincia-del-Neuquen-1090x1536.jpg 1090w, https:\/\/stesa.com\/mapas\/wp-content\/uploads\/20464\/Mapa-topografico-en-blanco-de-la-provincia-del-Neuquen-1454x2048.jpg 1454w, https:\/\/stesa.com\/mapas\/wp-content\/uploads\/20464\/Mapa-topografico-en-blanco-de-la-provincia-del-Neuquen-300x423.jpg 300w, https:\/\/stesa.com\/mapas\/wp-content\/uploads\/20464\/Mapa-topografico-en-blanco-de-la-provincia-del-Neuquen-1136x1600.jpg 1136w, https:\/\/stesa.com\/mapas\/wp-content\/uploads\/20464\/Mapa-topografico-en-blanco-de-la-provincia-del-Neuquen.jpg 1823w\" sizes=\"auto, (max-width: 400px) 100vw, 400px\" \/><\/a><figcaption id=\"caption-attachment-20467\" class=\"wp-caption-text\"><label style=\"font-size: 15px;\">Mapa topogr\u00e1fico en blanco de la provincia del Neuqu\u00e9n.<\/label><\/figcaption><\/figure>\n<\/div>\n<div class=\"col-sm\">\n<figure id=\"attachment_20466\" aria-describedby=\"caption-attachment-20466\" style=\"width: 400px\" class=\"wp-caption alignright\"><a href=\"https:\/\/stesa.com\/mapas\/wp-content\/uploads\/20464\/Mapa-politico-mudo-de-la-provincia-del-Neuquen.jpg\" target=\"_blank\" rel=\"noopener\"><img loading=\"lazy\" decoding=\"async\" class=\"wp-image-20466\" title=\"Mapa pol\u00edtico mudo de la provincia del Neuqu\u00e9n.\" src=\"https:\/\/stesa.com\/mapas\/wp-content\/uploads\/20464\/Mapa-politico-mudo-de-la-provincia-del-Neuquen-213x300.jpg\" alt=\"Mapa pol\u00edtico mudo de la provincia del Neuqu\u00e9n.\" width=\"400\" height=\"562\" srcset=\"https:\/\/stesa.com\/mapas\/wp-content\/uploads\/20464\/Mapa-politico-mudo-de-la-provincia-del-Neuquen-213x300.jpg 213w, https:\/\/stesa.com\/mapas\/wp-content\/uploads\/20464\/Mapa-politico-mudo-de-la-provincia-del-Neuquen-729x1024.jpg 729w, https:\/\/stesa.com\/mapas\/wp-content\/uploads\/20464\/Mapa-politico-mudo-de-la-provincia-del-Neuquen-768x1079.jpg 768w, https:\/\/stesa.com\/mapas\/wp-content\/uploads\/20464\/Mapa-politico-mudo-de-la-provincia-del-Neuquen-1093x1536.jpg 1093w, https:\/\/stesa.com\/mapas\/wp-content\/uploads\/20464\/Mapa-politico-mudo-de-la-provincia-del-Neuquen-1457x2048.jpg 1457w, https:\/\/stesa.com\/mapas\/wp-content\/uploads\/20464\/Mapa-politico-mudo-de-la-provincia-del-Neuquen-300x422.jpg 300w, https:\/\/stesa.com\/mapas\/wp-content\/uploads\/20464\/Mapa-politico-mudo-de-la-provincia-del-Neuquen-1138x1600.jpg 1138w, https:\/\/stesa.com\/mapas\/wp-content\/uploads\/20464\/Mapa-politico-mudo-de-la-provincia-del-Neuquen.jpg 1825w\" sizes=\"auto, (max-width: 400px) 100vw, 400px\" \/><\/a><figcaption id=\"caption-attachment-20466\" class=\"wp-caption-text\"><label style=\"font-size: 15px;\">Mapa pol\u00edtico mudo de la provincia del Neuqu\u00e9n.<\/label><\/figcaption><\/figure>\n<\/div>\n<div class=\"col-sm\">\n<figure id=\"attachment_20468\" aria-describedby=\"caption-attachment-20468\" style=\"width: 400px\" class=\"wp-caption aligncenter\"><a href=\"https:\/\/stesa.com\/mapas\/wp-content\/uploads\/20464\/Mapa-fisico-en-blanco-de-la-provincia-del-Neuquen.png\" target=\"_blank\" rel=\"noopener\"><img loading=\"lazy\" decoding=\"async\" class=\"wp-image-20468\" title=\"Mapa f\u00edsico en blanco de la provincia del Neuqu\u00e9n.\" src=\"https:\/\/stesa.com\/mapas\/wp-content\/uploads\/20464\/Mapa-fisico-en-blanco-de-la-provincia-del-Neuquen-187x300.png\" alt=\"Mapa f\u00edsico en blanco de la provincia del Neuqu\u00e9n.\" width=\"400\" height=\"643\" srcset=\"https:\/\/stesa.com\/mapas\/wp-content\/uploads\/20464\/Mapa-fisico-en-blanco-de-la-provincia-del-Neuquen-187x300.png 187w, https:\/\/stesa.com\/mapas\/wp-content\/uploads\/20464\/Mapa-fisico-en-blanco-de-la-provincia-del-Neuquen-637x1024.png 637w, https:\/\/stesa.com\/mapas\/wp-content\/uploads\/20464\/Mapa-fisico-en-blanco-de-la-provincia-del-Neuquen-768x1234.png 768w, https:\/\/stesa.com\/mapas\/wp-content\/uploads\/20464\/Mapa-fisico-en-blanco-de-la-provincia-del-Neuquen-956x1536.png 956w, https:\/\/stesa.com\/mapas\/wp-content\/uploads\/20464\/Mapa-fisico-en-blanco-de-la-provincia-del-Neuquen-1274x2048.png 1274w, https:\/\/stesa.com\/mapas\/wp-content\/uploads\/20464\/Mapa-fisico-en-blanco-de-la-provincia-del-Neuquen-300x482.png 300w, https:\/\/stesa.com\/mapas\/wp-content\/uploads\/20464\/Mapa-fisico-en-blanco-de-la-provincia-del-Neuquen-996x1600.png 996w, https:\/\/stesa.com\/mapas\/wp-content\/uploads\/20464\/Mapa-fisico-en-blanco-de-la-provincia-del-Neuquen.png 1529w\" sizes=\"auto, (max-width: 400px) 100vw, 400px\" \/><\/a><figcaption id=\"caption-attachment-20468\" class=\"wp-caption-text\"><label style=\"font-size: 15px;\">Mapa f\u00edsico en blanco de la provincia del Neuqu\u00e9n.<\/label><\/figcaption><\/figure>\n<\/div>\n<\/div>\n<\/div>\n","protected":false},"excerpt":{"rendered":"<p>Estos mapas mudos de la provincia del Neuqu\u00e9n representan la cartograf\u00eda de la provincia, pero sin ning\u00fan tipo de etiquetado. Estos mapas en blanco se pueden <\/p>\n","protected":false},"author":1,"featured_media":20465,"template":"","categoria_ficha":[2195],"class_list":["post-20464","ficha","type-ficha","status-publish","has-post-thumbnail","hentry","categoria_ficha-mapas-de-la-provincia-del-neuquen"],"yoast_head":"<!-- This site is optimized with the Yoast SEO plugin v27.4 - https:\/\/yoast.com\/product\/yoast-seo-wordpress\/ -->\n<title>Mapa mudo de la provincia del Neuqu\u00e9n - Galer\u00eda de mapas<\/title>\n<meta name=\"robots\" content=\"index, follow, max-snippet:-1, max-image-preview:large, max-video-preview:-1\" \/>\n<link rel=\"canonical\" href=\"https:\/\/stesa.com\/mapas\/doc\/mapa-mudo-de-la-provincia-del-neuquen\/\" \/>\n<meta property=\"og:locale\" content=\"es_ES\" \/>\n<meta property=\"og:type\" content=\"article\" \/>\n<meta property=\"og:title\" content=\"Mapa mudo de la provincia del Neuqu\u00e9n - Galer\u00eda de mapas\" \/>\n<meta property=\"og:description\" content=\"Estos mapas mudos de la provincia del Neuqu\u00e9n representan la cartograf\u00eda de la provincia, pero sin ning\u00fan tipo de etiquetado. Estos mapas en blanco se pueden\" \/>\n<meta property=\"og:url\" content=\"https:\/\/stesa.com\/mapas\/doc\/mapa-mudo-de-la-provincia-del-neuquen\/\" \/>\n<meta property=\"og:site_name\" content=\"Galer\u00eda de mapas\" \/>\n<meta property=\"article:modified_time\" content=\"2026-04-26T20:56:01+00:00\" \/>\n<meta property=\"og:image\" content=\"https:\/\/stesa.com\/mapas\/wp-content\/uploads\/20464\/Mapa-mudo-de-la-provincia-del-Neuquen.png\" \/>\n\t<meta property=\"og:image:width\" content=\"1280\" \/>\n\t<meta property=\"og:image:height\" content=\"2057\" \/>\n\t<meta property=\"og:image:type\" content=\"image\/png\" \/>\n<meta name=\"twitter:card\" content=\"summary_large_image\" \/>\n<meta name=\"twitter:label1\" content=\"Tiempo de lectura\" \/>\n\t<meta name=\"twitter:data1\" content=\"2 minutos\" \/>\n<script type=\"application\/ld+json\" class=\"yoast-schema-graph\">{\"@context\":\"https:\\\/\\\/schema.org\",\"@graph\":[{\"@type\":\"WebPage\",\"@id\":\"https:\\\/\\\/stesa.com\\\/mapas\\\/doc\\\/mapa-mudo-de-la-provincia-del-neuquen\\\/\",\"url\":\"https:\\\/\\\/stesa.com\\\/mapas\\\/doc\\\/mapa-mudo-de-la-provincia-del-neuquen\\\/\",\"name\":\"Mapa mudo de la provincia del Neuqu\u00e9n - Galer\u00eda de mapas\",\"isPartOf\":{\"@id\":\"https:\\\/\\\/stesa.com\\\/mapas\\\/#website\"},\"primaryImageOfPage\":{\"@id\":\"https:\\\/\\\/stesa.com\\\/mapas\\\/doc\\\/mapa-mudo-de-la-provincia-del-neuquen\\\/#primaryimage\"},\"image\":{\"@id\":\"https:\\\/\\\/stesa.com\\\/mapas\\\/doc\\\/mapa-mudo-de-la-provincia-del-neuquen\\\/#primaryimage\"},\"thumbnailUrl\":\"https:\\\/\\\/stesa.com\\\/mapas\\\/wp-content\\\/uploads\\\/20464\\\/Mapa-mudo-de-la-provincia-del-Neuquen.png\",\"datePublished\":\"2026-04-25T00:24:55+00:00\",\"dateModified\":\"2026-04-26T20:56:01+00:00\",\"breadcrumb\":{\"@id\":\"https:\\\/\\\/stesa.com\\\/mapas\\\/doc\\\/mapa-mudo-de-la-provincia-del-neuquen\\\/#breadcrumb\"},\"inLanguage\":\"es\",\"potentialAction\":[{\"@type\":\"ReadAction\",\"target\":[\"https:\\\/\\\/stesa.com\\\/mapas\\\/doc\\\/mapa-mudo-de-la-provincia-del-neuquen\\\/\"]}]},{\"@type\":\"ImageObject\",\"inLanguage\":\"es\",\"@id\":\"https:\\\/\\\/stesa.com\\\/mapas\\\/doc\\\/mapa-mudo-de-la-provincia-del-neuquen\\\/#primaryimage\",\"url\":\"https:\\\/\\\/stesa.com\\\/mapas\\\/wp-content\\\/uploads\\\/20464\\\/Mapa-mudo-de-la-provincia-del-Neuquen.png\",\"contentUrl\":\"https:\\\/\\\/stesa.com\\\/mapas\\\/wp-content\\\/uploads\\\/20464\\\/Mapa-mudo-de-la-provincia-del-Neuquen.png\",\"width\":1280,\"height\":2057,\"caption\":\"Mapa mudo de la provincia del Neuqu\u00e9n.\"},{\"@type\":\"BreadcrumbList\",\"@id\":\"https:\\\/\\\/stesa.com\\\/mapas\\\/doc\\\/mapa-mudo-de-la-provincia-del-neuquen\\\/#breadcrumb\",\"itemListElement\":[{\"@type\":\"ListItem\",\"position\":1,\"name\":\"Portada\",\"item\":\"https:\\\/\\\/gifex.com\\\/mapas\\\/\"},{\"@type\":\"ListItem\",\"position\":2,\"name\":\"Mapa mudo de la provincia del Neuqu\u00e9n\"}]},{\"@type\":\"WebSite\",\"@id\":\"https:\\\/\\\/stesa.com\\\/mapas\\\/#website\",\"url\":\"https:\\\/\\\/stesa.com\\\/mapas\\\/\",\"name\":\"Galer\u00eda de mapas\",\"description\":\"\",\"potentialAction\":[{\"@type\":\"SearchAction\",\"target\":{\"@type\":\"EntryPoint\",\"urlTemplate\":\"https:\\\/\\\/stesa.com\\\/mapas\\\/?s={search_term_string}\"},\"query-input\":{\"@type\":\"PropertyValueSpecification\",\"valueRequired\":true,\"valueName\":\"search_term_string\"}}],\"inLanguage\":\"es\"}]}<\/script>\n<!-- \/ Yoast SEO plugin. -->","yoast_head_json":{"title":"Mapa mudo de la provincia del Neuqu\u00e9n - Galer\u00eda de mapas","robots":{"index":"index","follow":"follow","max-snippet":"max-snippet:-1","max-image-preview":"max-image-preview:large","max-video-preview":"max-video-preview:-1"},"canonical":"https:\/\/stesa.com\/mapas\/doc\/mapa-mudo-de-la-provincia-del-neuquen\/","og_locale":"es_ES","og_type":"article","og_title":"Mapa mudo de la provincia del Neuqu\u00e9n - Galer\u00eda de mapas","og_description":"Estos mapas mudos de la provincia del Neuqu\u00e9n representan la cartograf\u00eda de la provincia, pero sin ning\u00fan tipo de etiquetado. Estos mapas en blanco se pueden","og_url":"https:\/\/stesa.com\/mapas\/doc\/mapa-mudo-de-la-provincia-del-neuquen\/","og_site_name":"Galer\u00eda de mapas","article_modified_time":"2026-04-26T20:56:01+00:00","og_image":[{"width":1280,"height":2057,"url":"https:\/\/stesa.com\/mapas\/wp-content\/uploads\/20464\/Mapa-mudo-de-la-provincia-del-Neuquen.png","type":"image\/png"}],"twitter_card":"summary_large_image","twitter_misc":{"Tiempo de lectura":"2 minutos"},"schema":{"@context":"https:\/\/schema.org","@graph":[{"@type":"WebPage","@id":"https:\/\/stesa.com\/mapas\/doc\/mapa-mudo-de-la-provincia-del-neuquen\/","url":"https:\/\/stesa.com\/mapas\/doc\/mapa-mudo-de-la-provincia-del-neuquen\/","name":"Mapa mudo de la provincia del Neuqu\u00e9n - Galer\u00eda de mapas","isPartOf":{"@id":"https:\/\/stesa.com\/mapas\/#website"},"primaryImageOfPage":{"@id":"https:\/\/stesa.com\/mapas\/doc\/mapa-mudo-de-la-provincia-del-neuquen\/#primaryimage"},"image":{"@id":"https:\/\/stesa.com\/mapas\/doc\/mapa-mudo-de-la-provincia-del-neuquen\/#primaryimage"},"thumbnailUrl":"https:\/\/stesa.com\/mapas\/wp-content\/uploads\/20464\/Mapa-mudo-de-la-provincia-del-Neuquen.png","datePublished":"2026-04-25T00:24:55+00:00","dateModified":"2026-04-26T20:56:01+00:00","breadcrumb":{"@id":"https:\/\/stesa.com\/mapas\/doc\/mapa-mudo-de-la-provincia-del-neuquen\/#breadcrumb"},"inLanguage":"es","potentialAction":[{"@type":"ReadAction","target":["https:\/\/stesa.com\/mapas\/doc\/mapa-mudo-de-la-provincia-del-neuquen\/"]}]},{"@type":"ImageObject","inLanguage":"es","@id":"https:\/\/stesa.com\/mapas\/doc\/mapa-mudo-de-la-provincia-del-neuquen\/#primaryimage","url":"https:\/\/stesa.com\/mapas\/wp-content\/uploads\/20464\/Mapa-mudo-de-la-provincia-del-Neuquen.png","contentUrl":"https:\/\/stesa.com\/mapas\/wp-content\/uploads\/20464\/Mapa-mudo-de-la-provincia-del-Neuquen.png","width":1280,"height":2057,"caption":"Mapa mudo de la provincia del Neuqu\u00e9n."},{"@type":"BreadcrumbList","@id":"https:\/\/stesa.com\/mapas\/doc\/mapa-mudo-de-la-provincia-del-neuquen\/#breadcrumb","itemListElement":[{"@type":"ListItem","position":1,"name":"Portada","item":"https:\/\/gifex.com\/mapas\/"},{"@type":"ListItem","position":2,"name":"Mapa mudo de la provincia del Neuqu\u00e9n"}]},{"@type":"WebSite","@id":"https:\/\/stesa.com\/mapas\/#website","url":"https:\/\/stesa.com\/mapas\/","name":"Galer\u00eda de mapas","description":"","potentialAction":[{"@type":"SearchAction","target":{"@type":"EntryPoint","urlTemplate":"https:\/\/stesa.com\/mapas\/?s={search_term_string}"},"query-input":{"@type":"PropertyValueSpecification","valueRequired":true,"valueName":"search_term_string"}}],"inLanguage":"es"}]}},"_links":{"self":[{"href":"https:\/\/stesa.com\/mapas\/wp-json\/wp\/v2\/ficha\/20464","targetHints":{"allow":["GET"]}}],"collection":[{"href":"https:\/\/stesa.com\/mapas\/wp-json\/wp\/v2\/ficha"}],"about":[{"href":"https:\/\/stesa.com\/mapas\/wp-json\/wp\/v2\/types\/ficha"}],"author":[{"embeddable":true,"href":"https:\/\/stesa.com\/mapas\/wp-json\/wp\/v2\/users\/1"}],"version-history":[{"count":2,"href":"https:\/\/stesa.com\/mapas\/wp-json\/wp\/v2\/ficha\/20464\/revisions"}],"predecessor-version":[{"id":20678,"href":"https:\/\/stesa.com\/mapas\/wp-json\/wp\/v2\/ficha\/20464\/revisions\/20678"}],"wp:featuredmedia":[{"embeddable":true,"href":"https:\/\/stesa.com\/mapas\/wp-json\/wp\/v2\/media\/20465"}],"wp:attachment":[{"href":"https:\/\/stesa.com\/mapas\/wp-json\/wp\/v2\/media?parent=20464"}],"wp:term":[{"taxonomy":"categoria_ficha","embeddable":true,"href":"https:\/\/stesa.com\/mapas\/wp-json\/wp\/v2\/categoria_ficha?post=20464"}],"curies":[{"name":"wp","href":"https:\/\/api.w.org\/{rel}","templated":true}]}}