{"id":20452,"date":"2026-04-24T23:43:58","date_gmt":"2026-04-24T23:43:58","guid":{"rendered":"https:\/\/stesa.com\/mapas\/?post_type=ficha&#038;p=20452"},"modified":"2026-04-25T01:24:37","modified_gmt":"2026-04-25T01:24:37","slug":"mapa-de-la-provincia-del-neuquen","status":"publish","type":"ficha","link":"https:\/\/stesa.com\/mapas\/doc\/mapa-de-la-provincia-del-neuquen\/","title":{"rendered":"Mapa de la provincia del Neuqu\u00e9n"},"content":{"rendered":"<p style=\"text-align: center;\"><label style=\"font-size: 15px;\">Mapa de la provincia del Neuqu\u00e9n <a href=\"https:\/\/stesa.com\/mapas\/wp-content\/uploads\/20452\/Mapa-de-la-provincia-del-Neuquen.pdf\" target=\"_blank\" rel=\"noopener\">(formato PDF)<\/a>.<\/label><\/p>\n<p><strong>Provincia del Neuqu\u00e9n<\/strong><\/p>\n<p>Neuqu\u00e9n es una de las veintitr\u00e9s provincias de la Rep\u00fablica Argentina.<\/p>\n<ul>\n<li>Capital: Neuqu\u00e9n<\/li>\n<li>Poblaci\u00f3n en 2022: 710 814 habitantes<\/li>\n<li>Superficie: 94 078 km\u00b2<\/li>\n<\/ul>\n<figure id=\"attachment_20455\" aria-describedby=\"caption-attachment-20455\" style=\"width: 360px\" class=\"wp-caption alignright\"><a href=\"https:\/\/stesa.com\/mapas\/wp-content\/uploads\/20452\/Mapa-satelital-de-la-provincia-del-Neuquen.jpg\" target=\"_blank\" rel=\"noopener\"><img loading=\"lazy\" decoding=\"async\" class=\"Mapa satelital de la provincia del Neuqu\u00e9n. wp-image-20455\" src=\"https:\/\/stesa.com\/mapas\/wp-content\/uploads\/20452\/Mapa-satelital-de-la-provincia-del-Neuquen-207x300.jpg\" alt=\"Mapa satelital de la provincia del Neuqu\u00e9n.\" width=\"360\" height=\"522\" srcset=\"https:\/\/stesa.com\/mapas\/wp-content\/uploads\/20452\/Mapa-satelital-de-la-provincia-del-Neuquen-207x300.jpg 207w, https:\/\/stesa.com\/mapas\/wp-content\/uploads\/20452\/Mapa-satelital-de-la-provincia-del-Neuquen-706x1024.jpg 706w, https:\/\/stesa.com\/mapas\/wp-content\/uploads\/20452\/Mapa-satelital-de-la-provincia-del-Neuquen-768x1115.jpg 768w, https:\/\/stesa.com\/mapas\/wp-content\/uploads\/20452\/Mapa-satelital-de-la-provincia-del-Neuquen-1058x1536.jpg 1058w, https:\/\/stesa.com\/mapas\/wp-content\/uploads\/20452\/Mapa-satelital-de-la-provincia-del-Neuquen-1411x2048.jpg 1411w, https:\/\/stesa.com\/mapas\/wp-content\/uploads\/20452\/Mapa-satelital-de-la-provincia-del-Neuquen-300x435.jpg 300w, https:\/\/stesa.com\/mapas\/wp-content\/uploads\/20452\/Mapa-satelital-de-la-provincia-del-Neuquen-1102x1600.jpg 1102w\" sizes=\"auto, (max-width: 360px) 100vw, 360px\" \/><\/a><figcaption id=\"caption-attachment-20455\" class=\"wp-caption-text\"><label style=\"font-size: 15px;\">Mapa satelital de la provincia del Neuqu\u00e9n <a href=\"https:\/\/stesa.com\/mapas\/wp-content\/uploads\/20452\/Mapa-satelital-de-la-provincia-del-Neuquen.pdf\" target=\"_blank\" rel=\"noopener\">(formato PDF)<\/a>.<\/label><\/figcaption><\/figure>\n<p>Neuqu\u00e9n es una de las provincias m\u00e1s pr\u00f3speras de Argentina, con una econom\u00eda estimada en 47.648 millones de pesos (unos 10.495 millones de d\u00f3lares) en 2012, lo que equivale a 80.566 pesos (17.744 d\u00f3lares) per c\u00e1pita.<\/p>\n<p>Sin embargo, ninguna provincia argentina depende tanto de un solo sector como Neuqu\u00e9n. Aproximadamente la mitad de su producci\u00f3n proviene del sector minero y extractivo, principalmente debido a su enorme producci\u00f3n de gas y petr\u00f3leo, la m\u00e1s importante de Argentina.<\/p>\n<p>Es probable que esta dependencia aumente: el desarrollo de las vastas reservas de hidrocarburos no convencionales de la provincia est\u00e1 comenzando, sobre todo en la formaci\u00f3n Vaca Muerta.<\/p>\n<p>La provincia genera una parte significativa de la energ\u00eda el\u00e9ctrica de la Patagonia a trav\u00e9s de las centrales hidroel\u00e9ctricas de Piedra del \u00c1guila, El Choc\u00f3n, Pichi Pic\u00fan Leuf\u00fa, Planicie Banderita (en el Complejo Cerros Colorados) y Alicur\u00e1. La localidad de Arroyito alberga la \u00fanica planta de agua pesada del pa\u00eds.<\/p>\n<p>Otra actividad importante es la producci\u00f3n de manzanas, peras, duraznos y otras frutas, especialmente en la zona del Alto Valle, compartida con R\u00edo Negro.<\/p>\n<p>Una de las actividades que m\u00e1s crecimiento ha tenido en los \u00faltimos a\u00f1os es el turismo, especialmente en la zona cordillerana y tanto en temporada estival o invernal. Cuenta con centros de turismo internacional, como San Mart\u00edn de los Andes y Villa La Angostura, teniendo adem\u00e1s tres Centros de esqu\u00ed (Chapelco, Cerro Bayo y Caviahue) y dos Parques de Nieve (Cerro Wayle y Bat\u00e9a Mahuida &#8211; este \u00faltimo administrado por una comunidad aborigen de la poblaci\u00f3n criolla con or\u00edgenes tson&#8217;k y mapuche llamada puel que reside principalmente en Villa Pehuenia-).<\/p>\n","protected":false},"excerpt":{"rendered":"<p>Neuqu\u00e9n es una de las veintitr\u00e9s provincias de la Rep\u00fablica Argentina. Capital: Neuqu&#8230;<\/p>\n","protected":false},"author":1,"featured_media":20453,"template":"","categoria_ficha":[2195],"class_list":["post-20452","ficha","type-ficha","status-publish","has-post-thumbnail","hentry","categoria_ficha-mapas-de-la-provincia-del-neuquen"],"yoast_head":"<!-- This site is optimized with the Yoast SEO plugin v27.4 - https:\/\/yoast.com\/product\/yoast-seo-wordpress\/ -->\n<title>Mapa de la provincia del Neuqu\u00e9n - Galer\u00eda de mapas<\/title>\n<meta name=\"robots\" content=\"index, follow, max-snippet:-1, max-image-preview:large, max-video-preview:-1\" \/>\n<link rel=\"canonical\" href=\"https:\/\/stesa.com\/mapas\/doc\/mapa-de-la-provincia-del-neuquen\/\" \/>\n<meta property=\"og:locale\" content=\"es_ES\" \/>\n<meta property=\"og:type\" content=\"article\" \/>\n<meta property=\"og:title\" content=\"Mapa de la provincia del Neuqu\u00e9n - Galer\u00eda de mapas\" \/>\n<meta property=\"og:description\" content=\"Neuqu\u00e9n es una de las veintitr\u00e9s provincias de la Rep\u00fablica Argentina. Capital: Neuqu...\" \/>\n<meta property=\"og:url\" content=\"https:\/\/stesa.com\/mapas\/doc\/mapa-de-la-provincia-del-neuquen\/\" \/>\n<meta property=\"og:site_name\" content=\"Galer\u00eda de mapas\" \/>\n<meta property=\"article:modified_time\" content=\"2026-04-25T01:24:37+00:00\" \/>\n<meta property=\"og:image\" content=\"https:\/\/stesa.com\/mapas\/wp-content\/uploads\/20452\/Mapa-de-la-provincia-del-Neuquen.jpeg\" \/>\n\t<meta property=\"og:image:width\" content=\"2324\" \/>\n\t<meta property=\"og:image:height\" content=\"3240\" \/>\n\t<meta property=\"og:image:type\" content=\"image\/jpeg\" \/>\n<meta name=\"twitter:card\" content=\"summary_large_image\" \/>\n<meta name=\"twitter:label1\" content=\"Tiempo de lectura\" \/>\n\t<meta name=\"twitter:data1\" content=\"2 minutos\" \/>\n<script type=\"application\/ld+json\" class=\"yoast-schema-graph\">{\"@context\":\"https:\\\/\\\/schema.org\",\"@graph\":[{\"@type\":\"WebPage\",\"@id\":\"https:\\\/\\\/stesa.com\\\/mapas\\\/doc\\\/mapa-de-la-provincia-del-neuquen\\\/\",\"url\":\"https:\\\/\\\/stesa.com\\\/mapas\\\/doc\\\/mapa-de-la-provincia-del-neuquen\\\/\",\"name\":\"Mapa de la provincia del Neuqu\u00e9n - Galer\u00eda de mapas\",\"isPartOf\":{\"@id\":\"https:\\\/\\\/stesa.com\\\/mapas\\\/#website\"},\"primaryImageOfPage\":{\"@id\":\"https:\\\/\\\/stesa.com\\\/mapas\\\/doc\\\/mapa-de-la-provincia-del-neuquen\\\/#primaryimage\"},\"image\":{\"@id\":\"https:\\\/\\\/stesa.com\\\/mapas\\\/doc\\\/mapa-de-la-provincia-del-neuquen\\\/#primaryimage\"},\"thumbnailUrl\":\"https:\\\/\\\/stesa.com\\\/mapas\\\/wp-content\\\/uploads\\\/20452\\\/Mapa-de-la-provincia-del-Neuquen.jpeg\",\"datePublished\":\"2026-04-24T23:43:58+00:00\",\"dateModified\":\"2026-04-25T01:24:37+00:00\",\"breadcrumb\":{\"@id\":\"https:\\\/\\\/stesa.com\\\/mapas\\\/doc\\\/mapa-de-la-provincia-del-neuquen\\\/#breadcrumb\"},\"inLanguage\":\"es\",\"potentialAction\":[{\"@type\":\"ReadAction\",\"target\":[\"https:\\\/\\\/stesa.com\\\/mapas\\\/doc\\\/mapa-de-la-provincia-del-neuquen\\\/\"]}]},{\"@type\":\"ImageObject\",\"inLanguage\":\"es\",\"@id\":\"https:\\\/\\\/stesa.com\\\/mapas\\\/doc\\\/mapa-de-la-provincia-del-neuquen\\\/#primaryimage\",\"url\":\"https:\\\/\\\/stesa.com\\\/mapas\\\/wp-content\\\/uploads\\\/20452\\\/Mapa-de-la-provincia-del-Neuquen.jpeg\",\"contentUrl\":\"https:\\\/\\\/stesa.com\\\/mapas\\\/wp-content\\\/uploads\\\/20452\\\/Mapa-de-la-provincia-del-Neuquen.jpeg\",\"width\":2324,\"height\":3240,\"caption\":\"Mapa de la provincia del Neuqu\u00e9n.\"},{\"@type\":\"BreadcrumbList\",\"@id\":\"https:\\\/\\\/stesa.com\\\/mapas\\\/doc\\\/mapa-de-la-provincia-del-neuquen\\\/#breadcrumb\",\"itemListElement\":[{\"@type\":\"ListItem\",\"position\":1,\"name\":\"Portada\",\"item\":\"https:\\\/\\\/gifex.com\\\/mapas\\\/\"},{\"@type\":\"ListItem\",\"position\":2,\"name\":\"Mapa de la provincia del Neuqu\u00e9n\"}]},{\"@type\":\"WebSite\",\"@id\":\"https:\\\/\\\/stesa.com\\\/mapas\\\/#website\",\"url\":\"https:\\\/\\\/stesa.com\\\/mapas\\\/\",\"name\":\"Galer\u00eda de mapas\",\"description\":\"\",\"potentialAction\":[{\"@type\":\"SearchAction\",\"target\":{\"@type\":\"EntryPoint\",\"urlTemplate\":\"https:\\\/\\\/stesa.com\\\/mapas\\\/?s={search_term_string}\"},\"query-input\":{\"@type\":\"PropertyValueSpecification\",\"valueRequired\":true,\"valueName\":\"search_term_string\"}}],\"inLanguage\":\"es\"}]}<\/script>\n<!-- \/ Yoast SEO plugin. -->","yoast_head_json":{"title":"Mapa de la provincia del Neuqu\u00e9n - Galer\u00eda de mapas","robots":{"index":"index","follow":"follow","max-snippet":"max-snippet:-1","max-image-preview":"max-image-preview:large","max-video-preview":"max-video-preview:-1"},"canonical":"https:\/\/stesa.com\/mapas\/doc\/mapa-de-la-provincia-del-neuquen\/","og_locale":"es_ES","og_type":"article","og_title":"Mapa de la provincia del Neuqu\u00e9n - Galer\u00eda de mapas","og_description":"Neuqu\u00e9n es una de las veintitr\u00e9s provincias de la Rep\u00fablica Argentina. Capital: Neuqu...","og_url":"https:\/\/stesa.com\/mapas\/doc\/mapa-de-la-provincia-del-neuquen\/","og_site_name":"Galer\u00eda de mapas","article_modified_time":"2026-04-25T01:24:37+00:00","og_image":[{"width":2324,"height":3240,"url":"https:\/\/stesa.com\/mapas\/wp-content\/uploads\/20452\/Mapa-de-la-provincia-del-Neuquen.jpeg","type":"image\/jpeg"}],"twitter_card":"summary_large_image","twitter_misc":{"Tiempo de lectura":"2 minutos"},"schema":{"@context":"https:\/\/schema.org","@graph":[{"@type":"WebPage","@id":"https:\/\/stesa.com\/mapas\/doc\/mapa-de-la-provincia-del-neuquen\/","url":"https:\/\/stesa.com\/mapas\/doc\/mapa-de-la-provincia-del-neuquen\/","name":"Mapa de la provincia del Neuqu\u00e9n - Galer\u00eda de mapas","isPartOf":{"@id":"https:\/\/stesa.com\/mapas\/#website"},"primaryImageOfPage":{"@id":"https:\/\/stesa.com\/mapas\/doc\/mapa-de-la-provincia-del-neuquen\/#primaryimage"},"image":{"@id":"https:\/\/stesa.com\/mapas\/doc\/mapa-de-la-provincia-del-neuquen\/#primaryimage"},"thumbnailUrl":"https:\/\/stesa.com\/mapas\/wp-content\/uploads\/20452\/Mapa-de-la-provincia-del-Neuquen.jpeg","datePublished":"2026-04-24T23:43:58+00:00","dateModified":"2026-04-25T01:24:37+00:00","breadcrumb":{"@id":"https:\/\/stesa.com\/mapas\/doc\/mapa-de-la-provincia-del-neuquen\/#breadcrumb"},"inLanguage":"es","potentialAction":[{"@type":"ReadAction","target":["https:\/\/stesa.com\/mapas\/doc\/mapa-de-la-provincia-del-neuquen\/"]}]},{"@type":"ImageObject","inLanguage":"es","@id":"https:\/\/stesa.com\/mapas\/doc\/mapa-de-la-provincia-del-neuquen\/#primaryimage","url":"https:\/\/stesa.com\/mapas\/wp-content\/uploads\/20452\/Mapa-de-la-provincia-del-Neuquen.jpeg","contentUrl":"https:\/\/stesa.com\/mapas\/wp-content\/uploads\/20452\/Mapa-de-la-provincia-del-Neuquen.jpeg","width":2324,"height":3240,"caption":"Mapa de la provincia del Neuqu\u00e9n."},{"@type":"BreadcrumbList","@id":"https:\/\/stesa.com\/mapas\/doc\/mapa-de-la-provincia-del-neuquen\/#breadcrumb","itemListElement":[{"@type":"ListItem","position":1,"name":"Portada","item":"https:\/\/gifex.com\/mapas\/"},{"@type":"ListItem","position":2,"name":"Mapa de la provincia del Neuqu\u00e9n"}]},{"@type":"WebSite","@id":"https:\/\/stesa.com\/mapas\/#website","url":"https:\/\/stesa.com\/mapas\/","name":"Galer\u00eda de mapas","description":"","potentialAction":[{"@type":"SearchAction","target":{"@type":"EntryPoint","urlTemplate":"https:\/\/stesa.com\/mapas\/?s={search_term_string}"},"query-input":{"@type":"PropertyValueSpecification","valueRequired":true,"valueName":"search_term_string"}}],"inLanguage":"es"}]}},"_links":{"self":[{"href":"https:\/\/stesa.com\/mapas\/wp-json\/wp\/v2\/ficha\/20452","targetHints":{"allow":["GET"]}}],"collection":[{"href":"https:\/\/stesa.com\/mapas\/wp-json\/wp\/v2\/ficha"}],"about":[{"href":"https:\/\/stesa.com\/mapas\/wp-json\/wp\/v2\/types\/ficha"}],"author":[{"embeddable":true,"href":"https:\/\/stesa.com\/mapas\/wp-json\/wp\/v2\/users\/1"}],"version-history":[{"count":3,"href":"https:\/\/stesa.com\/mapas\/wp-json\/wp\/v2\/ficha\/20452\/revisions"}],"predecessor-version":[{"id":20512,"href":"https:\/\/stesa.com\/mapas\/wp-json\/wp\/v2\/ficha\/20452\/revisions\/20512"}],"wp:featuredmedia":[{"embeddable":true,"href":"https:\/\/stesa.com\/mapas\/wp-json\/wp\/v2\/media\/20453"}],"wp:attachment":[{"href":"https:\/\/stesa.com\/mapas\/wp-json\/wp\/v2\/media?parent=20452"}],"wp:term":[{"taxonomy":"categoria_ficha","embeddable":true,"href":"https:\/\/stesa.com\/mapas\/wp-json\/wp\/v2\/categoria_ficha?post=20452"}],"curies":[{"name":"wp","href":"https:\/\/api.w.org\/{rel}","templated":true}]}}