{"id":20329,"date":"2026-04-24T16:53:36","date_gmt":"2026-04-24T16:53:36","guid":{"rendered":"https:\/\/stesa.com\/mapas\/?post_type=ficha&#038;p=20329"},"modified":"2026-04-24T16:53:36","modified_gmt":"2026-04-24T16:53:36","slug":"mapa-politico-de-la-provincia-de-tucuman","status":"publish","type":"ficha","link":"https:\/\/stesa.com\/mapas\/doc\/mapa-politico-de-la-provincia-de-tucuman\/","title":{"rendered":"Mapa pol\u00edtico de la provincia de Tucum\u00e1n"},"content":{"rendered":"<p style=\"text-align: center;\"><label style=\"font-size: 15px;\">Mapa pol\u00edtico de la provincia de Tucum\u00e1n <a href=\"https:\/\/stesa.com\/mapas\/wp-content\/uploads\/20329\/Mapa-politico-de-la-provincia-de-Tucuman.pdf\" target=\"_blank\" rel=\"noopener\">(formato PDF)<\/a>.<\/label><\/p>\n<p><strong>Divisi\u00f3n pol\u00edtico-administrativa de la provincia de Tucum\u00e1n<\/strong><\/p>\n<p>La Provincia de Tucum\u00e1n se divide pol\u00edticamente en 17 departamentos, que constituyen sus principales unidades administrativas. Dentro de ellos se organizan municipios y comunas rurales. Su capital es San Miguel de Tucum\u00e1n, la ciudad m\u00e1s grande del Norte Argentino.<\/p>\n<figure id=\"attachment_20331\" aria-describedby=\"caption-attachment-20331\" style=\"width: 360px\" class=\"wp-caption alignright\"><a href=\"https:\/\/stesa.com\/mapas\/wp-content\/uploads\/20329\/Division-politico-administrativa-de-la-provincia-de-Tucuman.jpg\" target=\"_blank\" rel=\"noopener\"><img loading=\"lazy\" decoding=\"async\" class=\"wp-image-20331\" title=\"Divisi\u00f3n pol\u00edtico-administrativa de la provincia de Tucum\u00e1n.\" src=\"https:\/\/stesa.com\/mapas\/wp-content\/uploads\/20329\/Division-politico-administrativa-de-la-provincia-de-Tucuman-214x300.jpg\" alt=\"Divisi\u00f3n pol\u00edtico-administrativa de la provincia de Tucum\u00e1n.\" width=\"360\" height=\"506\" srcset=\"https:\/\/stesa.com\/mapas\/wp-content\/uploads\/20329\/Division-politico-administrativa-de-la-provincia-de-Tucuman-214x300.jpg 214w, https:\/\/stesa.com\/mapas\/wp-content\/uploads\/20329\/Division-politico-administrativa-de-la-provincia-de-Tucuman-729x1024.jpg 729w, https:\/\/stesa.com\/mapas\/wp-content\/uploads\/20329\/Division-politico-administrativa-de-la-provincia-de-Tucuman-768x1079.jpg 768w, https:\/\/stesa.com\/mapas\/wp-content\/uploads\/20329\/Division-politico-administrativa-de-la-provincia-de-Tucuman-1094x1536.jpg 1094w, https:\/\/stesa.com\/mapas\/wp-content\/uploads\/20329\/Division-politico-administrativa-de-la-provincia-de-Tucuman-300x421.jpg 300w, https:\/\/stesa.com\/mapas\/wp-content\/uploads\/20329\/Division-politico-administrativa-de-la-provincia-de-Tucuman-1139x1600.jpg 1139w, https:\/\/stesa.com\/mapas\/wp-content\/uploads\/20329\/Division-politico-administrativa-de-la-provincia-de-Tucuman.jpg 1253w\" sizes=\"auto, (max-width: 360px) 100vw, 360px\" \/><\/a><figcaption id=\"caption-attachment-20331\" class=\"wp-caption-text\"><label style=\"font-size: 15px;\">Divisi\u00f3n pol\u00edtico-administrativa de la provincia de Tucum\u00e1n <a href=\"https:\/\/stesa.com\/mapas\/wp-content\/uploads\/20329\/Division-politico-administrativa-de-la-provincia-de-Tucuman.pdf\" target=\"_blank\" rel=\"noopener\">(formato PDF)<\/a>.<\/label><\/figcaption><\/figure>\n<p><strong>Departamentos de Tucum\u00e1n<\/strong><\/p>\n<ol>\n<li>Burruyac\u00fa<\/li>\n<li>Capital<\/li>\n<li>Chicligasta<\/li>\n<li>Cruz Alta<\/li>\n<li>Famaill\u00e1<\/li>\n<li>Graneros<\/li>\n<li>Juan Bautista Alberdi<\/li>\n<li>La Cocha<\/li>\n<li>Leales<\/li>\n<li>Lules<\/li>\n<li>Monteros<\/li>\n<li>R\u00edo Chico<\/li>\n<li>Simoca<\/li>\n<li>Taf\u00ed del Valle<\/li>\n<li>Taf\u00ed Viejo<\/li>\n<li>Trancas<\/li>\n<li>Yerba Buena<\/li>\n<\/ol>\n<p><strong>Organizaci\u00f3n local<\/strong><\/p>\n<p>Los municipios administran servicios urbanos, infraestructura local y ordenamiento territorial, mientras que las comunas rurales gestionan poblaciones menores y \u00e1reas no municipalizadas. El gobierno provincial coordina la administraci\u00f3n general desde la capital.<\/p>\n<div style=\"clear: both; display: inline-block; width: 100%;\">\n<div class=\"row\">\n<div class=\"col-sm\">\n<figure id=\"attachment_20334\" aria-describedby=\"caption-attachment-20334\" style=\"width: 400px\" class=\"wp-caption aligncenter\"><a href=\"https:\/\/stesa.com\/mapas\/wp-content\/uploads\/20329\/Municipios-y-comunas-rurales-de-la-provincia-de-Tucuman.jpg\" target=\"_blank\" rel=\"noopener\"><img loading=\"lazy\" decoding=\"async\" class=\"wp-image-20334\" title=\"Municipios y comunas rurales de la provincia de Tucum\u00e1n.\" src=\"https:\/\/stesa.com\/mapas\/wp-content\/uploads\/20329\/Municipios-y-comunas-rurales-de-la-provincia-de-Tucuman-250x300.jpg\" alt=\"Municipios y comunas rurales de la provincia de Tucum\u00e1n.\" width=\"400\" height=\"481\" srcset=\"https:\/\/stesa.com\/mapas\/wp-content\/uploads\/20329\/Municipios-y-comunas-rurales-de-la-provincia-de-Tucuman-250x300.jpg 250w, https:\/\/stesa.com\/mapas\/wp-content\/uploads\/20329\/Municipios-y-comunas-rurales-de-la-provincia-de-Tucuman-852x1024.jpg 852w, https:\/\/stesa.com\/mapas\/wp-content\/uploads\/20329\/Municipios-y-comunas-rurales-de-la-provincia-de-Tucuman-768x923.jpg 768w, https:\/\/stesa.com\/mapas\/wp-content\/uploads\/20329\/Municipios-y-comunas-rurales-de-la-provincia-de-Tucuman-1277x1536.jpg 1277w, https:\/\/stesa.com\/mapas\/wp-content\/uploads\/20329\/Municipios-y-comunas-rurales-de-la-provincia-de-Tucuman-1703x2048.jpg 1703w, https:\/\/stesa.com\/mapas\/wp-content\/uploads\/20329\/Municipios-y-comunas-rurales-de-la-provincia-de-Tucuman-300x361.jpg 300w, https:\/\/stesa.com\/mapas\/wp-content\/uploads\/20329\/Municipios-y-comunas-rurales-de-la-provincia-de-Tucuman-1331x1600.jpg 1331w\" sizes=\"auto, (max-width: 400px) 100vw, 400px\" \/><\/a><figcaption id=\"caption-attachment-20334\" class=\"wp-caption-text\"><label style=\"font-size: 15px;\">Municipios y comunas rurales de la provincia de Tucum\u00e1n <a href=\"https:\/\/stesa.com\/mapas\/wp-content\/uploads\/20329\/Municipios-y-comunas-rurales-de-la-provincia-de-Tucuman.pdf\" target=\"_blank\" rel=\"noopener\">(formato PDF)<\/a>.<\/label><\/figcaption><\/figure>\n<\/div>\n<\/div>\n<\/div>\n","protected":false},"excerpt":{"rendered":"<p>La Provincia de Tucum\u00e1n se divide pol\u00edticamente en 17 departamentos, que constituyen sus principales unidades administrativas. Dentro de ellos se organizan &#8230;<\/p>\n","protected":false},"author":1,"featured_media":20330,"template":"","categoria_ficha":[2204],"class_list":["post-20329","ficha","type-ficha","status-publish","has-post-thumbnail","hentry","categoria_ficha-mapas-de-la-provincia-de-tucuman"],"yoast_head":"<!-- This site is optimized with the Yoast SEO plugin v27.4 - https:\/\/yoast.com\/product\/yoast-seo-wordpress\/ -->\n<title>Mapa pol\u00edtico de la provincia de Tucum\u00e1n - Galer\u00eda de mapas<\/title>\n<meta name=\"robots\" content=\"index, follow, max-snippet:-1, max-image-preview:large, max-video-preview:-1\" \/>\n<link rel=\"canonical\" href=\"https:\/\/stesa.com\/mapas\/doc\/mapa-politico-de-la-provincia-de-tucuman\/\" \/>\n<meta property=\"og:locale\" content=\"es_ES\" \/>\n<meta property=\"og:type\" content=\"article\" \/>\n<meta property=\"og:title\" content=\"Mapa pol\u00edtico de la provincia de Tucum\u00e1n - Galer\u00eda de mapas\" \/>\n<meta property=\"og:description\" content=\"La Provincia de Tucum\u00e1n se divide pol\u00edticamente en 17 departamentos, que constituyen sus principales unidades administrativas. Dentro de ellos se organizan ...\" \/>\n<meta property=\"og:url\" content=\"https:\/\/stesa.com\/mapas\/doc\/mapa-politico-de-la-provincia-de-tucuman\/\" \/>\n<meta property=\"og:site_name\" content=\"Galer\u00eda de mapas\" \/>\n<meta property=\"og:image\" content=\"https:\/\/stesa.com\/mapas\/wp-content\/uploads\/20329\/Mapa-politico-de-la-provincia-de-Tucuman.jpg\" \/>\n\t<meta property=\"og:image:width\" content=\"2417\" \/>\n\t<meta property=\"og:image:height\" content=\"3473\" \/>\n\t<meta property=\"og:image:type\" content=\"image\/jpeg\" \/>\n<meta name=\"twitter:card\" content=\"summary_large_image\" \/>\n<meta name=\"twitter:label1\" content=\"Tiempo de lectura\" \/>\n\t<meta name=\"twitter:data1\" content=\"2 minutos\" \/>\n<script type=\"application\/ld+json\" class=\"yoast-schema-graph\">{\"@context\":\"https:\\\/\\\/schema.org\",\"@graph\":[{\"@type\":\"WebPage\",\"@id\":\"https:\\\/\\\/stesa.com\\\/mapas\\\/doc\\\/mapa-politico-de-la-provincia-de-tucuman\\\/\",\"url\":\"https:\\\/\\\/stesa.com\\\/mapas\\\/doc\\\/mapa-politico-de-la-provincia-de-tucuman\\\/\",\"name\":\"Mapa pol\u00edtico de la provincia de Tucum\u00e1n - Galer\u00eda de mapas\",\"isPartOf\":{\"@id\":\"https:\\\/\\\/stesa.com\\\/mapas\\\/#website\"},\"primaryImageOfPage\":{\"@id\":\"https:\\\/\\\/stesa.com\\\/mapas\\\/doc\\\/mapa-politico-de-la-provincia-de-tucuman\\\/#primaryimage\"},\"image\":{\"@id\":\"https:\\\/\\\/stesa.com\\\/mapas\\\/doc\\\/mapa-politico-de-la-provincia-de-tucuman\\\/#primaryimage\"},\"thumbnailUrl\":\"https:\\\/\\\/stesa.com\\\/mapas\\\/wp-content\\\/uploads\\\/20329\\\/Mapa-politico-de-la-provincia-de-Tucuman.jpg\",\"datePublished\":\"2026-04-24T16:53:36+00:00\",\"breadcrumb\":{\"@id\":\"https:\\\/\\\/stesa.com\\\/mapas\\\/doc\\\/mapa-politico-de-la-provincia-de-tucuman\\\/#breadcrumb\"},\"inLanguage\":\"es\",\"potentialAction\":[{\"@type\":\"ReadAction\",\"target\":[\"https:\\\/\\\/stesa.com\\\/mapas\\\/doc\\\/mapa-politico-de-la-provincia-de-tucuman\\\/\"]}]},{\"@type\":\"ImageObject\",\"inLanguage\":\"es\",\"@id\":\"https:\\\/\\\/stesa.com\\\/mapas\\\/doc\\\/mapa-politico-de-la-provincia-de-tucuman\\\/#primaryimage\",\"url\":\"https:\\\/\\\/stesa.com\\\/mapas\\\/wp-content\\\/uploads\\\/20329\\\/Mapa-politico-de-la-provincia-de-Tucuman.jpg\",\"contentUrl\":\"https:\\\/\\\/stesa.com\\\/mapas\\\/wp-content\\\/uploads\\\/20329\\\/Mapa-politico-de-la-provincia-de-Tucuman.jpg\",\"width\":2417,\"height\":3473,\"caption\":\"Mapa pol\u00edtico de la provincia de Tucum\u00e1n.\"},{\"@type\":\"BreadcrumbList\",\"@id\":\"https:\\\/\\\/stesa.com\\\/mapas\\\/doc\\\/mapa-politico-de-la-provincia-de-tucuman\\\/#breadcrumb\",\"itemListElement\":[{\"@type\":\"ListItem\",\"position\":1,\"name\":\"Portada\",\"item\":\"https:\\\/\\\/gifex.com\\\/mapas\\\/\"},{\"@type\":\"ListItem\",\"position\":2,\"name\":\"Mapa pol\u00edtico de la provincia de Tucum\u00e1n\"}]},{\"@type\":\"WebSite\",\"@id\":\"https:\\\/\\\/stesa.com\\\/mapas\\\/#website\",\"url\":\"https:\\\/\\\/stesa.com\\\/mapas\\\/\",\"name\":\"Galer\u00eda de mapas\",\"description\":\"\",\"potentialAction\":[{\"@type\":\"SearchAction\",\"target\":{\"@type\":\"EntryPoint\",\"urlTemplate\":\"https:\\\/\\\/stesa.com\\\/mapas\\\/?s={search_term_string}\"},\"query-input\":{\"@type\":\"PropertyValueSpecification\",\"valueRequired\":true,\"valueName\":\"search_term_string\"}}],\"inLanguage\":\"es\"}]}<\/script>\n<!-- \/ Yoast SEO plugin. -->","yoast_head_json":{"title":"Mapa pol\u00edtico de la provincia de Tucum\u00e1n - Galer\u00eda de mapas","robots":{"index":"index","follow":"follow","max-snippet":"max-snippet:-1","max-image-preview":"max-image-preview:large","max-video-preview":"max-video-preview:-1"},"canonical":"https:\/\/stesa.com\/mapas\/doc\/mapa-politico-de-la-provincia-de-tucuman\/","og_locale":"es_ES","og_type":"article","og_title":"Mapa pol\u00edtico de la provincia de Tucum\u00e1n - Galer\u00eda de mapas","og_description":"La Provincia de Tucum\u00e1n se divide pol\u00edticamente en 17 departamentos, que constituyen sus principales unidades administrativas. Dentro de ellos se organizan ...","og_url":"https:\/\/stesa.com\/mapas\/doc\/mapa-politico-de-la-provincia-de-tucuman\/","og_site_name":"Galer\u00eda de mapas","og_image":[{"width":2417,"height":3473,"url":"https:\/\/stesa.com\/mapas\/wp-content\/uploads\/20329\/Mapa-politico-de-la-provincia-de-Tucuman.jpg","type":"image\/jpeg"}],"twitter_card":"summary_large_image","twitter_misc":{"Tiempo de lectura":"2 minutos"},"schema":{"@context":"https:\/\/schema.org","@graph":[{"@type":"WebPage","@id":"https:\/\/stesa.com\/mapas\/doc\/mapa-politico-de-la-provincia-de-tucuman\/","url":"https:\/\/stesa.com\/mapas\/doc\/mapa-politico-de-la-provincia-de-tucuman\/","name":"Mapa pol\u00edtico de la provincia de Tucum\u00e1n - Galer\u00eda de mapas","isPartOf":{"@id":"https:\/\/stesa.com\/mapas\/#website"},"primaryImageOfPage":{"@id":"https:\/\/stesa.com\/mapas\/doc\/mapa-politico-de-la-provincia-de-tucuman\/#primaryimage"},"image":{"@id":"https:\/\/stesa.com\/mapas\/doc\/mapa-politico-de-la-provincia-de-tucuman\/#primaryimage"},"thumbnailUrl":"https:\/\/stesa.com\/mapas\/wp-content\/uploads\/20329\/Mapa-politico-de-la-provincia-de-Tucuman.jpg","datePublished":"2026-04-24T16:53:36+00:00","breadcrumb":{"@id":"https:\/\/stesa.com\/mapas\/doc\/mapa-politico-de-la-provincia-de-tucuman\/#breadcrumb"},"inLanguage":"es","potentialAction":[{"@type":"ReadAction","target":["https:\/\/stesa.com\/mapas\/doc\/mapa-politico-de-la-provincia-de-tucuman\/"]}]},{"@type":"ImageObject","inLanguage":"es","@id":"https:\/\/stesa.com\/mapas\/doc\/mapa-politico-de-la-provincia-de-tucuman\/#primaryimage","url":"https:\/\/stesa.com\/mapas\/wp-content\/uploads\/20329\/Mapa-politico-de-la-provincia-de-Tucuman.jpg","contentUrl":"https:\/\/stesa.com\/mapas\/wp-content\/uploads\/20329\/Mapa-politico-de-la-provincia-de-Tucuman.jpg","width":2417,"height":3473,"caption":"Mapa pol\u00edtico de la provincia de Tucum\u00e1n."},{"@type":"BreadcrumbList","@id":"https:\/\/stesa.com\/mapas\/doc\/mapa-politico-de-la-provincia-de-tucuman\/#breadcrumb","itemListElement":[{"@type":"ListItem","position":1,"name":"Portada","item":"https:\/\/gifex.com\/mapas\/"},{"@type":"ListItem","position":2,"name":"Mapa pol\u00edtico de la provincia de Tucum\u00e1n"}]},{"@type":"WebSite","@id":"https:\/\/stesa.com\/mapas\/#website","url":"https:\/\/stesa.com\/mapas\/","name":"Galer\u00eda de mapas","description":"","potentialAction":[{"@type":"SearchAction","target":{"@type":"EntryPoint","urlTemplate":"https:\/\/stesa.com\/mapas\/?s={search_term_string}"},"query-input":{"@type":"PropertyValueSpecification","valueRequired":true,"valueName":"search_term_string"}}],"inLanguage":"es"}]}},"_links":{"self":[{"href":"https:\/\/stesa.com\/mapas\/wp-json\/wp\/v2\/ficha\/20329","targetHints":{"allow":["GET"]}}],"collection":[{"href":"https:\/\/stesa.com\/mapas\/wp-json\/wp\/v2\/ficha"}],"about":[{"href":"https:\/\/stesa.com\/mapas\/wp-json\/wp\/v2\/types\/ficha"}],"author":[{"embeddable":true,"href":"https:\/\/stesa.com\/mapas\/wp-json\/wp\/v2\/users\/1"}],"version-history":[{"count":1,"href":"https:\/\/stesa.com\/mapas\/wp-json\/wp\/v2\/ficha\/20329\/revisions"}],"predecessor-version":[{"id":20336,"href":"https:\/\/stesa.com\/mapas\/wp-json\/wp\/v2\/ficha\/20329\/revisions\/20336"}],"wp:featuredmedia":[{"embeddable":true,"href":"https:\/\/stesa.com\/mapas\/wp-json\/wp\/v2\/media\/20330"}],"wp:attachment":[{"href":"https:\/\/stesa.com\/mapas\/wp-json\/wp\/v2\/media?parent=20329"}],"wp:term":[{"taxonomy":"categoria_ficha","embeddable":true,"href":"https:\/\/stesa.com\/mapas\/wp-json\/wp\/v2\/categoria_ficha?post=20329"}],"curies":[{"name":"wp","href":"https:\/\/api.w.org\/{rel}","templated":true}]}}