{"id":20322,"date":"2026-04-24T16:02:45","date_gmt":"2026-04-24T16:02:45","guid":{"rendered":"https:\/\/stesa.com\/mapas\/?post_type=ficha&#038;p=20322"},"modified":"2026-04-26T20:55:42","modified_gmt":"2026-04-26T20:55:42","slug":"mapa-mudo-de-la-provincia-de-tucuman","status":"publish","type":"ficha","link":"https:\/\/stesa.com\/mapas\/doc\/mapa-mudo-de-la-provincia-de-tucuman\/","title":{"rendered":"Mapa mudo de la provincia de Tucum\u00e1n"},"content":{"rendered":"<p style=\"text-align: center;\"><label style=\"font-size: 15px;\">Mapa mudo de la provincia de Tucum\u00e1n, dise\u00f1ado para geolocalizaci\u00f3n.<\/label><\/p>\n<p>Estos mapas mudos de la provincia de Tucum\u00e1n representan la cartograf\u00eda de la provincia, pero sin ning\u00fan tipo de etiquetado. Estos mapas en blanco se pueden utilizar, por ejemplo, en el \u00e1mbito de la educaci\u00f3n. Pueden servir como base para muchos mapas m\u00e1s elaborados.<\/p>\n<p>Estos modelos de mapas son m\u00e1s did\u00e1cticos y educativos para los ni\u00f1os, son el instrumento perfecto para aprender geograf\u00eda. Estos mapas sin nombre: requieren geolocalizar, departamentos, municipios, ciudades, pueblos, r\u00edos, lagos, monta\u00f1as y otras caracter\u00edsticas geogr\u00e1ficas, etc.<\/p>\n<div style=\"clear: both; display: inline-block; width: 100%;\">\n<div class=\"row\">\n<div class=\"col-sm\">\n<figure id=\"attachment_20324\" aria-describedby=\"caption-attachment-20324\" style=\"width: 400px\" class=\"wp-caption alignleft\"><a href=\"https:\/\/stesa.com\/mapas\/wp-content\/uploads\/20322\/Mapa-politico-mudo-de-la-provincia-de-Tucuman.jpg\" target=\"_blank\" rel=\"noopener\"><img loading=\"lazy\" decoding=\"async\" class=\"wp-image-20324\" title=\"Mapa pol\u00edtico mudo de la provincia de Tucum\u00e1n.\" src=\"https:\/\/stesa.com\/mapas\/wp-content\/uploads\/20322\/Mapa-politico-mudo-de-la-provincia-de-Tucuman-300x240.jpg\" alt=\"Mapa pol\u00edtico mudo de la provincia de Tucum\u00e1n.\" width=\"400\" height=\"320\" srcset=\"https:\/\/stesa.com\/mapas\/wp-content\/uploads\/20322\/Mapa-politico-mudo-de-la-provincia-de-Tucuman-300x240.jpg 300w, https:\/\/stesa.com\/mapas\/wp-content\/uploads\/20322\/Mapa-politico-mudo-de-la-provincia-de-Tucuman-1024x819.jpg 1024w, https:\/\/stesa.com\/mapas\/wp-content\/uploads\/20322\/Mapa-politico-mudo-de-la-provincia-de-Tucuman-768x614.jpg 768w, https:\/\/stesa.com\/mapas\/wp-content\/uploads\/20322\/Mapa-politico-mudo-de-la-provincia-de-Tucuman-1536x1228.jpg 1536w, https:\/\/stesa.com\/mapas\/wp-content\/uploads\/20322\/Mapa-politico-mudo-de-la-provincia-de-Tucuman-2048x1637.jpg 2048w, https:\/\/stesa.com\/mapas\/wp-content\/uploads\/20322\/Mapa-politico-mudo-de-la-provincia-de-Tucuman-1600x1279.jpg 1600w\" sizes=\"auto, (max-width: 400px) 100vw, 400px\" \/><\/a><figcaption id=\"caption-attachment-20324\" class=\"wp-caption-text\"><label style=\"font-size: 15px;\">Mapa pol\u00edtico mudo de la provincia de Tucum\u00e1n.<\/label><\/figcaption><\/figure>\n<\/div>\n<div class=\"col-sm\">\n<figure id=\"attachment_20325\" aria-describedby=\"caption-attachment-20325\" style=\"width: 400px\" class=\"wp-caption alignright\"><a href=\"https:\/\/stesa.com\/mapas\/wp-content\/uploads\/20322\/Mapa-topografico-en-blanco-de-la-provincia-de-Tucuman.jpg\" target=\"_blank\" rel=\"noopener\"><img loading=\"lazy\" decoding=\"async\" class=\"wp-image-20325\" title=\"Mapa topogr\u00e1fico en blanco de la provincia de Tucum\u00e1n.\" src=\"https:\/\/stesa.com\/mapas\/wp-content\/uploads\/20322\/Mapa-topografico-en-blanco-de-la-provincia-de-Tucuman-300x239.jpg\" alt=\"Mapa topogr\u00e1fico en blanco de la provincia de Tucum\u00e1n.\" width=\"400\" height=\"319\" srcset=\"https:\/\/stesa.com\/mapas\/wp-content\/uploads\/20322\/Mapa-topografico-en-blanco-de-la-provincia-de-Tucuman-300x239.jpg 300w, https:\/\/stesa.com\/mapas\/wp-content\/uploads\/20322\/Mapa-topografico-en-blanco-de-la-provincia-de-Tucuman-1024x816.jpg 1024w, https:\/\/stesa.com\/mapas\/wp-content\/uploads\/20322\/Mapa-topografico-en-blanco-de-la-provincia-de-Tucuman-768x612.jpg 768w, https:\/\/stesa.com\/mapas\/wp-content\/uploads\/20322\/Mapa-topografico-en-blanco-de-la-provincia-de-Tucuman-1536x1224.jpg 1536w, https:\/\/stesa.com\/mapas\/wp-content\/uploads\/20322\/Mapa-topografico-en-blanco-de-la-provincia-de-Tucuman-2048x1631.jpg 2048w, https:\/\/stesa.com\/mapas\/wp-content\/uploads\/20322\/Mapa-topografico-en-blanco-de-la-provincia-de-Tucuman-1600x1275.jpg 1600w\" sizes=\"auto, (max-width: 400px) 100vw, 400px\" \/><\/a><figcaption id=\"caption-attachment-20325\" class=\"wp-caption-text\"><label style=\"font-size: 15px;\">Mapa topogr\u00e1fico en blanco de la provincia de Tucum\u00e1n.<\/label><\/figcaption><\/figure>\n<\/div>\n<div class=\"col-sm\">\n<figure id=\"attachment_20326\" aria-describedby=\"caption-attachment-20326\" style=\"width: 400px\" class=\"wp-caption aligncenter\"><a href=\"https:\/\/stesa.com\/mapas\/wp-content\/uploads\/20322\/Mapa-fisico-en-blanco-de-la-provincia-de-Tucuman.png\" target=\"_blank\" rel=\"noopener\"><img loading=\"lazy\" decoding=\"async\" class=\"wp-image-20326\" title=\"Mapa f\u00edsico en blanco de la provincia de Tucum\u00e1n.\" src=\"https:\/\/stesa.com\/mapas\/wp-content\/uploads\/20322\/Mapa-fisico-en-blanco-de-la-provincia-de-Tucuman-264x300.png\" alt=\"Mapa f\u00edsico en blanco de la provincia de Tucum\u00e1n.\" width=\"400\" height=\"455\" srcset=\"https:\/\/stesa.com\/mapas\/wp-content\/uploads\/20322\/Mapa-fisico-en-blanco-de-la-provincia-de-Tucuman-264x300.png 264w, https:\/\/stesa.com\/mapas\/wp-content\/uploads\/20322\/Mapa-fisico-en-blanco-de-la-provincia-de-Tucuman-900x1024.png 900w, https:\/\/stesa.com\/mapas\/wp-content\/uploads\/20322\/Mapa-fisico-en-blanco-de-la-provincia-de-Tucuman-768x874.png 768w, https:\/\/stesa.com\/mapas\/wp-content\/uploads\/20322\/Mapa-fisico-en-blanco-de-la-provincia-de-Tucuman-300x341.png 300w, https:\/\/stesa.com\/mapas\/wp-content\/uploads\/20322\/Mapa-fisico-en-blanco-de-la-provincia-de-Tucuman.png 1350w\" sizes=\"auto, (max-width: 400px) 100vw, 400px\" \/><\/a><figcaption id=\"caption-attachment-20326\" class=\"wp-caption-text\"><label style=\"font-size: 15px;\">Mapa f\u00edsico en blanco de la provincia de Tucum\u00e1n.<\/label><\/figcaption><\/figure>\n<\/div>\n<\/div>\n<\/div>\n","protected":false},"excerpt":{"rendered":"<p>Estos mapas mudos de la provincia de Tucum\u00e1n representan la cartograf\u00eda de la provincia, pero sin ning\u00fan tipo de etiquetado. Estos mapas en blanco se pueden <\/p>\n","protected":false},"author":1,"featured_media":20323,"template":"","categoria_ficha":[2204],"class_list":["post-20322","ficha","type-ficha","status-publish","has-post-thumbnail","hentry","categoria_ficha-mapas-de-la-provincia-de-tucuman"],"yoast_head":"<!-- This site is optimized with the Yoast SEO plugin v27.4 - https:\/\/yoast.com\/product\/yoast-seo-wordpress\/ -->\n<title>Mapa mudo de la provincia de Tucum\u00e1n - Galer\u00eda de mapas<\/title>\n<meta name=\"robots\" content=\"index, follow, max-snippet:-1, max-image-preview:large, max-video-preview:-1\" \/>\n<link rel=\"canonical\" href=\"https:\/\/stesa.com\/mapas\/doc\/mapa-mudo-de-la-provincia-de-tucuman\/\" \/>\n<meta property=\"og:locale\" content=\"es_ES\" \/>\n<meta property=\"og:type\" content=\"article\" \/>\n<meta property=\"og:title\" content=\"Mapa mudo de la provincia de Tucum\u00e1n - Galer\u00eda de mapas\" \/>\n<meta property=\"og:description\" content=\"Estos mapas mudos de la provincia de Tucum\u00e1n representan la cartograf\u00eda de la provincia, pero sin ning\u00fan tipo de etiquetado. Estos mapas en blanco se pueden\" \/>\n<meta property=\"og:url\" content=\"https:\/\/stesa.com\/mapas\/doc\/mapa-mudo-de-la-provincia-de-tucuman\/\" \/>\n<meta property=\"og:site_name\" content=\"Galer\u00eda de mapas\" \/>\n<meta property=\"article:modified_time\" content=\"2026-04-26T20:55:42+00:00\" \/>\n<meta property=\"og:image\" content=\"https:\/\/stesa.com\/mapas\/wp-content\/uploads\/20322\/Mapa-mudo-de-la-provincia-de-Tucuman.png\" \/>\n\t<meta property=\"og:image:width\" content=\"1920\" \/>\n\t<meta property=\"og:image:height\" content=\"2186\" \/>\n\t<meta property=\"og:image:type\" content=\"image\/png\" \/>\n<meta name=\"twitter:card\" content=\"summary_large_image\" \/>\n<meta name=\"twitter:label1\" content=\"Tiempo de lectura\" \/>\n\t<meta name=\"twitter:data1\" content=\"2 minutos\" \/>\n<script type=\"application\/ld+json\" class=\"yoast-schema-graph\">{\"@context\":\"https:\\\/\\\/schema.org\",\"@graph\":[{\"@type\":\"WebPage\",\"@id\":\"https:\\\/\\\/stesa.com\\\/mapas\\\/doc\\\/mapa-mudo-de-la-provincia-de-tucuman\\\/\",\"url\":\"https:\\\/\\\/stesa.com\\\/mapas\\\/doc\\\/mapa-mudo-de-la-provincia-de-tucuman\\\/\",\"name\":\"Mapa mudo de la provincia de Tucum\u00e1n - Galer\u00eda de mapas\",\"isPartOf\":{\"@id\":\"https:\\\/\\\/stesa.com\\\/mapas\\\/#website\"},\"primaryImageOfPage\":{\"@id\":\"https:\\\/\\\/stesa.com\\\/mapas\\\/doc\\\/mapa-mudo-de-la-provincia-de-tucuman\\\/#primaryimage\"},\"image\":{\"@id\":\"https:\\\/\\\/stesa.com\\\/mapas\\\/doc\\\/mapa-mudo-de-la-provincia-de-tucuman\\\/#primaryimage\"},\"thumbnailUrl\":\"https:\\\/\\\/stesa.com\\\/mapas\\\/wp-content\\\/uploads\\\/20322\\\/Mapa-mudo-de-la-provincia-de-Tucuman.png\",\"datePublished\":\"2026-04-24T16:02:45+00:00\",\"dateModified\":\"2026-04-26T20:55:42+00:00\",\"breadcrumb\":{\"@id\":\"https:\\\/\\\/stesa.com\\\/mapas\\\/doc\\\/mapa-mudo-de-la-provincia-de-tucuman\\\/#breadcrumb\"},\"inLanguage\":\"es\",\"potentialAction\":[{\"@type\":\"ReadAction\",\"target\":[\"https:\\\/\\\/stesa.com\\\/mapas\\\/doc\\\/mapa-mudo-de-la-provincia-de-tucuman\\\/\"]}]},{\"@type\":\"ImageObject\",\"inLanguage\":\"es\",\"@id\":\"https:\\\/\\\/stesa.com\\\/mapas\\\/doc\\\/mapa-mudo-de-la-provincia-de-tucuman\\\/#primaryimage\",\"url\":\"https:\\\/\\\/stesa.com\\\/mapas\\\/wp-content\\\/uploads\\\/20322\\\/Mapa-mudo-de-la-provincia-de-Tucuman.png\",\"contentUrl\":\"https:\\\/\\\/stesa.com\\\/mapas\\\/wp-content\\\/uploads\\\/20322\\\/Mapa-mudo-de-la-provincia-de-Tucuman.png\",\"width\":1920,\"height\":2186,\"caption\":\"Mapa mudo de la provincia de Tucum\u00e1n.\"},{\"@type\":\"BreadcrumbList\",\"@id\":\"https:\\\/\\\/stesa.com\\\/mapas\\\/doc\\\/mapa-mudo-de-la-provincia-de-tucuman\\\/#breadcrumb\",\"itemListElement\":[{\"@type\":\"ListItem\",\"position\":1,\"name\":\"Portada\",\"item\":\"https:\\\/\\\/gifex.com\\\/mapas\\\/\"},{\"@type\":\"ListItem\",\"position\":2,\"name\":\"Mapa mudo de la provincia de Tucum\u00e1n\"}]},{\"@type\":\"WebSite\",\"@id\":\"https:\\\/\\\/stesa.com\\\/mapas\\\/#website\",\"url\":\"https:\\\/\\\/stesa.com\\\/mapas\\\/\",\"name\":\"Galer\u00eda de mapas\",\"description\":\"\",\"potentialAction\":[{\"@type\":\"SearchAction\",\"target\":{\"@type\":\"EntryPoint\",\"urlTemplate\":\"https:\\\/\\\/stesa.com\\\/mapas\\\/?s={search_term_string}\"},\"query-input\":{\"@type\":\"PropertyValueSpecification\",\"valueRequired\":true,\"valueName\":\"search_term_string\"}}],\"inLanguage\":\"es\"}]}<\/script>\n<!-- \/ Yoast SEO plugin. -->","yoast_head_json":{"title":"Mapa mudo de la provincia de Tucum\u00e1n - Galer\u00eda de mapas","robots":{"index":"index","follow":"follow","max-snippet":"max-snippet:-1","max-image-preview":"max-image-preview:large","max-video-preview":"max-video-preview:-1"},"canonical":"https:\/\/stesa.com\/mapas\/doc\/mapa-mudo-de-la-provincia-de-tucuman\/","og_locale":"es_ES","og_type":"article","og_title":"Mapa mudo de la provincia de Tucum\u00e1n - Galer\u00eda de mapas","og_description":"Estos mapas mudos de la provincia de Tucum\u00e1n representan la cartograf\u00eda de la provincia, pero sin ning\u00fan tipo de etiquetado. Estos mapas en blanco se pueden","og_url":"https:\/\/stesa.com\/mapas\/doc\/mapa-mudo-de-la-provincia-de-tucuman\/","og_site_name":"Galer\u00eda de mapas","article_modified_time":"2026-04-26T20:55:42+00:00","og_image":[{"width":1920,"height":2186,"url":"https:\/\/stesa.com\/mapas\/wp-content\/uploads\/20322\/Mapa-mudo-de-la-provincia-de-Tucuman.png","type":"image\/png"}],"twitter_card":"summary_large_image","twitter_misc":{"Tiempo de lectura":"2 minutos"},"schema":{"@context":"https:\/\/schema.org","@graph":[{"@type":"WebPage","@id":"https:\/\/stesa.com\/mapas\/doc\/mapa-mudo-de-la-provincia-de-tucuman\/","url":"https:\/\/stesa.com\/mapas\/doc\/mapa-mudo-de-la-provincia-de-tucuman\/","name":"Mapa mudo de la provincia de Tucum\u00e1n - Galer\u00eda de mapas","isPartOf":{"@id":"https:\/\/stesa.com\/mapas\/#website"},"primaryImageOfPage":{"@id":"https:\/\/stesa.com\/mapas\/doc\/mapa-mudo-de-la-provincia-de-tucuman\/#primaryimage"},"image":{"@id":"https:\/\/stesa.com\/mapas\/doc\/mapa-mudo-de-la-provincia-de-tucuman\/#primaryimage"},"thumbnailUrl":"https:\/\/stesa.com\/mapas\/wp-content\/uploads\/20322\/Mapa-mudo-de-la-provincia-de-Tucuman.png","datePublished":"2026-04-24T16:02:45+00:00","dateModified":"2026-04-26T20:55:42+00:00","breadcrumb":{"@id":"https:\/\/stesa.com\/mapas\/doc\/mapa-mudo-de-la-provincia-de-tucuman\/#breadcrumb"},"inLanguage":"es","potentialAction":[{"@type":"ReadAction","target":["https:\/\/stesa.com\/mapas\/doc\/mapa-mudo-de-la-provincia-de-tucuman\/"]}]},{"@type":"ImageObject","inLanguage":"es","@id":"https:\/\/stesa.com\/mapas\/doc\/mapa-mudo-de-la-provincia-de-tucuman\/#primaryimage","url":"https:\/\/stesa.com\/mapas\/wp-content\/uploads\/20322\/Mapa-mudo-de-la-provincia-de-Tucuman.png","contentUrl":"https:\/\/stesa.com\/mapas\/wp-content\/uploads\/20322\/Mapa-mudo-de-la-provincia-de-Tucuman.png","width":1920,"height":2186,"caption":"Mapa mudo de la provincia de Tucum\u00e1n."},{"@type":"BreadcrumbList","@id":"https:\/\/stesa.com\/mapas\/doc\/mapa-mudo-de-la-provincia-de-tucuman\/#breadcrumb","itemListElement":[{"@type":"ListItem","position":1,"name":"Portada","item":"https:\/\/gifex.com\/mapas\/"},{"@type":"ListItem","position":2,"name":"Mapa mudo de la provincia de Tucum\u00e1n"}]},{"@type":"WebSite","@id":"https:\/\/stesa.com\/mapas\/#website","url":"https:\/\/stesa.com\/mapas\/","name":"Galer\u00eda de mapas","description":"","potentialAction":[{"@type":"SearchAction","target":{"@type":"EntryPoint","urlTemplate":"https:\/\/stesa.com\/mapas\/?s={search_term_string}"},"query-input":{"@type":"PropertyValueSpecification","valueRequired":true,"valueName":"search_term_string"}}],"inLanguage":"es"}]}},"_links":{"self":[{"href":"https:\/\/stesa.com\/mapas\/wp-json\/wp\/v2\/ficha\/20322","targetHints":{"allow":["GET"]}}],"collection":[{"href":"https:\/\/stesa.com\/mapas\/wp-json\/wp\/v2\/ficha"}],"about":[{"href":"https:\/\/stesa.com\/mapas\/wp-json\/wp\/v2\/types\/ficha"}],"author":[{"embeddable":true,"href":"https:\/\/stesa.com\/mapas\/wp-json\/wp\/v2\/users\/1"}],"version-history":[{"count":5,"href":"https:\/\/stesa.com\/mapas\/wp-json\/wp\/v2\/ficha\/20322\/revisions"}],"predecessor-version":[{"id":20676,"href":"https:\/\/stesa.com\/mapas\/wp-json\/wp\/v2\/ficha\/20322\/revisions\/20676"}],"wp:featuredmedia":[{"embeddable":true,"href":"https:\/\/stesa.com\/mapas\/wp-json\/wp\/v2\/media\/20323"}],"wp:attachment":[{"href":"https:\/\/stesa.com\/mapas\/wp-json\/wp\/v2\/media?parent=20322"}],"wp:term":[{"taxonomy":"categoria_ficha","embeddable":true,"href":"https:\/\/stesa.com\/mapas\/wp-json\/wp\/v2\/categoria_ficha?post=20322"}],"curies":[{"name":"wp","href":"https:\/\/api.w.org\/{rel}","templated":true}]}}