{"id":20277,"date":"2026-04-24T14:14:50","date_gmt":"2026-04-24T14:14:50","guid":{"rendered":"https:\/\/stesa.com\/mapas\/?post_type=ficha&#038;p=20277"},"modified":"2026-04-24T14:14:50","modified_gmt":"2026-04-24T14:14:50","slug":"mapa-politico-de-la-provincia-de-santiago-del-estero","status":"publish","type":"ficha","link":"https:\/\/stesa.com\/mapas\/doc\/mapa-politico-de-la-provincia-de-santiago-del-estero\/","title":{"rendered":"Mapa pol\u00edtico de la provincia de Santiago del Estero"},"content":{"rendered":"<p style=\"text-align: center;\"><label style=\"font-size: 15px;\">Mapa pol\u00edtico de la provincia de Santiago del Estero <a href=\"https:\/\/stesa.com\/mapas\/wp-content\/uploads\/20277\/Mapa-politico-de-la-provincia-de-Santiago-del-Estero.pdf\" target=\"_blank\" rel=\"noopener\">(formato PDF)<\/a>.<\/label><\/p>\n<p><strong>Divisi\u00f3n pol\u00edtico-administrativa de la provincia de Santiago del Estero<\/strong><\/p>\n<p>La Provincia de Santiago del Estero se organiza pol\u00edticamente en 27 departamentos, que constituyen sus principales divisiones administrativas. Dentro de ellos se distribuyen municipios y comisiones municipales.<\/p>\n<figure id=\"attachment_20282\" aria-describedby=\"caption-attachment-20282\" style=\"width: 360px\" class=\"wp-caption alignright\"><a href=\"https:\/\/stesa.com\/mapas\/wp-content\/uploads\/20277\/Division-politico-administrativa-de-la-provincia-de-Santiago-del-Estero.jpg\" target=\"_blank\" rel=\"noopener\"><img loading=\"lazy\" decoding=\"async\" class=\"wp-image-20282\" title=\"Divisi\u00f3n pol\u00edtico-administrativa de la provincia de Santiago del Estero.\" src=\"https:\/\/stesa.com\/mapas\/wp-content\/uploads\/20277\/Division-politico-administrativa-de-la-provincia-de-Santiago-del-Estero-213x300.jpg\" alt=\"Divisi\u00f3n pol\u00edtico-administrativa de la provincia de Santiago del Estero.\" width=\"360\" height=\"507\" srcset=\"https:\/\/stesa.com\/mapas\/wp-content\/uploads\/20277\/Division-politico-administrativa-de-la-provincia-de-Santiago-del-Estero-213x300.jpg 213w, https:\/\/stesa.com\/mapas\/wp-content\/uploads\/20277\/Division-politico-administrativa-de-la-provincia-de-Santiago-del-Estero-727x1024.jpg 727w, https:\/\/stesa.com\/mapas\/wp-content\/uploads\/20277\/Division-politico-administrativa-de-la-provincia-de-Santiago-del-Estero-768x1082.jpg 768w, https:\/\/stesa.com\/mapas\/wp-content\/uploads\/20277\/Division-politico-administrativa-de-la-provincia-de-Santiago-del-Estero-1090x1536.jpg 1090w, https:\/\/stesa.com\/mapas\/wp-content\/uploads\/20277\/Division-politico-administrativa-de-la-provincia-de-Santiago-del-Estero-300x423.jpg 300w, https:\/\/stesa.com\/mapas\/wp-content\/uploads\/20277\/Division-politico-administrativa-de-la-provincia-de-Santiago-del-Estero-1135x1600.jpg 1135w, https:\/\/stesa.com\/mapas\/wp-content\/uploads\/20277\/Division-politico-administrativa-de-la-provincia-de-Santiago-del-Estero.jpg 1251w\" sizes=\"auto, (max-width: 360px) 100vw, 360px\" \/><\/a><figcaption id=\"caption-attachment-20282\" class=\"wp-caption-text\"><label style=\"font-size: 15px;\">Divisi\u00f3n pol\u00edtico-administrativa de la provincia de Santiago del Estero <a href=\"https:\/\/stesa.com\/mapas\/wp-content\/uploads\/20277\/Division-politico-administrativa-de-la-provincia-de-Santiago-del-Estero.pdf\" target=\"_blank\" rel=\"noopener\">(formato PDF)<\/a>.<\/label><\/figcaption><\/figure>\n<p><strong>Departamentos de Santiago del Estero<\/strong><\/p>\n<ol>\n<li>Aguirre<\/li>\n<li>Alberdi<\/li>\n<li>Atamisqui<\/li>\n<li>Avellaneda<\/li>\n<li>Banda<\/li>\n<li>Belgrano<\/li>\n<li>Capital<\/li>\n<li>Choya<\/li>\n<li>Copo<\/li>\n<li>Figueroa<\/li>\n<li>General Taboada<\/li>\n<li>Guasay\u00e1n<\/li>\n<li>Jim\u00e9nez<\/li>\n<li>Juan Felipe Ibarra<\/li>\n<li>Loreto<\/li>\n<li>Mitre<\/li>\n<li>Moreno<\/li>\n<li>Ojo de Agua<\/li>\n<li>Pellegrini<\/li>\n<li>Quebrachos<\/li>\n<li>R\u00edo Hondo<\/li>\n<li>Rivadavia<\/li>\n<li>Robles<\/li>\n<li>Salavina<\/li>\n<li>San Mart\u00edn<\/li>\n<li>Sarmiento<\/li>\n<li>Sil\u00edpica<\/li>\n<\/ol>\n<p><strong>Organizaci\u00f3n local<\/strong><\/p>\n<p>Capital provincial: Santiago del Estero<\/p>\n<p><strong>Caracter\u00edsticas administrativas<\/strong><\/p>\n<p>Cada departamento tiene localidades urbanas y rurales, y los municipios administran servicios p\u00fablicos, ordenamiento urbano y desarrollo local, mientras que el gobierno provincial coordina pol\u00edticas generales desde la capital.<\/p>\n","protected":false},"excerpt":{"rendered":"<p>La Provincia de Santiago del Estero se organiza pol\u00edticamente en 27 departamentos, que constituyen sus principales divisiones administrativas. Dentro de ellos<\/p>\n","protected":false},"author":1,"featured_media":20280,"template":"","categoria_ficha":[2202],"class_list":["post-20277","ficha","type-ficha","status-publish","has-post-thumbnail","hentry","categoria_ficha-mapas-de-la-provincia-de-santiago-del-estero"],"yoast_head":"<!-- This site is optimized with the Yoast SEO plugin v27.4 - https:\/\/yoast.com\/product\/yoast-seo-wordpress\/ -->\n<title>Mapa pol\u00edtico de la provincia de Santiago del Estero - Galer\u00eda de mapas<\/title>\n<meta name=\"robots\" content=\"index, follow, max-snippet:-1, max-image-preview:large, max-video-preview:-1\" \/>\n<link rel=\"canonical\" href=\"https:\/\/stesa.com\/mapas\/doc\/mapa-politico-de-la-provincia-de-santiago-del-estero\/\" \/>\n<meta property=\"og:locale\" content=\"es_ES\" \/>\n<meta property=\"og:type\" content=\"article\" \/>\n<meta property=\"og:title\" content=\"Mapa pol\u00edtico de la provincia de Santiago del Estero - Galer\u00eda de mapas\" \/>\n<meta property=\"og:description\" content=\"La Provincia de Santiago del Estero se organiza pol\u00edticamente en 27 departamentos, que constituyen sus principales divisiones administrativas. Dentro de ellos\" \/>\n<meta property=\"og:url\" content=\"https:\/\/stesa.com\/mapas\/doc\/mapa-politico-de-la-provincia-de-santiago-del-estero\/\" \/>\n<meta property=\"og:site_name\" content=\"Galer\u00eda de mapas\" \/>\n<meta property=\"og:image\" content=\"https:\/\/stesa.com\/mapas\/wp-content\/uploads\/20277\/Mapa-politico-de-la-provincia-de-Santiago-del-Estero-715x1024.jpg\" \/>\n\t<meta property=\"og:image:width\" content=\"715\" \/>\n\t<meta property=\"og:image:height\" content=\"1024\" \/>\n\t<meta property=\"og:image:type\" content=\"image\/jpeg\" \/>\n<meta name=\"twitter:card\" content=\"summary_large_image\" \/>\n<meta name=\"twitter:label1\" content=\"Tiempo de lectura\" \/>\n\t<meta name=\"twitter:data1\" content=\"2 minutos\" \/>\n<script type=\"application\/ld+json\" class=\"yoast-schema-graph\">{\"@context\":\"https:\\\/\\\/schema.org\",\"@graph\":[{\"@type\":\"WebPage\",\"@id\":\"https:\\\/\\\/stesa.com\\\/mapas\\\/doc\\\/mapa-politico-de-la-provincia-de-santiago-del-estero\\\/\",\"url\":\"https:\\\/\\\/stesa.com\\\/mapas\\\/doc\\\/mapa-politico-de-la-provincia-de-santiago-del-estero\\\/\",\"name\":\"Mapa pol\u00edtico de la provincia de Santiago del Estero - Galer\u00eda de mapas\",\"isPartOf\":{\"@id\":\"https:\\\/\\\/stesa.com\\\/mapas\\\/#website\"},\"primaryImageOfPage\":{\"@id\":\"https:\\\/\\\/stesa.com\\\/mapas\\\/doc\\\/mapa-politico-de-la-provincia-de-santiago-del-estero\\\/#primaryimage\"},\"image\":{\"@id\":\"https:\\\/\\\/stesa.com\\\/mapas\\\/doc\\\/mapa-politico-de-la-provincia-de-santiago-del-estero\\\/#primaryimage\"},\"thumbnailUrl\":\"https:\\\/\\\/stesa.com\\\/mapas\\\/wp-content\\\/uploads\\\/20277\\\/Mapa-politico-de-la-provincia-de-Santiago-del-Estero.jpg\",\"datePublished\":\"2026-04-24T14:14:50+00:00\",\"breadcrumb\":{\"@id\":\"https:\\\/\\\/stesa.com\\\/mapas\\\/doc\\\/mapa-politico-de-la-provincia-de-santiago-del-estero\\\/#breadcrumb\"},\"inLanguage\":\"es\",\"potentialAction\":[{\"@type\":\"ReadAction\",\"target\":[\"https:\\\/\\\/stesa.com\\\/mapas\\\/doc\\\/mapa-politico-de-la-provincia-de-santiago-del-estero\\\/\"]}]},{\"@type\":\"ImageObject\",\"inLanguage\":\"es\",\"@id\":\"https:\\\/\\\/stesa.com\\\/mapas\\\/doc\\\/mapa-politico-de-la-provincia-de-santiago-del-estero\\\/#primaryimage\",\"url\":\"https:\\\/\\\/stesa.com\\\/mapas\\\/wp-content\\\/uploads\\\/20277\\\/Mapa-politico-de-la-provincia-de-Santiago-del-Estero.jpg\",\"contentUrl\":\"https:\\\/\\\/stesa.com\\\/mapas\\\/wp-content\\\/uploads\\\/20277\\\/Mapa-politico-de-la-provincia-de-Santiago-del-Estero.jpg\",\"width\":2425,\"height\":3473,\"caption\":\"Mapa pol\u00edtico de la provincia de Santiago del Estero.\"},{\"@type\":\"BreadcrumbList\",\"@id\":\"https:\\\/\\\/stesa.com\\\/mapas\\\/doc\\\/mapa-politico-de-la-provincia-de-santiago-del-estero\\\/#breadcrumb\",\"itemListElement\":[{\"@type\":\"ListItem\",\"position\":1,\"name\":\"Portada\",\"item\":\"https:\\\/\\\/gifex.com\\\/mapas\\\/\"},{\"@type\":\"ListItem\",\"position\":2,\"name\":\"Mapa pol\u00edtico de la provincia de Santiago del Estero\"}]},{\"@type\":\"WebSite\",\"@id\":\"https:\\\/\\\/stesa.com\\\/mapas\\\/#website\",\"url\":\"https:\\\/\\\/stesa.com\\\/mapas\\\/\",\"name\":\"Galer\u00eda de mapas\",\"description\":\"\",\"potentialAction\":[{\"@type\":\"SearchAction\",\"target\":{\"@type\":\"EntryPoint\",\"urlTemplate\":\"https:\\\/\\\/stesa.com\\\/mapas\\\/?s={search_term_string}\"},\"query-input\":{\"@type\":\"PropertyValueSpecification\",\"valueRequired\":true,\"valueName\":\"search_term_string\"}}],\"inLanguage\":\"es\"}]}<\/script>\n<!-- \/ Yoast SEO plugin. -->","yoast_head_json":{"title":"Mapa pol\u00edtico de la provincia de Santiago del Estero - Galer\u00eda de mapas","robots":{"index":"index","follow":"follow","max-snippet":"max-snippet:-1","max-image-preview":"max-image-preview:large","max-video-preview":"max-video-preview:-1"},"canonical":"https:\/\/stesa.com\/mapas\/doc\/mapa-politico-de-la-provincia-de-santiago-del-estero\/","og_locale":"es_ES","og_type":"article","og_title":"Mapa pol\u00edtico de la provincia de Santiago del Estero - Galer\u00eda de mapas","og_description":"La Provincia de Santiago del Estero se organiza pol\u00edticamente en 27 departamentos, que constituyen sus principales divisiones administrativas. Dentro de ellos","og_url":"https:\/\/stesa.com\/mapas\/doc\/mapa-politico-de-la-provincia-de-santiago-del-estero\/","og_site_name":"Galer\u00eda de mapas","og_image":[{"width":715,"height":1024,"url":"https:\/\/stesa.com\/mapas\/wp-content\/uploads\/20277\/Mapa-politico-de-la-provincia-de-Santiago-del-Estero-715x1024.jpg","type":"image\/jpeg"}],"twitter_card":"summary_large_image","twitter_misc":{"Tiempo de lectura":"2 minutos"},"schema":{"@context":"https:\/\/schema.org","@graph":[{"@type":"WebPage","@id":"https:\/\/stesa.com\/mapas\/doc\/mapa-politico-de-la-provincia-de-santiago-del-estero\/","url":"https:\/\/stesa.com\/mapas\/doc\/mapa-politico-de-la-provincia-de-santiago-del-estero\/","name":"Mapa pol\u00edtico de la provincia de Santiago del Estero - Galer\u00eda de mapas","isPartOf":{"@id":"https:\/\/stesa.com\/mapas\/#website"},"primaryImageOfPage":{"@id":"https:\/\/stesa.com\/mapas\/doc\/mapa-politico-de-la-provincia-de-santiago-del-estero\/#primaryimage"},"image":{"@id":"https:\/\/stesa.com\/mapas\/doc\/mapa-politico-de-la-provincia-de-santiago-del-estero\/#primaryimage"},"thumbnailUrl":"https:\/\/stesa.com\/mapas\/wp-content\/uploads\/20277\/Mapa-politico-de-la-provincia-de-Santiago-del-Estero.jpg","datePublished":"2026-04-24T14:14:50+00:00","breadcrumb":{"@id":"https:\/\/stesa.com\/mapas\/doc\/mapa-politico-de-la-provincia-de-santiago-del-estero\/#breadcrumb"},"inLanguage":"es","potentialAction":[{"@type":"ReadAction","target":["https:\/\/stesa.com\/mapas\/doc\/mapa-politico-de-la-provincia-de-santiago-del-estero\/"]}]},{"@type":"ImageObject","inLanguage":"es","@id":"https:\/\/stesa.com\/mapas\/doc\/mapa-politico-de-la-provincia-de-santiago-del-estero\/#primaryimage","url":"https:\/\/stesa.com\/mapas\/wp-content\/uploads\/20277\/Mapa-politico-de-la-provincia-de-Santiago-del-Estero.jpg","contentUrl":"https:\/\/stesa.com\/mapas\/wp-content\/uploads\/20277\/Mapa-politico-de-la-provincia-de-Santiago-del-Estero.jpg","width":2425,"height":3473,"caption":"Mapa pol\u00edtico de la provincia de Santiago del Estero."},{"@type":"BreadcrumbList","@id":"https:\/\/stesa.com\/mapas\/doc\/mapa-politico-de-la-provincia-de-santiago-del-estero\/#breadcrumb","itemListElement":[{"@type":"ListItem","position":1,"name":"Portada","item":"https:\/\/gifex.com\/mapas\/"},{"@type":"ListItem","position":2,"name":"Mapa pol\u00edtico de la provincia de Santiago del Estero"}]},{"@type":"WebSite","@id":"https:\/\/stesa.com\/mapas\/#website","url":"https:\/\/stesa.com\/mapas\/","name":"Galer\u00eda de mapas","description":"","potentialAction":[{"@type":"SearchAction","target":{"@type":"EntryPoint","urlTemplate":"https:\/\/stesa.com\/mapas\/?s={search_term_string}"},"query-input":{"@type":"PropertyValueSpecification","valueRequired":true,"valueName":"search_term_string"}}],"inLanguage":"es"}]}},"_links":{"self":[{"href":"https:\/\/stesa.com\/mapas\/wp-json\/wp\/v2\/ficha\/20277","targetHints":{"allow":["GET"]}}],"collection":[{"href":"https:\/\/stesa.com\/mapas\/wp-json\/wp\/v2\/ficha"}],"about":[{"href":"https:\/\/stesa.com\/mapas\/wp-json\/wp\/v2\/types\/ficha"}],"author":[{"embeddable":true,"href":"https:\/\/stesa.com\/mapas\/wp-json\/wp\/v2\/users\/1"}],"version-history":[{"count":1,"href":"https:\/\/stesa.com\/mapas\/wp-json\/wp\/v2\/ficha\/20277\/revisions"}],"predecessor-version":[{"id":20284,"href":"https:\/\/stesa.com\/mapas\/wp-json\/wp\/v2\/ficha\/20277\/revisions\/20284"}],"wp:featuredmedia":[{"embeddable":true,"href":"https:\/\/stesa.com\/mapas\/wp-json\/wp\/v2\/media\/20280"}],"wp:attachment":[{"href":"https:\/\/stesa.com\/mapas\/wp-json\/wp\/v2\/media?parent=20277"}],"wp:term":[{"taxonomy":"categoria_ficha","embeddable":true,"href":"https:\/\/stesa.com\/mapas\/wp-json\/wp\/v2\/categoria_ficha?post=20277"}],"curies":[{"name":"wp","href":"https:\/\/api.w.org\/{rel}","templated":true}]}}