{"id":20219,"date":"2026-04-23T18:34:47","date_gmt":"2026-04-23T18:34:47","guid":{"rendered":"https:\/\/stesa.com\/mapas\/?post_type=ficha&#038;p=20219"},"modified":"2026-04-23T18:34:47","modified_gmt":"2026-04-23T18:34:47","slug":"mapa-politico-de-la-provincia-de-santa-fe","status":"publish","type":"ficha","link":"https:\/\/stesa.com\/mapas\/doc\/mapa-politico-de-la-provincia-de-santa-fe\/","title":{"rendered":"Mapa pol\u00edtico de la provincia de Santa Fe"},"content":{"rendered":"<p style=\"text-align: center;\"><label style=\"font-size: 15px;\">Mapa pol\u00edtico de la provincia de Santa Fe <a href=\"https:\/\/stesa.com\/mapas\/wp-content\/uploads\/20219\/Mapa-politico-de-la-provincia-de-Santa-Fe.pdf\" target=\"_blank\" rel=\"noopener\">(formato PDF)<\/a>.<\/label><\/p>\n<p><strong>Divisi\u00f3n pol\u00edtico-administrativa de la provincia de Santa Fe<\/strong><\/p>\n<p>La Provincia de Santa Fe est\u00e1 organizada pol\u00edticamente en 19 departamentos, que constituyen sus principales divisiones administrativas. Cada departamento agrupa municipios y comunas.<\/p>\n<figure id=\"attachment_20222\" aria-describedby=\"caption-attachment-20222\" style=\"width: 360px\" class=\"wp-caption alignright\"><a href=\"https:\/\/stesa.com\/mapas\/wp-content\/uploads\/20219\/Division-politico-administrativa-de-la-provincia-de-Santa-Fe.jpg\" target=\"_blank\" rel=\"noopener\"><img loading=\"lazy\" decoding=\"async\" class=\"wp-image-20222\" title=\"Divisi\u00f3n pol\u00edtico-administrativa de la provincia de Santa Fe.\" src=\"https:\/\/stesa.com\/mapas\/wp-content\/uploads\/20219\/Division-politico-administrativa-de-la-provincia-de-Santa-Fe-213x300.jpg\" alt=\"Divisi\u00f3n pol\u00edtico-administrativa de la provincia de Santa Fe.\" width=\"360\" height=\"506\" srcset=\"https:\/\/stesa.com\/mapas\/wp-content\/uploads\/20219\/Division-politico-administrativa-de-la-provincia-de-Santa-Fe-213x300.jpg 213w, https:\/\/stesa.com\/mapas\/wp-content\/uploads\/20219\/Division-politico-administrativa-de-la-provincia-de-Santa-Fe-729x1024.jpg 729w, https:\/\/stesa.com\/mapas\/wp-content\/uploads\/20219\/Division-politico-administrativa-de-la-provincia-de-Santa-Fe-768x1080.jpg 768w, https:\/\/stesa.com\/mapas\/wp-content\/uploads\/20219\/Division-politico-administrativa-de-la-provincia-de-Santa-Fe-1093x1536.jpg 1093w, https:\/\/stesa.com\/mapas\/wp-content\/uploads\/20219\/Division-politico-administrativa-de-la-provincia-de-Santa-Fe-300x422.jpg 300w, https:\/\/stesa.com\/mapas\/wp-content\/uploads\/20219\/Division-politico-administrativa-de-la-provincia-de-Santa-Fe-1138x1600.jpg 1138w, https:\/\/stesa.com\/mapas\/wp-content\/uploads\/20219\/Division-politico-administrativa-de-la-provincia-de-Santa-Fe.jpg 1250w\" sizes=\"auto, (max-width: 360px) 100vw, 360px\" \/><\/a><figcaption id=\"caption-attachment-20222\" class=\"wp-caption-text\"><label style=\"font-size: 15px;\">Divisi\u00f3n pol\u00edtico-administrativa de la provincia de Santa Fe <a href=\"https:\/\/stesa.com\/mapas\/wp-content\/uploads\/20219\/Division-politico-administrativa-de-la-provincia-de-Santa-Fe.pdf\" target=\"_blank\" rel=\"noopener\">(formato PDF)<\/a>.<\/label><\/figcaption><\/figure>\n<p><strong>Departamentos de Santa Fe<\/strong><\/p>\n<ol>\n<li>Belgrano<\/li>\n<li>Caseros<\/li>\n<li>Castellanos<\/li>\n<li>Constituci\u00f3n<\/li>\n<li>Garay<\/li>\n<li>General L\u00f3pez<\/li>\n<li>General Obligado<\/li>\n<li>Iriondo<\/li>\n<li>La Capital<\/li>\n<li>Las Colonias<\/li>\n<li>9 de Julio<\/li>\n<li>Rosario<\/li>\n<li>San Crist\u00f3bal<\/li>\n<li>San Javier<\/li>\n<li>San Jer\u00f3nimo<\/li>\n<li>San Justo<\/li>\n<li>San Lorenzo<\/li>\n<li>San Mart\u00edn<\/li>\n<li>Vera<\/li>\n<\/ol>\n<p><strong>Organizaci\u00f3n local<\/strong><\/p>\n<p>Dentro de estos departamentos existen:<\/p>\n<ul>\n<li>Municipios: ciudades y localidades con gobierno municipal.<\/li>\n<li>Comunas: poblaciones m\u00e1s peque\u00f1as con administraci\u00f3n comunal.<\/li>\n<\/ul>\n<p><strong>Capital provincial<\/strong><\/p>\n<p>La capital es la ciudad de Santa Fe, mientras que Rosario es la ciudad m\u00e1s poblada e importante econ\u00f3micamente.<\/p>\n","protected":false},"excerpt":{"rendered":"<p>La Provincia de Santa Fe est\u00e1 organizada pol\u00edticamente en 19 departamentos, que constituyen sus principales divisiones administrativas. Cada departamento &#8230;<\/p>\n","protected":false},"author":1,"featured_media":20220,"template":"","categoria_ficha":[2201],"class_list":["post-20219","ficha","type-ficha","status-publish","has-post-thumbnail","hentry","categoria_ficha-mapas-de-la-provincia-de-santa-fe"],"yoast_head":"<!-- This site is optimized with the Yoast SEO plugin v27.4 - https:\/\/yoast.com\/product\/yoast-seo-wordpress\/ -->\n<title>Mapa pol\u00edtico de la provincia de Santa Fe - Galer\u00eda de mapas<\/title>\n<meta name=\"robots\" content=\"index, follow, max-snippet:-1, max-image-preview:large, max-video-preview:-1\" \/>\n<link rel=\"canonical\" href=\"https:\/\/stesa.com\/mapas\/doc\/mapa-politico-de-la-provincia-de-santa-fe\/\" \/>\n<meta property=\"og:locale\" content=\"es_ES\" \/>\n<meta property=\"og:type\" content=\"article\" \/>\n<meta property=\"og:title\" content=\"Mapa pol\u00edtico de la provincia de Santa Fe - Galer\u00eda de mapas\" \/>\n<meta property=\"og:description\" content=\"La Provincia de Santa Fe est\u00e1 organizada pol\u00edticamente en 19 departamentos, que constituyen sus principales divisiones administrativas. Cada departamento ...\" \/>\n<meta property=\"og:url\" content=\"https:\/\/stesa.com\/mapas\/doc\/mapa-politico-de-la-provincia-de-santa-fe\/\" \/>\n<meta property=\"og:site_name\" content=\"Galer\u00eda de mapas\" \/>\n<meta property=\"og:image\" content=\"https:\/\/stesa.com\/mapas\/wp-content\/uploads\/20219\/Mapa-politico-de-la-provincia-de-Santa-Fe-710x1024.jpg\" \/>\n\t<meta property=\"og:image:width\" content=\"710\" \/>\n\t<meta property=\"og:image:height\" content=\"1024\" \/>\n\t<meta property=\"og:image:type\" content=\"image\/jpeg\" \/>\n<meta name=\"twitter:card\" content=\"summary_large_image\" \/>\n<meta name=\"twitter:label1\" content=\"Tiempo de lectura\" \/>\n\t<meta name=\"twitter:data1\" content=\"1 minuto\" \/>\n<script type=\"application\/ld+json\" class=\"yoast-schema-graph\">{\"@context\":\"https:\\\/\\\/schema.org\",\"@graph\":[{\"@type\":\"WebPage\",\"@id\":\"https:\\\/\\\/stesa.com\\\/mapas\\\/doc\\\/mapa-politico-de-la-provincia-de-santa-fe\\\/\",\"url\":\"https:\\\/\\\/stesa.com\\\/mapas\\\/doc\\\/mapa-politico-de-la-provincia-de-santa-fe\\\/\",\"name\":\"Mapa pol\u00edtico de la provincia de Santa Fe - Galer\u00eda de mapas\",\"isPartOf\":{\"@id\":\"https:\\\/\\\/stesa.com\\\/mapas\\\/#website\"},\"primaryImageOfPage\":{\"@id\":\"https:\\\/\\\/stesa.com\\\/mapas\\\/doc\\\/mapa-politico-de-la-provincia-de-santa-fe\\\/#primaryimage\"},\"image\":{\"@id\":\"https:\\\/\\\/stesa.com\\\/mapas\\\/doc\\\/mapa-politico-de-la-provincia-de-santa-fe\\\/#primaryimage\"},\"thumbnailUrl\":\"https:\\\/\\\/stesa.com\\\/mapas\\\/wp-content\\\/uploads\\\/20219\\\/Mapa-politico-de-la-provincia-de-Santa-Fe.jpg\",\"datePublished\":\"2026-04-23T18:34:47+00:00\",\"breadcrumb\":{\"@id\":\"https:\\\/\\\/stesa.com\\\/mapas\\\/doc\\\/mapa-politico-de-la-provincia-de-santa-fe\\\/#breadcrumb\"},\"inLanguage\":\"es\",\"potentialAction\":[{\"@type\":\"ReadAction\",\"target\":[\"https:\\\/\\\/stesa.com\\\/mapas\\\/doc\\\/mapa-politico-de-la-provincia-de-santa-fe\\\/\"]}]},{\"@type\":\"ImageObject\",\"inLanguage\":\"es\",\"@id\":\"https:\\\/\\\/stesa.com\\\/mapas\\\/doc\\\/mapa-politico-de-la-provincia-de-santa-fe\\\/#primaryimage\",\"url\":\"https:\\\/\\\/stesa.com\\\/mapas\\\/wp-content\\\/uploads\\\/20219\\\/Mapa-politico-de-la-provincia-de-Santa-Fe.jpg\",\"contentUrl\":\"https:\\\/\\\/stesa.com\\\/mapas\\\/wp-content\\\/uploads\\\/20219\\\/Mapa-politico-de-la-provincia-de-Santa-Fe.jpg\",\"width\":2409,\"height\":3473,\"caption\":\"Mapa pol\u00edtico de la provincia de Santa Fe.\"},{\"@type\":\"BreadcrumbList\",\"@id\":\"https:\\\/\\\/stesa.com\\\/mapas\\\/doc\\\/mapa-politico-de-la-provincia-de-santa-fe\\\/#breadcrumb\",\"itemListElement\":[{\"@type\":\"ListItem\",\"position\":1,\"name\":\"Portada\",\"item\":\"https:\\\/\\\/gifex.com\\\/mapas\\\/\"},{\"@type\":\"ListItem\",\"position\":2,\"name\":\"Mapa pol\u00edtico de la provincia de Santa Fe\"}]},{\"@type\":\"WebSite\",\"@id\":\"https:\\\/\\\/stesa.com\\\/mapas\\\/#website\",\"url\":\"https:\\\/\\\/stesa.com\\\/mapas\\\/\",\"name\":\"Galer\u00eda de mapas\",\"description\":\"\",\"potentialAction\":[{\"@type\":\"SearchAction\",\"target\":{\"@type\":\"EntryPoint\",\"urlTemplate\":\"https:\\\/\\\/stesa.com\\\/mapas\\\/?s={search_term_string}\"},\"query-input\":{\"@type\":\"PropertyValueSpecification\",\"valueRequired\":true,\"valueName\":\"search_term_string\"}}],\"inLanguage\":\"es\"}]}<\/script>\n<!-- \/ Yoast SEO plugin. -->","yoast_head_json":{"title":"Mapa pol\u00edtico de la provincia de Santa Fe - Galer\u00eda de mapas","robots":{"index":"index","follow":"follow","max-snippet":"max-snippet:-1","max-image-preview":"max-image-preview:large","max-video-preview":"max-video-preview:-1"},"canonical":"https:\/\/stesa.com\/mapas\/doc\/mapa-politico-de-la-provincia-de-santa-fe\/","og_locale":"es_ES","og_type":"article","og_title":"Mapa pol\u00edtico de la provincia de Santa Fe - Galer\u00eda de mapas","og_description":"La Provincia de Santa Fe est\u00e1 organizada pol\u00edticamente en 19 departamentos, que constituyen sus principales divisiones administrativas. Cada departamento ...","og_url":"https:\/\/stesa.com\/mapas\/doc\/mapa-politico-de-la-provincia-de-santa-fe\/","og_site_name":"Galer\u00eda de mapas","og_image":[{"width":710,"height":1024,"url":"https:\/\/stesa.com\/mapas\/wp-content\/uploads\/20219\/Mapa-politico-de-la-provincia-de-Santa-Fe-710x1024.jpg","type":"image\/jpeg"}],"twitter_card":"summary_large_image","twitter_misc":{"Tiempo de lectura":"1 minuto"},"schema":{"@context":"https:\/\/schema.org","@graph":[{"@type":"WebPage","@id":"https:\/\/stesa.com\/mapas\/doc\/mapa-politico-de-la-provincia-de-santa-fe\/","url":"https:\/\/stesa.com\/mapas\/doc\/mapa-politico-de-la-provincia-de-santa-fe\/","name":"Mapa pol\u00edtico de la provincia de Santa Fe - Galer\u00eda de mapas","isPartOf":{"@id":"https:\/\/stesa.com\/mapas\/#website"},"primaryImageOfPage":{"@id":"https:\/\/stesa.com\/mapas\/doc\/mapa-politico-de-la-provincia-de-santa-fe\/#primaryimage"},"image":{"@id":"https:\/\/stesa.com\/mapas\/doc\/mapa-politico-de-la-provincia-de-santa-fe\/#primaryimage"},"thumbnailUrl":"https:\/\/stesa.com\/mapas\/wp-content\/uploads\/20219\/Mapa-politico-de-la-provincia-de-Santa-Fe.jpg","datePublished":"2026-04-23T18:34:47+00:00","breadcrumb":{"@id":"https:\/\/stesa.com\/mapas\/doc\/mapa-politico-de-la-provincia-de-santa-fe\/#breadcrumb"},"inLanguage":"es","potentialAction":[{"@type":"ReadAction","target":["https:\/\/stesa.com\/mapas\/doc\/mapa-politico-de-la-provincia-de-santa-fe\/"]}]},{"@type":"ImageObject","inLanguage":"es","@id":"https:\/\/stesa.com\/mapas\/doc\/mapa-politico-de-la-provincia-de-santa-fe\/#primaryimage","url":"https:\/\/stesa.com\/mapas\/wp-content\/uploads\/20219\/Mapa-politico-de-la-provincia-de-Santa-Fe.jpg","contentUrl":"https:\/\/stesa.com\/mapas\/wp-content\/uploads\/20219\/Mapa-politico-de-la-provincia-de-Santa-Fe.jpg","width":2409,"height":3473,"caption":"Mapa pol\u00edtico de la provincia de Santa Fe."},{"@type":"BreadcrumbList","@id":"https:\/\/stesa.com\/mapas\/doc\/mapa-politico-de-la-provincia-de-santa-fe\/#breadcrumb","itemListElement":[{"@type":"ListItem","position":1,"name":"Portada","item":"https:\/\/gifex.com\/mapas\/"},{"@type":"ListItem","position":2,"name":"Mapa pol\u00edtico de la provincia de Santa Fe"}]},{"@type":"WebSite","@id":"https:\/\/stesa.com\/mapas\/#website","url":"https:\/\/stesa.com\/mapas\/","name":"Galer\u00eda de mapas","description":"","potentialAction":[{"@type":"SearchAction","target":{"@type":"EntryPoint","urlTemplate":"https:\/\/stesa.com\/mapas\/?s={search_term_string}"},"query-input":{"@type":"PropertyValueSpecification","valueRequired":true,"valueName":"search_term_string"}}],"inLanguage":"es"}]}},"_links":{"self":[{"href":"https:\/\/stesa.com\/mapas\/wp-json\/wp\/v2\/ficha\/20219","targetHints":{"allow":["GET"]}}],"collection":[{"href":"https:\/\/stesa.com\/mapas\/wp-json\/wp\/v2\/ficha"}],"about":[{"href":"https:\/\/stesa.com\/mapas\/wp-json\/wp\/v2\/types\/ficha"}],"author":[{"embeddable":true,"href":"https:\/\/stesa.com\/mapas\/wp-json\/wp\/v2\/users\/1"}],"version-history":[{"count":1,"href":"https:\/\/stesa.com\/mapas\/wp-json\/wp\/v2\/ficha\/20219\/revisions"}],"predecessor-version":[{"id":20224,"href":"https:\/\/stesa.com\/mapas\/wp-json\/wp\/v2\/ficha\/20219\/revisions\/20224"}],"wp:featuredmedia":[{"embeddable":true,"href":"https:\/\/stesa.com\/mapas\/wp-json\/wp\/v2\/media\/20220"}],"wp:attachment":[{"href":"https:\/\/stesa.com\/mapas\/wp-json\/wp\/v2\/media?parent=20219"}],"wp:term":[{"taxonomy":"categoria_ficha","embeddable":true,"href":"https:\/\/stesa.com\/mapas\/wp-json\/wp\/v2\/categoria_ficha?post=20219"}],"curies":[{"name":"wp","href":"https:\/\/api.w.org\/{rel}","templated":true}]}}