{"id":19998,"date":"2026-04-21T20:45:38","date_gmt":"2026-04-21T20:45:38","guid":{"rendered":"https:\/\/stesa.com\/mapas\/?post_type=ficha&#038;p=19998"},"modified":"2026-04-21T20:45:38","modified_gmt":"2026-04-21T20:45:38","slug":"mapa-politico-de-la-provincia-de-salta","status":"publish","type":"ficha","link":"https:\/\/stesa.com\/mapas\/doc\/mapa-politico-de-la-provincia-de-salta\/","title":{"rendered":"Mapa pol\u00edtico de la provincia de Salta"},"content":{"rendered":"<p style=\"text-align: center;\"><label style=\"font-size: 15px;\">Mapa pol\u00edtico de la provincia de Salta <a href=\"https:\/\/stesa.com\/mapas\/wp-content\/uploads\/19998\/Mapa-politico-de-la-provincia-de-Salta.pdf\" target=\"_blank\" rel=\"noopener\">(formato PDF)<\/a>.<\/label><\/p>\n<p><strong>Divisi\u00f3n pol\u00edtico-administrativa de la provincia de Salta<\/strong><\/p>\n<p>La Provincia de Salta se organiza pol\u00edticamente en 23 departamentos, que constituyen la principal divisi\u00f3n territorial de la provincia. Dentro de ellos se distribuyen municipios y localidades.<\/p>\n<figure id=\"attachment_20001\" aria-describedby=\"caption-attachment-20001\" style=\"width: 360px\" class=\"wp-caption alignright\"><a href=\"https:\/\/stesa.com\/mapas\/wp-content\/uploads\/19998\/Division-politico-administrativa-de-la-provincia-de-Salta.jpg\" target=\"_blank\" rel=\"noopener\"><img loading=\"lazy\" decoding=\"async\" class=\"wp-image-20001\" title=\"Divisi\u00f3n pol\u00edtico-administrativa de la provincia de Salta.\" src=\"https:\/\/stesa.com\/mapas\/wp-content\/uploads\/19998\/Division-politico-administrativa-de-la-provincia-de-Salta-300x214.jpg\" alt=\"Divisi\u00f3n pol\u00edtico-administrativa de la provincia de Salta.\" width=\"360\" height=\"257\" srcset=\"https:\/\/stesa.com\/mapas\/wp-content\/uploads\/19998\/Division-politico-administrativa-de-la-provincia-de-Salta-300x214.jpg 300w, https:\/\/stesa.com\/mapas\/wp-content\/uploads\/19998\/Division-politico-administrativa-de-la-provincia-de-Salta-1024x730.jpg 1024w, https:\/\/stesa.com\/mapas\/wp-content\/uploads\/19998\/Division-politico-administrativa-de-la-provincia-de-Salta-768x548.jpg 768w, https:\/\/stesa.com\/mapas\/wp-content\/uploads\/19998\/Division-politico-administrativa-de-la-provincia-de-Salta-1536x1095.jpg 1536w, https:\/\/stesa.com\/mapas\/wp-content\/uploads\/19998\/Division-politico-administrativa-de-la-provincia-de-Salta.jpg 1600w\" sizes=\"auto, (max-width: 360px) 100vw, 360px\" \/><\/a><figcaption id=\"caption-attachment-20001\" class=\"wp-caption-text\"><label style=\"font-size: 15px;\">Divisi\u00f3n pol\u00edtico-administrativa de la provincia de Salta <a href=\"https:\/\/stesa.com\/mapas\/wp-content\/uploads\/19998\/Division-politico-administrativa-de-la-provincia-de-Salta.pdf\" target=\"_blank\" rel=\"noopener\">(formato PDF)<\/a>.<\/label><\/figcaption><\/figure>\n<p><strong>Departamentos de Salta<\/strong><\/p>\n<ol>\n<li>Anta<\/li>\n<li>Cachi<\/li>\n<li>Cafayate<\/li>\n<li>Capital<\/li>\n<li>Cerrillos<\/li>\n<li>Chicoana<\/li>\n<li>General G\u00fcemes<\/li>\n<li>General Jos\u00e9 de San Mart\u00edn<\/li>\n<li>Guachipas<\/li>\n<li>Iruya<\/li>\n<li>La Caldera<\/li>\n<li>La Candelaria<\/li>\n<li>La Poma<\/li>\n<li>La Vi\u00f1a<\/li>\n<li>Los Andes<\/li>\n<li>Met\u00e1n<\/li>\n<li>Molinos<\/li>\n<li>Or\u00e1n<\/li>\n<li>Rivadavia<\/li>\n<li>Rosario de la Frontera<\/li>\n<li>Rosario de Lerma<\/li>\n<li>San Carlos<\/li>\n<li>Santa Victoria<\/li>\n<\/ol>\n<p><strong>Capital provincial<\/strong><\/p>\n<p>La capital es Ciudad de Salta, ubicada en el departamento Capital.<\/p>\n","protected":false},"excerpt":{"rendered":"<p>Divisi\u00f3n pol\u00edtico-administrativa de la provincia de Salta. La Provincia de Salta se organiza pol\u00edticamente en 23 departamentos, que constituyen la principal &#8230;<\/p>\n","protected":false},"author":1,"featured_media":19999,"template":"","categoria_ficha":[2197],"class_list":["post-19998","ficha","type-ficha","status-publish","has-post-thumbnail","hentry","categoria_ficha-mapas-de-la-provincia-de-salta"],"yoast_head":"<!-- This site is optimized with the Yoast SEO plugin v27.4 - https:\/\/yoast.com\/product\/yoast-seo-wordpress\/ -->\n<title>Mapa pol\u00edtico de la provincia de Salta - Galer\u00eda de mapas<\/title>\n<meta name=\"robots\" content=\"index, follow, max-snippet:-1, max-image-preview:large, max-video-preview:-1\" \/>\n<link rel=\"canonical\" href=\"https:\/\/stesa.com\/mapas\/doc\/mapa-politico-de-la-provincia-de-salta\/\" \/>\n<meta property=\"og:locale\" content=\"es_ES\" \/>\n<meta property=\"og:type\" content=\"article\" \/>\n<meta property=\"og:title\" content=\"Mapa pol\u00edtico de la provincia de Salta - Galer\u00eda de mapas\" \/>\n<meta property=\"og:description\" content=\"Divisi\u00f3n pol\u00edtico-administrativa de la provincia de Salta. La Provincia de Salta se organiza pol\u00edticamente en 23 departamentos, que constituyen la principal ...\" \/>\n<meta property=\"og:url\" content=\"https:\/\/stesa.com\/mapas\/doc\/mapa-politico-de-la-provincia-de-salta\/\" \/>\n<meta property=\"og:site_name\" content=\"Galer\u00eda de mapas\" \/>\n<meta property=\"og:image\" content=\"https:\/\/stesa.com\/mapas\/wp-content\/uploads\/19998\/Mapa-politico-de-la-provincia-de-Salta-1024x717.jpg\" \/>\n\t<meta property=\"og:image:width\" content=\"1024\" \/>\n\t<meta property=\"og:image:height\" content=\"717\" \/>\n\t<meta property=\"og:image:type\" content=\"image\/jpeg\" \/>\n<meta name=\"twitter:card\" content=\"summary_large_image\" \/>\n<meta name=\"twitter:label1\" content=\"Tiempo de lectura\" \/>\n\t<meta name=\"twitter:data1\" content=\"1 minuto\" \/>\n<script type=\"application\/ld+json\" class=\"yoast-schema-graph\">{\"@context\":\"https:\\\/\\\/schema.org\",\"@graph\":[{\"@type\":\"WebPage\",\"@id\":\"https:\\\/\\\/stesa.com\\\/mapas\\\/doc\\\/mapa-politico-de-la-provincia-de-salta\\\/\",\"url\":\"https:\\\/\\\/stesa.com\\\/mapas\\\/doc\\\/mapa-politico-de-la-provincia-de-salta\\\/\",\"name\":\"Mapa pol\u00edtico de la provincia de Salta - Galer\u00eda de mapas\",\"isPartOf\":{\"@id\":\"https:\\\/\\\/stesa.com\\\/mapas\\\/#website\"},\"primaryImageOfPage\":{\"@id\":\"https:\\\/\\\/stesa.com\\\/mapas\\\/doc\\\/mapa-politico-de-la-provincia-de-salta\\\/#primaryimage\"},\"image\":{\"@id\":\"https:\\\/\\\/stesa.com\\\/mapas\\\/doc\\\/mapa-politico-de-la-provincia-de-salta\\\/#primaryimage\"},\"thumbnailUrl\":\"https:\\\/\\\/stesa.com\\\/mapas\\\/wp-content\\\/uploads\\\/19998\\\/Mapa-politico-de-la-provincia-de-Salta.jpg\",\"datePublished\":\"2026-04-21T20:45:38+00:00\",\"breadcrumb\":{\"@id\":\"https:\\\/\\\/stesa.com\\\/mapas\\\/doc\\\/mapa-politico-de-la-provincia-de-salta\\\/#breadcrumb\"},\"inLanguage\":\"es\",\"potentialAction\":[{\"@type\":\"ReadAction\",\"target\":[\"https:\\\/\\\/stesa.com\\\/mapas\\\/doc\\\/mapa-politico-de-la-provincia-de-salta\\\/\"]}]},{\"@type\":\"ImageObject\",\"inLanguage\":\"es\",\"@id\":\"https:\\\/\\\/stesa.com\\\/mapas\\\/doc\\\/mapa-politico-de-la-provincia-de-salta\\\/#primaryimage\",\"url\":\"https:\\\/\\\/stesa.com\\\/mapas\\\/wp-content\\\/uploads\\\/19998\\\/Mapa-politico-de-la-provincia-de-Salta.jpg\",\"contentUrl\":\"https:\\\/\\\/stesa.com\\\/mapas\\\/wp-content\\\/uploads\\\/19998\\\/Mapa-politico-de-la-provincia-de-Salta.jpg\",\"width\":3473,\"height\":2433,\"caption\":\"Mapa pol\u00edtico de la provincia de Salta.\"},{\"@type\":\"BreadcrumbList\",\"@id\":\"https:\\\/\\\/stesa.com\\\/mapas\\\/doc\\\/mapa-politico-de-la-provincia-de-salta\\\/#breadcrumb\",\"itemListElement\":[{\"@type\":\"ListItem\",\"position\":1,\"name\":\"Portada\",\"item\":\"https:\\\/\\\/gifex.com\\\/mapas\\\/\"},{\"@type\":\"ListItem\",\"position\":2,\"name\":\"Mapa pol\u00edtico de la provincia de Salta\"}]},{\"@type\":\"WebSite\",\"@id\":\"https:\\\/\\\/stesa.com\\\/mapas\\\/#website\",\"url\":\"https:\\\/\\\/stesa.com\\\/mapas\\\/\",\"name\":\"Galer\u00eda de mapas\",\"description\":\"\",\"potentialAction\":[{\"@type\":\"SearchAction\",\"target\":{\"@type\":\"EntryPoint\",\"urlTemplate\":\"https:\\\/\\\/stesa.com\\\/mapas\\\/?s={search_term_string}\"},\"query-input\":{\"@type\":\"PropertyValueSpecification\",\"valueRequired\":true,\"valueName\":\"search_term_string\"}}],\"inLanguage\":\"es\"}]}<\/script>\n<!-- \/ Yoast SEO plugin. -->","yoast_head_json":{"title":"Mapa pol\u00edtico de la provincia de Salta - Galer\u00eda de mapas","robots":{"index":"index","follow":"follow","max-snippet":"max-snippet:-1","max-image-preview":"max-image-preview:large","max-video-preview":"max-video-preview:-1"},"canonical":"https:\/\/stesa.com\/mapas\/doc\/mapa-politico-de-la-provincia-de-salta\/","og_locale":"es_ES","og_type":"article","og_title":"Mapa pol\u00edtico de la provincia de Salta - Galer\u00eda de mapas","og_description":"Divisi\u00f3n pol\u00edtico-administrativa de la provincia de Salta. La Provincia de Salta se organiza pol\u00edticamente en 23 departamentos, que constituyen la principal ...","og_url":"https:\/\/stesa.com\/mapas\/doc\/mapa-politico-de-la-provincia-de-salta\/","og_site_name":"Galer\u00eda de mapas","og_image":[{"width":1024,"height":717,"url":"https:\/\/stesa.com\/mapas\/wp-content\/uploads\/19998\/Mapa-politico-de-la-provincia-de-Salta-1024x717.jpg","type":"image\/jpeg"}],"twitter_card":"summary_large_image","twitter_misc":{"Tiempo de lectura":"1 minuto"},"schema":{"@context":"https:\/\/schema.org","@graph":[{"@type":"WebPage","@id":"https:\/\/stesa.com\/mapas\/doc\/mapa-politico-de-la-provincia-de-salta\/","url":"https:\/\/stesa.com\/mapas\/doc\/mapa-politico-de-la-provincia-de-salta\/","name":"Mapa pol\u00edtico de la provincia de Salta - Galer\u00eda de mapas","isPartOf":{"@id":"https:\/\/stesa.com\/mapas\/#website"},"primaryImageOfPage":{"@id":"https:\/\/stesa.com\/mapas\/doc\/mapa-politico-de-la-provincia-de-salta\/#primaryimage"},"image":{"@id":"https:\/\/stesa.com\/mapas\/doc\/mapa-politico-de-la-provincia-de-salta\/#primaryimage"},"thumbnailUrl":"https:\/\/stesa.com\/mapas\/wp-content\/uploads\/19998\/Mapa-politico-de-la-provincia-de-Salta.jpg","datePublished":"2026-04-21T20:45:38+00:00","breadcrumb":{"@id":"https:\/\/stesa.com\/mapas\/doc\/mapa-politico-de-la-provincia-de-salta\/#breadcrumb"},"inLanguage":"es","potentialAction":[{"@type":"ReadAction","target":["https:\/\/stesa.com\/mapas\/doc\/mapa-politico-de-la-provincia-de-salta\/"]}]},{"@type":"ImageObject","inLanguage":"es","@id":"https:\/\/stesa.com\/mapas\/doc\/mapa-politico-de-la-provincia-de-salta\/#primaryimage","url":"https:\/\/stesa.com\/mapas\/wp-content\/uploads\/19998\/Mapa-politico-de-la-provincia-de-Salta.jpg","contentUrl":"https:\/\/stesa.com\/mapas\/wp-content\/uploads\/19998\/Mapa-politico-de-la-provincia-de-Salta.jpg","width":3473,"height":2433,"caption":"Mapa pol\u00edtico de la provincia de Salta."},{"@type":"BreadcrumbList","@id":"https:\/\/stesa.com\/mapas\/doc\/mapa-politico-de-la-provincia-de-salta\/#breadcrumb","itemListElement":[{"@type":"ListItem","position":1,"name":"Portada","item":"https:\/\/gifex.com\/mapas\/"},{"@type":"ListItem","position":2,"name":"Mapa pol\u00edtico de la provincia de Salta"}]},{"@type":"WebSite","@id":"https:\/\/stesa.com\/mapas\/#website","url":"https:\/\/stesa.com\/mapas\/","name":"Galer\u00eda de mapas","description":"","potentialAction":[{"@type":"SearchAction","target":{"@type":"EntryPoint","urlTemplate":"https:\/\/stesa.com\/mapas\/?s={search_term_string}"},"query-input":{"@type":"PropertyValueSpecification","valueRequired":true,"valueName":"search_term_string"}}],"inLanguage":"es"}]}},"_links":{"self":[{"href":"https:\/\/stesa.com\/mapas\/wp-json\/wp\/v2\/ficha\/19998","targetHints":{"allow":["GET"]}}],"collection":[{"href":"https:\/\/stesa.com\/mapas\/wp-json\/wp\/v2\/ficha"}],"about":[{"href":"https:\/\/stesa.com\/mapas\/wp-json\/wp\/v2\/types\/ficha"}],"author":[{"embeddable":true,"href":"https:\/\/stesa.com\/mapas\/wp-json\/wp\/v2\/users\/1"}],"version-history":[{"count":1,"href":"https:\/\/stesa.com\/mapas\/wp-json\/wp\/v2\/ficha\/19998\/revisions"}],"predecessor-version":[{"id":20003,"href":"https:\/\/stesa.com\/mapas\/wp-json\/wp\/v2\/ficha\/19998\/revisions\/20003"}],"wp:featuredmedia":[{"embeddable":true,"href":"https:\/\/stesa.com\/mapas\/wp-json\/wp\/v2\/media\/19999"}],"wp:attachment":[{"href":"https:\/\/stesa.com\/mapas\/wp-json\/wp\/v2\/media?parent=19998"}],"wp:term":[{"taxonomy":"categoria_ficha","embeddable":true,"href":"https:\/\/stesa.com\/mapas\/wp-json\/wp\/v2\/categoria_ficha?post=19998"}],"curies":[{"name":"wp","href":"https:\/\/api.w.org\/{rel}","templated":true}]}}