{"id":19740,"date":"2026-04-20T16:28:14","date_gmt":"2026-04-20T16:28:14","guid":{"rendered":"https:\/\/stesa.com\/mapas\/?post_type=ficha&#038;p=19740"},"modified":"2026-04-20T16:28:14","modified_gmt":"2026-04-20T16:28:14","slug":"mapa-politico-de-la-provincia-de-la-pampa","status":"publish","type":"ficha","link":"https:\/\/stesa.com\/mapas\/doc\/mapa-politico-de-la-provincia-de-la-pampa\/","title":{"rendered":"Mapa pol\u00edtico de la provincia de La Pampa"},"content":{"rendered":"<p style=\"text-align: center;\"><label style=\"font-size: 15px;\">Mapa pol\u00edtico de la provincia de La Pampa <a href=\"https:\/\/stesa.com\/mapas\/wp-content\/uploads\/19740\/Mapa-politico-de-la-provincia-de-La-Pampa.pdf\" target=\"_blank\" rel=\"noopener\">(formato PDF)<\/a>.<\/label><\/p>\n<p><strong>Divisi\u00f3n pol\u00edtico-administrativa de la provincia de La Pampa<\/strong><\/p>\n<p>La provincia de La Pampa se organiza pol\u00edticamente en 22 departamentos, que constituyen sus principales divisiones administrativas. Dentro de ellos se distribuyen municipios, comisiones de fomento y numerosas localidades rurales.<\/p>\n<figure id=\"attachment_19743\" aria-describedby=\"caption-attachment-19743\" style=\"width: 360px\" class=\"wp-caption alignright\"><a href=\"https:\/\/stesa.com\/mapas\/wp-content\/uploads\/19740\/Division-politico-administrativa-de-la-provincia-de-La-Pampa.jpg\" target=\"_blank\" rel=\"noopener\"><img loading=\"lazy\" decoding=\"async\" class=\"wp-image-19743\" title=\"Divisi\u00f3n pol\u00edtico-administrativa de la provincia de La Pampa.\" src=\"https:\/\/stesa.com\/mapas\/wp-content\/uploads\/19740\/Division-politico-administrativa-de-la-provincia-de-La-Pampa-213x300.jpg\" alt=\"Divisi\u00f3n pol\u00edtico-administrativa de la provincia de La Pampa.\" width=\"360\" height=\"507\" srcset=\"https:\/\/stesa.com\/mapas\/wp-content\/uploads\/19740\/Division-politico-administrativa-de-la-provincia-de-La-Pampa-213x300.jpg 213w, https:\/\/stesa.com\/mapas\/wp-content\/uploads\/19740\/Division-politico-administrativa-de-la-provincia-de-La-Pampa-727x1024.jpg 727w, https:\/\/stesa.com\/mapas\/wp-content\/uploads\/19740\/Division-politico-administrativa-de-la-provincia-de-La-Pampa-768x1082.jpg 768w, https:\/\/stesa.com\/mapas\/wp-content\/uploads\/19740\/Division-politico-administrativa-de-la-provincia-de-La-Pampa-1090x1536.jpg 1090w, https:\/\/stesa.com\/mapas\/wp-content\/uploads\/19740\/Division-politico-administrativa-de-la-provincia-de-La-Pampa-300x423.jpg 300w, https:\/\/stesa.com\/mapas\/wp-content\/uploads\/19740\/Division-politico-administrativa-de-la-provincia-de-La-Pampa-1135x1600.jpg 1135w, https:\/\/stesa.com\/mapas\/wp-content\/uploads\/19740\/Division-politico-administrativa-de-la-provincia-de-La-Pampa.jpg 1249w\" sizes=\"auto, (max-width: 360px) 100vw, 360px\" \/><\/a><figcaption id=\"caption-attachment-19743\" class=\"wp-caption-text\"><label style=\"font-size: 15px;\">Divisi\u00f3n pol\u00edtico-administrativa de la provincia de La Pampa <a href=\"https:\/\/stesa.com\/mapas\/wp-content\/uploads\/19740\/Division-politico-administrativa-de-la-provincia-de-La-Pampa.pdf\" target=\"_blank\" rel=\"noopener\">(formato PDF)<\/a>.<\/label><\/figcaption><\/figure>\n<p><strong>Departamentos de La Pampa<\/strong><\/p>\n<ol>\n<li>Atreuc\u00f3<\/li>\n<li>Caleu Caleu<\/li>\n<li>Capital<\/li>\n<li>Catril\u00f3<\/li>\n<li>Chalileo<\/li>\n<li>Chapaleuf\u00fa<\/li>\n<li>Chical Co<\/li>\n<li>Conhelo<\/li>\n<li>Curac\u00f3<\/li>\n<li>Guatrach\u00e9<\/li>\n<li>Hucal<\/li>\n<li>Lihuel Calel<\/li>\n<li>Limay Mahuida<\/li>\n<li>Loventu\u00e9<\/li>\n<li>Marac\u00f3<\/li>\n<li>Puel\u00e9n<\/li>\n<li>Quem\u00fa Quem\u00fa<\/li>\n<li>Rancul<\/li>\n<li>Realic\u00f3<\/li>\n<li>Toay<\/li>\n<li>Trenel<\/li>\n<li>Utrac\u00e1n<\/li>\n<\/ol>\n","protected":false},"excerpt":{"rendered":"<p>Divisi\u00f3n pol\u00edtico-administrativa de la provincia de La Pampa. La provincia de La Pampa se organiza pol\u00edticamente en 22 departamentos, que constituyen sus &#8230;<\/p>\n","protected":false},"author":1,"featured_media":19741,"template":"","categoria_ficha":[2191],"class_list":["post-19740","ficha","type-ficha","status-publish","has-post-thumbnail","hentry","categoria_ficha-mapas-de-la-provincia-de-la-pampa"],"yoast_head":"<!-- This site is optimized with the Yoast SEO plugin v27.4 - https:\/\/yoast.com\/product\/yoast-seo-wordpress\/ -->\n<title>Mapa pol\u00edtico de la provincia de La Pampa - Galer\u00eda de mapas<\/title>\n<meta name=\"robots\" content=\"index, follow, max-snippet:-1, max-image-preview:large, max-video-preview:-1\" \/>\n<link rel=\"canonical\" href=\"https:\/\/stesa.com\/mapas\/doc\/mapa-politico-de-la-provincia-de-la-pampa\/\" \/>\n<meta property=\"og:locale\" content=\"es_ES\" \/>\n<meta property=\"og:type\" content=\"article\" \/>\n<meta property=\"og:title\" content=\"Mapa pol\u00edtico de la provincia de La Pampa - Galer\u00eda de mapas\" \/>\n<meta property=\"og:description\" content=\"Divisi\u00f3n pol\u00edtico-administrativa de la provincia de La Pampa. La provincia de La Pampa se organiza pol\u00edticamente en 22 departamentos, que constituyen sus ...\" \/>\n<meta property=\"og:url\" content=\"https:\/\/stesa.com\/mapas\/doc\/mapa-politico-de-la-provincia-de-la-pampa\/\" \/>\n<meta property=\"og:site_name\" content=\"Galer\u00eda de mapas\" \/>\n<meta property=\"og:image\" content=\"https:\/\/stesa.com\/mapas\/wp-content\/uploads\/19740\/Mapa-politico-de-la-provincia-de-La-Pampa.jpg\" \/>\n\t<meta property=\"og:image:width\" content=\"2417\" \/>\n\t<meta property=\"og:image:height\" content=\"3489\" \/>\n\t<meta property=\"og:image:type\" content=\"image\/jpeg\" \/>\n<meta name=\"twitter:card\" content=\"summary_large_image\" \/>\n<meta name=\"twitter:label1\" content=\"Tiempo de lectura\" \/>\n\t<meta name=\"twitter:data1\" content=\"1 minuto\" \/>\n<script type=\"application\/ld+json\" class=\"yoast-schema-graph\">{\"@context\":\"https:\\\/\\\/schema.org\",\"@graph\":[{\"@type\":\"WebPage\",\"@id\":\"https:\\\/\\\/stesa.com\\\/mapas\\\/doc\\\/mapa-politico-de-la-provincia-de-la-pampa\\\/\",\"url\":\"https:\\\/\\\/stesa.com\\\/mapas\\\/doc\\\/mapa-politico-de-la-provincia-de-la-pampa\\\/\",\"name\":\"Mapa pol\u00edtico de la provincia de La Pampa - Galer\u00eda de mapas\",\"isPartOf\":{\"@id\":\"https:\\\/\\\/stesa.com\\\/mapas\\\/#website\"},\"primaryImageOfPage\":{\"@id\":\"https:\\\/\\\/stesa.com\\\/mapas\\\/doc\\\/mapa-politico-de-la-provincia-de-la-pampa\\\/#primaryimage\"},\"image\":{\"@id\":\"https:\\\/\\\/stesa.com\\\/mapas\\\/doc\\\/mapa-politico-de-la-provincia-de-la-pampa\\\/#primaryimage\"},\"thumbnailUrl\":\"https:\\\/\\\/stesa.com\\\/mapas\\\/wp-content\\\/uploads\\\/19740\\\/Mapa-politico-de-la-provincia-de-La-Pampa.jpg\",\"datePublished\":\"2026-04-20T16:28:14+00:00\",\"breadcrumb\":{\"@id\":\"https:\\\/\\\/stesa.com\\\/mapas\\\/doc\\\/mapa-politico-de-la-provincia-de-la-pampa\\\/#breadcrumb\"},\"inLanguage\":\"es\",\"potentialAction\":[{\"@type\":\"ReadAction\",\"target\":[\"https:\\\/\\\/stesa.com\\\/mapas\\\/doc\\\/mapa-politico-de-la-provincia-de-la-pampa\\\/\"]}]},{\"@type\":\"ImageObject\",\"inLanguage\":\"es\",\"@id\":\"https:\\\/\\\/stesa.com\\\/mapas\\\/doc\\\/mapa-politico-de-la-provincia-de-la-pampa\\\/#primaryimage\",\"url\":\"https:\\\/\\\/stesa.com\\\/mapas\\\/wp-content\\\/uploads\\\/19740\\\/Mapa-politico-de-la-provincia-de-La-Pampa.jpg\",\"contentUrl\":\"https:\\\/\\\/stesa.com\\\/mapas\\\/wp-content\\\/uploads\\\/19740\\\/Mapa-politico-de-la-provincia-de-La-Pampa.jpg\",\"width\":2417,\"height\":3489,\"caption\":\"Mapa pol\u00edtico de la provincia de La Pampa.\"},{\"@type\":\"BreadcrumbList\",\"@id\":\"https:\\\/\\\/stesa.com\\\/mapas\\\/doc\\\/mapa-politico-de-la-provincia-de-la-pampa\\\/#breadcrumb\",\"itemListElement\":[{\"@type\":\"ListItem\",\"position\":1,\"name\":\"Portada\",\"item\":\"https:\\\/\\\/gifex.com\\\/mapas\\\/\"},{\"@type\":\"ListItem\",\"position\":2,\"name\":\"Mapa pol\u00edtico de la provincia de La Pampa\"}]},{\"@type\":\"WebSite\",\"@id\":\"https:\\\/\\\/stesa.com\\\/mapas\\\/#website\",\"url\":\"https:\\\/\\\/stesa.com\\\/mapas\\\/\",\"name\":\"Galer\u00eda de mapas\",\"description\":\"\",\"potentialAction\":[{\"@type\":\"SearchAction\",\"target\":{\"@type\":\"EntryPoint\",\"urlTemplate\":\"https:\\\/\\\/stesa.com\\\/mapas\\\/?s={search_term_string}\"},\"query-input\":{\"@type\":\"PropertyValueSpecification\",\"valueRequired\":true,\"valueName\":\"search_term_string\"}}],\"inLanguage\":\"es\"}]}<\/script>\n<!-- \/ Yoast SEO plugin. -->","yoast_head_json":{"title":"Mapa pol\u00edtico de la provincia de La Pampa - Galer\u00eda de mapas","robots":{"index":"index","follow":"follow","max-snippet":"max-snippet:-1","max-image-preview":"max-image-preview:large","max-video-preview":"max-video-preview:-1"},"canonical":"https:\/\/stesa.com\/mapas\/doc\/mapa-politico-de-la-provincia-de-la-pampa\/","og_locale":"es_ES","og_type":"article","og_title":"Mapa pol\u00edtico de la provincia de La Pampa - Galer\u00eda de mapas","og_description":"Divisi\u00f3n pol\u00edtico-administrativa de la provincia de La Pampa. La provincia de La Pampa se organiza pol\u00edticamente en 22 departamentos, que constituyen sus ...","og_url":"https:\/\/stesa.com\/mapas\/doc\/mapa-politico-de-la-provincia-de-la-pampa\/","og_site_name":"Galer\u00eda de mapas","og_image":[{"width":2417,"height":3489,"url":"https:\/\/stesa.com\/mapas\/wp-content\/uploads\/19740\/Mapa-politico-de-la-provincia-de-La-Pampa.jpg","type":"image\/jpeg"}],"twitter_card":"summary_large_image","twitter_misc":{"Tiempo de lectura":"1 minuto"},"schema":{"@context":"https:\/\/schema.org","@graph":[{"@type":"WebPage","@id":"https:\/\/stesa.com\/mapas\/doc\/mapa-politico-de-la-provincia-de-la-pampa\/","url":"https:\/\/stesa.com\/mapas\/doc\/mapa-politico-de-la-provincia-de-la-pampa\/","name":"Mapa pol\u00edtico de la provincia de La Pampa - Galer\u00eda de mapas","isPartOf":{"@id":"https:\/\/stesa.com\/mapas\/#website"},"primaryImageOfPage":{"@id":"https:\/\/stesa.com\/mapas\/doc\/mapa-politico-de-la-provincia-de-la-pampa\/#primaryimage"},"image":{"@id":"https:\/\/stesa.com\/mapas\/doc\/mapa-politico-de-la-provincia-de-la-pampa\/#primaryimage"},"thumbnailUrl":"https:\/\/stesa.com\/mapas\/wp-content\/uploads\/19740\/Mapa-politico-de-la-provincia-de-La-Pampa.jpg","datePublished":"2026-04-20T16:28:14+00:00","breadcrumb":{"@id":"https:\/\/stesa.com\/mapas\/doc\/mapa-politico-de-la-provincia-de-la-pampa\/#breadcrumb"},"inLanguage":"es","potentialAction":[{"@type":"ReadAction","target":["https:\/\/stesa.com\/mapas\/doc\/mapa-politico-de-la-provincia-de-la-pampa\/"]}]},{"@type":"ImageObject","inLanguage":"es","@id":"https:\/\/stesa.com\/mapas\/doc\/mapa-politico-de-la-provincia-de-la-pampa\/#primaryimage","url":"https:\/\/stesa.com\/mapas\/wp-content\/uploads\/19740\/Mapa-politico-de-la-provincia-de-La-Pampa.jpg","contentUrl":"https:\/\/stesa.com\/mapas\/wp-content\/uploads\/19740\/Mapa-politico-de-la-provincia-de-La-Pampa.jpg","width":2417,"height":3489,"caption":"Mapa pol\u00edtico de la provincia de La Pampa."},{"@type":"BreadcrumbList","@id":"https:\/\/stesa.com\/mapas\/doc\/mapa-politico-de-la-provincia-de-la-pampa\/#breadcrumb","itemListElement":[{"@type":"ListItem","position":1,"name":"Portada","item":"https:\/\/gifex.com\/mapas\/"},{"@type":"ListItem","position":2,"name":"Mapa pol\u00edtico de la provincia de La Pampa"}]},{"@type":"WebSite","@id":"https:\/\/stesa.com\/mapas\/#website","url":"https:\/\/stesa.com\/mapas\/","name":"Galer\u00eda de mapas","description":"","potentialAction":[{"@type":"SearchAction","target":{"@type":"EntryPoint","urlTemplate":"https:\/\/stesa.com\/mapas\/?s={search_term_string}"},"query-input":{"@type":"PropertyValueSpecification","valueRequired":true,"valueName":"search_term_string"}}],"inLanguage":"es"}]}},"_links":{"self":[{"href":"https:\/\/stesa.com\/mapas\/wp-json\/wp\/v2\/ficha\/19740","targetHints":{"allow":["GET"]}}],"collection":[{"href":"https:\/\/stesa.com\/mapas\/wp-json\/wp\/v2\/ficha"}],"about":[{"href":"https:\/\/stesa.com\/mapas\/wp-json\/wp\/v2\/types\/ficha"}],"author":[{"embeddable":true,"href":"https:\/\/stesa.com\/mapas\/wp-json\/wp\/v2\/users\/1"}],"version-history":[{"count":1,"href":"https:\/\/stesa.com\/mapas\/wp-json\/wp\/v2\/ficha\/19740\/revisions"}],"predecessor-version":[{"id":19745,"href":"https:\/\/stesa.com\/mapas\/wp-json\/wp\/v2\/ficha\/19740\/revisions\/19745"}],"wp:featuredmedia":[{"embeddable":true,"href":"https:\/\/stesa.com\/mapas\/wp-json\/wp\/v2\/media\/19741"}],"wp:attachment":[{"href":"https:\/\/stesa.com\/mapas\/wp-json\/wp\/v2\/media?parent=19740"}],"wp:term":[{"taxonomy":"categoria_ficha","embeddable":true,"href":"https:\/\/stesa.com\/mapas\/wp-json\/wp\/v2\/categoria_ficha?post=19740"}],"curies":[{"name":"wp","href":"https:\/\/api.w.org\/{rel}","templated":true}]}}