{"id":19734,"date":"2026-04-20T15:09:32","date_gmt":"2026-04-20T15:09:32","guid":{"rendered":"https:\/\/stesa.com\/mapas\/?post_type=ficha&#038;p=19734"},"modified":"2026-04-26T21:00:50","modified_gmt":"2026-04-26T21:00:50","slug":"mapa-mudo-de-la-provincia-de-la-pampa","status":"publish","type":"ficha","link":"https:\/\/stesa.com\/mapas\/doc\/mapa-mudo-de-la-provincia-de-la-pampa\/","title":{"rendered":"Mapa mudo de la provincia de La Pampa"},"content":{"rendered":"<p style=\"text-align: center;\"><label style=\"font-size: 15px;\">Mapa mudo de la provincia de La Pampa, dise\u00f1ado para geolocalizaci\u00f3n.<\/label><\/p>\n<p>Estos mapas mudos de la provincia de La Pampa representan la cartograf\u00eda de la provincia, pero sin ning\u00fan tipo de etiquetado. Estos mapas en blanco se pueden utilizar, por ejemplo, en el \u00e1mbito de la educaci\u00f3n. Pueden servir como base para muchos mapas m\u00e1s elaborados.<\/p>\n<p>Estos modelos de mapas son m\u00e1s did\u00e1cticos y educativos para los ni\u00f1os, son el instrumento perfecto para aprender geograf\u00eda. Estos mapas sin nombre: requieren geolocalizar, departamentos, municipios, ciudades, pueblos, r\u00edos, lagos, monta\u00f1as y otras caracter\u00edsticas geogr\u00e1ficas, etc.<\/p>\n<div style=\"clear: both; display: inline-block; width: 100%;\">\n<div class=\"row\">\n<div class=\"col-sm\">\n<figure id=\"attachment_19736\" aria-describedby=\"caption-attachment-19736\" style=\"width: 400px\" class=\"wp-caption alignleft\"><a href=\"https:\/\/stesa.com\/mapas\/wp-content\/uploads\/19734\/Mapa-politico-mudo-de-la-provincia-de-La-Pampa.jpg\" target=\"_blank\" rel=\"noopener\"><img loading=\"lazy\" decoding=\"async\" class=\"wp-image-19736\" title=\"Mapa pol\u00edtico mudo de la provincia de La Pampa.\" src=\"https:\/\/stesa.com\/mapas\/wp-content\/uploads\/19734\/Mapa-politico-mudo-de-la-provincia-de-La-Pampa-300x285.jpg\" alt=\"Mapa pol\u00edtico mudo de la provincia de La Pampa.\" width=\"400\" height=\"380\" srcset=\"https:\/\/stesa.com\/mapas\/wp-content\/uploads\/19734\/Mapa-politico-mudo-de-la-provincia-de-La-Pampa-300x285.jpg 300w, https:\/\/stesa.com\/mapas\/wp-content\/uploads\/19734\/Mapa-politico-mudo-de-la-provincia-de-La-Pampa-1024x972.jpg 1024w, https:\/\/stesa.com\/mapas\/wp-content\/uploads\/19734\/Mapa-politico-mudo-de-la-provincia-de-La-Pampa-768x729.jpg 768w, https:\/\/stesa.com\/mapas\/wp-content\/uploads\/19734\/Mapa-politico-mudo-de-la-provincia-de-La-Pampa-1536x1459.jpg 1536w, https:\/\/stesa.com\/mapas\/wp-content\/uploads\/19734\/Mapa-politico-mudo-de-la-provincia-de-La-Pampa-1600x1519.jpg 1600w, https:\/\/stesa.com\/mapas\/wp-content\/uploads\/19734\/Mapa-politico-mudo-de-la-provincia-de-La-Pampa.jpg 2007w\" sizes=\"auto, (max-width: 400px) 100vw, 400px\" \/><\/a><figcaption id=\"caption-attachment-19736\" class=\"wp-caption-text\"><label style=\"font-size: 15px;\">Mapa pol\u00edtico mudo de la provincia de La Pampa.<\/label><\/figcaption><\/figure>\n<\/div>\n<div class=\"col-sm\">\n<figure id=\"attachment_19737\" aria-describedby=\"caption-attachment-19737\" style=\"width: 400px\" class=\"wp-caption alignright\"><a href=\"https:\/\/stesa.com\/mapas\/wp-content\/uploads\/19734\/Mapa-topografico-en-blanco-de-la-provincia-de-La-Pampa.jpg\" target=\"_blank\" rel=\"noopener\"><img loading=\"lazy\" decoding=\"async\" class=\"wp-image-19737\" title=\"Mapa topogr\u00e1fico en blanco de la provincia de La Pampa.\" src=\"https:\/\/stesa.com\/mapas\/wp-content\/uploads\/19734\/Mapa-topografico-en-blanco-de-la-provincia-de-La-Pampa-300x285.jpg\" alt=\"Mapa topogr\u00e1fico en blanco de la provincia de La Pampa.\" width=\"400\" height=\"380\" srcset=\"https:\/\/stesa.com\/mapas\/wp-content\/uploads\/19734\/Mapa-topografico-en-blanco-de-la-provincia-de-La-Pampa-300x285.jpg 300w, https:\/\/stesa.com\/mapas\/wp-content\/uploads\/19734\/Mapa-topografico-en-blanco-de-la-provincia-de-La-Pampa-1024x974.jpg 1024w, https:\/\/stesa.com\/mapas\/wp-content\/uploads\/19734\/Mapa-topografico-en-blanco-de-la-provincia-de-La-Pampa-768x730.jpg 768w, https:\/\/stesa.com\/mapas\/wp-content\/uploads\/19734\/Mapa-topografico-en-blanco-de-la-provincia-de-La-Pampa-1536x1460.jpg 1536w, https:\/\/stesa.com\/mapas\/wp-content\/uploads\/19734\/Mapa-topografico-en-blanco-de-la-provincia-de-La-Pampa-2048x1947.jpg 2048w, https:\/\/stesa.com\/mapas\/wp-content\/uploads\/19734\/Mapa-topografico-en-blanco-de-la-provincia-de-La-Pampa-1600x1521.jpg 1600w\" sizes=\"auto, (max-width: 400px) 100vw, 400px\" \/><\/a><figcaption id=\"caption-attachment-19737\" class=\"wp-caption-text\"><label style=\"font-size: 15px;\">Mapa topogr\u00e1fico en blanco de la provincia de La Pampa.<\/label><\/figcaption><\/figure>\n<\/div>\n<div class=\"col-sm\">\n<figure id=\"attachment_19738\" aria-describedby=\"caption-attachment-19738\" style=\"width: 400px\" class=\"wp-caption aligncenter\"><a href=\"https:\/\/stesa.com\/mapas\/wp-content\/uploads\/19734\/Mapa-fisico-en-blanco-de-la-provincia-de-La-Pampa.png\" target=\"_blank\" rel=\"noopener\"><img loading=\"lazy\" decoding=\"async\" class=\"wp-image-19738\" title=\"Mapa f\u00edsico en blanco de la provincia de La Pampa.\" src=\"https:\/\/stesa.com\/mapas\/wp-content\/uploads\/19734\/Mapa-fisico-en-blanco-de-la-provincia-de-La-Pampa-275x300.png\" alt=\"Mapa f\u00edsico en blanco de la provincia de La Pampa.\" width=\"400\" height=\"436\" srcset=\"https:\/\/stesa.com\/mapas\/wp-content\/uploads\/19734\/Mapa-fisico-en-blanco-de-la-provincia-de-La-Pampa-275x300.png 275w, https:\/\/stesa.com\/mapas\/wp-content\/uploads\/19734\/Mapa-fisico-en-blanco-de-la-provincia-de-La-Pampa-940x1024.png 940w, https:\/\/stesa.com\/mapas\/wp-content\/uploads\/19734\/Mapa-fisico-en-blanco-de-la-provincia-de-La-Pampa-768x836.png 768w, https:\/\/stesa.com\/mapas\/wp-content\/uploads\/19734\/Mapa-fisico-en-blanco-de-la-provincia-de-La-Pampa-1410x1536.png 1410w, https:\/\/stesa.com\/mapas\/wp-content\/uploads\/19734\/Mapa-fisico-en-blanco-de-la-provincia-de-La-Pampa-1880x2048.png 1880w, https:\/\/stesa.com\/mapas\/wp-content\/uploads\/19734\/Mapa-fisico-en-blanco-de-la-provincia-de-La-Pampa-300x327.png 300w, https:\/\/stesa.com\/mapas\/wp-content\/uploads\/19734\/Mapa-fisico-en-blanco-de-la-provincia-de-La-Pampa-1469x1600.png 1469w\" sizes=\"auto, (max-width: 400px) 100vw, 400px\" \/><\/a><figcaption id=\"caption-attachment-19738\" class=\"wp-caption-text\"><label style=\"font-size: 15px;\">Mapa f\u00edsico en blanco de la provincia de La Pampa.<\/label><\/figcaption><\/figure>\n<\/div>\n<\/div>\n<\/div>\n","protected":false},"excerpt":{"rendered":"<p>Estos mapas mudos de la provincia de La Pampa representan la cartograf\u00eda de la provincia, pero sin ning\u00fan tipo de etiquetado. Estos mapas en blanco se pueden <\/p>\n","protected":false},"author":1,"featured_media":19735,"template":"","categoria_ficha":[2191],"class_list":["post-19734","ficha","type-ficha","status-publish","has-post-thumbnail","hentry","categoria_ficha-mapas-de-la-provincia-de-la-pampa"],"yoast_head":"<!-- This site is optimized with the Yoast SEO plugin v27.4 - https:\/\/yoast.com\/product\/yoast-seo-wordpress\/ -->\n<title>Mapa mudo de la provincia de La Pampa - Galer\u00eda de mapas<\/title>\n<meta name=\"robots\" content=\"index, follow, max-snippet:-1, max-image-preview:large, max-video-preview:-1\" \/>\n<link rel=\"canonical\" href=\"https:\/\/stesa.com\/mapas\/doc\/mapa-mudo-de-la-provincia-de-la-pampa\/\" \/>\n<meta property=\"og:locale\" content=\"es_ES\" \/>\n<meta property=\"og:type\" content=\"article\" \/>\n<meta property=\"og:title\" content=\"Mapa mudo de la provincia de La Pampa - Galer\u00eda de mapas\" \/>\n<meta property=\"og:description\" content=\"Estos mapas mudos de la provincia de La Pampa representan la cartograf\u00eda de la provincia, pero sin ning\u00fan tipo de etiquetado. Estos mapas en blanco se pueden\" \/>\n<meta property=\"og:url\" content=\"https:\/\/stesa.com\/mapas\/doc\/mapa-mudo-de-la-provincia-de-la-pampa\/\" \/>\n<meta property=\"og:site_name\" content=\"Galer\u00eda de mapas\" \/>\n<meta property=\"article:modified_time\" content=\"2026-04-26T21:00:50+00:00\" \/>\n<meta property=\"og:image\" content=\"https:\/\/stesa.com\/mapas\/wp-content\/uploads\/19734\/Mapa-mudo-de-la-provincia-de-La-Pampa.png\" \/>\n\t<meta property=\"og:image:width\" content=\"1920\" \/>\n\t<meta property=\"og:image:height\" content=\"2092\" \/>\n\t<meta property=\"og:image:type\" content=\"image\/png\" \/>\n<meta name=\"twitter:card\" content=\"summary_large_image\" \/>\n<meta name=\"twitter:label1\" content=\"Tiempo de lectura\" \/>\n\t<meta name=\"twitter:data1\" content=\"2 minutos\" \/>\n<script type=\"application\/ld+json\" class=\"yoast-schema-graph\">{\"@context\":\"https:\\\/\\\/schema.org\",\"@graph\":[{\"@type\":\"WebPage\",\"@id\":\"https:\\\/\\\/stesa.com\\\/mapas\\\/doc\\\/mapa-mudo-de-la-provincia-de-la-pampa\\\/\",\"url\":\"https:\\\/\\\/stesa.com\\\/mapas\\\/doc\\\/mapa-mudo-de-la-provincia-de-la-pampa\\\/\",\"name\":\"Mapa mudo de la provincia de La Pampa - Galer\u00eda de mapas\",\"isPartOf\":{\"@id\":\"https:\\\/\\\/stesa.com\\\/mapas\\\/#website\"},\"primaryImageOfPage\":{\"@id\":\"https:\\\/\\\/stesa.com\\\/mapas\\\/doc\\\/mapa-mudo-de-la-provincia-de-la-pampa\\\/#primaryimage\"},\"image\":{\"@id\":\"https:\\\/\\\/stesa.com\\\/mapas\\\/doc\\\/mapa-mudo-de-la-provincia-de-la-pampa\\\/#primaryimage\"},\"thumbnailUrl\":\"https:\\\/\\\/stesa.com\\\/mapas\\\/wp-content\\\/uploads\\\/19734\\\/Mapa-mudo-de-la-provincia-de-La-Pampa.png\",\"datePublished\":\"2026-04-20T15:09:32+00:00\",\"dateModified\":\"2026-04-26T21:00:50+00:00\",\"breadcrumb\":{\"@id\":\"https:\\\/\\\/stesa.com\\\/mapas\\\/doc\\\/mapa-mudo-de-la-provincia-de-la-pampa\\\/#breadcrumb\"},\"inLanguage\":\"es\",\"potentialAction\":[{\"@type\":\"ReadAction\",\"target\":[\"https:\\\/\\\/stesa.com\\\/mapas\\\/doc\\\/mapa-mudo-de-la-provincia-de-la-pampa\\\/\"]}]},{\"@type\":\"ImageObject\",\"inLanguage\":\"es\",\"@id\":\"https:\\\/\\\/stesa.com\\\/mapas\\\/doc\\\/mapa-mudo-de-la-provincia-de-la-pampa\\\/#primaryimage\",\"url\":\"https:\\\/\\\/stesa.com\\\/mapas\\\/wp-content\\\/uploads\\\/19734\\\/Mapa-mudo-de-la-provincia-de-La-Pampa.png\",\"contentUrl\":\"https:\\\/\\\/stesa.com\\\/mapas\\\/wp-content\\\/uploads\\\/19734\\\/Mapa-mudo-de-la-provincia-de-La-Pampa.png\",\"width\":1920,\"height\":2092,\"caption\":\"Mapa mudo de la provincia de La Pampa.\"},{\"@type\":\"BreadcrumbList\",\"@id\":\"https:\\\/\\\/stesa.com\\\/mapas\\\/doc\\\/mapa-mudo-de-la-provincia-de-la-pampa\\\/#breadcrumb\",\"itemListElement\":[{\"@type\":\"ListItem\",\"position\":1,\"name\":\"Portada\",\"item\":\"https:\\\/\\\/gifex.com\\\/mapas\\\/\"},{\"@type\":\"ListItem\",\"position\":2,\"name\":\"Mapa mudo de la provincia de La Pampa\"}]},{\"@type\":\"WebSite\",\"@id\":\"https:\\\/\\\/stesa.com\\\/mapas\\\/#website\",\"url\":\"https:\\\/\\\/stesa.com\\\/mapas\\\/\",\"name\":\"Galer\u00eda de mapas\",\"description\":\"\",\"potentialAction\":[{\"@type\":\"SearchAction\",\"target\":{\"@type\":\"EntryPoint\",\"urlTemplate\":\"https:\\\/\\\/stesa.com\\\/mapas\\\/?s={search_term_string}\"},\"query-input\":{\"@type\":\"PropertyValueSpecification\",\"valueRequired\":true,\"valueName\":\"search_term_string\"}}],\"inLanguage\":\"es\"}]}<\/script>\n<!-- \/ Yoast SEO plugin. -->","yoast_head_json":{"title":"Mapa mudo de la provincia de La Pampa - Galer\u00eda de mapas","robots":{"index":"index","follow":"follow","max-snippet":"max-snippet:-1","max-image-preview":"max-image-preview:large","max-video-preview":"max-video-preview:-1"},"canonical":"https:\/\/stesa.com\/mapas\/doc\/mapa-mudo-de-la-provincia-de-la-pampa\/","og_locale":"es_ES","og_type":"article","og_title":"Mapa mudo de la provincia de La Pampa - Galer\u00eda de mapas","og_description":"Estos mapas mudos de la provincia de La Pampa representan la cartograf\u00eda de la provincia, pero sin ning\u00fan tipo de etiquetado. Estos mapas en blanco se pueden","og_url":"https:\/\/stesa.com\/mapas\/doc\/mapa-mudo-de-la-provincia-de-la-pampa\/","og_site_name":"Galer\u00eda de mapas","article_modified_time":"2026-04-26T21:00:50+00:00","og_image":[{"width":1920,"height":2092,"url":"https:\/\/stesa.com\/mapas\/wp-content\/uploads\/19734\/Mapa-mudo-de-la-provincia-de-La-Pampa.png","type":"image\/png"}],"twitter_card":"summary_large_image","twitter_misc":{"Tiempo de lectura":"2 minutos"},"schema":{"@context":"https:\/\/schema.org","@graph":[{"@type":"WebPage","@id":"https:\/\/stesa.com\/mapas\/doc\/mapa-mudo-de-la-provincia-de-la-pampa\/","url":"https:\/\/stesa.com\/mapas\/doc\/mapa-mudo-de-la-provincia-de-la-pampa\/","name":"Mapa mudo de la provincia de La Pampa - Galer\u00eda de mapas","isPartOf":{"@id":"https:\/\/stesa.com\/mapas\/#website"},"primaryImageOfPage":{"@id":"https:\/\/stesa.com\/mapas\/doc\/mapa-mudo-de-la-provincia-de-la-pampa\/#primaryimage"},"image":{"@id":"https:\/\/stesa.com\/mapas\/doc\/mapa-mudo-de-la-provincia-de-la-pampa\/#primaryimage"},"thumbnailUrl":"https:\/\/stesa.com\/mapas\/wp-content\/uploads\/19734\/Mapa-mudo-de-la-provincia-de-La-Pampa.png","datePublished":"2026-04-20T15:09:32+00:00","dateModified":"2026-04-26T21:00:50+00:00","breadcrumb":{"@id":"https:\/\/stesa.com\/mapas\/doc\/mapa-mudo-de-la-provincia-de-la-pampa\/#breadcrumb"},"inLanguage":"es","potentialAction":[{"@type":"ReadAction","target":["https:\/\/stesa.com\/mapas\/doc\/mapa-mudo-de-la-provincia-de-la-pampa\/"]}]},{"@type":"ImageObject","inLanguage":"es","@id":"https:\/\/stesa.com\/mapas\/doc\/mapa-mudo-de-la-provincia-de-la-pampa\/#primaryimage","url":"https:\/\/stesa.com\/mapas\/wp-content\/uploads\/19734\/Mapa-mudo-de-la-provincia-de-La-Pampa.png","contentUrl":"https:\/\/stesa.com\/mapas\/wp-content\/uploads\/19734\/Mapa-mudo-de-la-provincia-de-La-Pampa.png","width":1920,"height":2092,"caption":"Mapa mudo de la provincia de La Pampa."},{"@type":"BreadcrumbList","@id":"https:\/\/stesa.com\/mapas\/doc\/mapa-mudo-de-la-provincia-de-la-pampa\/#breadcrumb","itemListElement":[{"@type":"ListItem","position":1,"name":"Portada","item":"https:\/\/gifex.com\/mapas\/"},{"@type":"ListItem","position":2,"name":"Mapa mudo de la provincia de La Pampa"}]},{"@type":"WebSite","@id":"https:\/\/stesa.com\/mapas\/#website","url":"https:\/\/stesa.com\/mapas\/","name":"Galer\u00eda de mapas","description":"","potentialAction":[{"@type":"SearchAction","target":{"@type":"EntryPoint","urlTemplate":"https:\/\/stesa.com\/mapas\/?s={search_term_string}"},"query-input":{"@type":"PropertyValueSpecification","valueRequired":true,"valueName":"search_term_string"}}],"inLanguage":"es"}]}},"_links":{"self":[{"href":"https:\/\/stesa.com\/mapas\/wp-json\/wp\/v2\/ficha\/19734","targetHints":{"allow":["GET"]}}],"collection":[{"href":"https:\/\/stesa.com\/mapas\/wp-json\/wp\/v2\/ficha"}],"about":[{"href":"https:\/\/stesa.com\/mapas\/wp-json\/wp\/v2\/types\/ficha"}],"author":[{"embeddable":true,"href":"https:\/\/stesa.com\/mapas\/wp-json\/wp\/v2\/users\/1"}],"version-history":[{"count":4,"href":"https:\/\/stesa.com\/mapas\/wp-json\/wp\/v2\/ficha\/19734\/revisions"}],"predecessor-version":[{"id":20690,"href":"https:\/\/stesa.com\/mapas\/wp-json\/wp\/v2\/ficha\/19734\/revisions\/20690"}],"wp:featuredmedia":[{"embeddable":true,"href":"https:\/\/stesa.com\/mapas\/wp-json\/wp\/v2\/media\/19735"}],"wp:attachment":[{"href":"https:\/\/stesa.com\/mapas\/wp-json\/wp\/v2\/media?parent=19734"}],"wp:term":[{"taxonomy":"categoria_ficha","embeddable":true,"href":"https:\/\/stesa.com\/mapas\/wp-json\/wp\/v2\/categoria_ficha?post=19734"}],"curies":[{"name":"wp","href":"https:\/\/api.w.org\/{rel}","templated":true}]}}