{"id":19728,"date":"2026-04-20T14:55:50","date_gmt":"2026-04-20T14:55:50","guid":{"rendered":"https:\/\/stesa.com\/mapas\/?post_type=ficha&#038;p=19728"},"modified":"2026-04-20T14:55:50","modified_gmt":"2026-04-20T14:55:50","slug":"escudo-de-la-provincia-de-la-pampa","status":"publish","type":"ficha","link":"https:\/\/stesa.com\/mapas\/doc\/escudo-de-la-provincia-de-la-pampa\/","title":{"rendered":"Escudo de la provincia de La Pampa"},"content":{"rendered":"<p>El <strong>Escudo de la Provincia de La Pamp<\/strong>a es el s\u00edmbolo oficial que representa la identidad de esta provincia argentina. Fue adoptado para simbolizar su incorporaci\u00f3n como estado federal y est\u00e1 compuesto por diversos elementos que reflejan su geograf\u00eda, historia y valores.<\/p>\n<p><strong>Simbolismo de sus componentes<\/strong><\/p>\n<p>El dise\u00f1o del escudo incluye elementos espec\u00edficos con significados profundos:<\/p>\n<ul>\n<li><strong>Campo Central Dividido<\/strong>:<\/li>\n<li style=\"list-style-type: none;\">\n<ul>\n<li><strong>Franja Superior (Azul)<\/strong>: Representa la justicia, la perseverancia y la lealtad.<\/li>\n<li><strong>Franja Inferior (Verde\/Sinople)<\/strong>: Simboliza la esperanza, la hospitalidad y la cortes\u00eda de su pueblo.<\/li>\n<\/ul>\n<\/li>\n<li><strong>El Sol Naciente<\/strong>: Ubicado en la parte superior, alude al surgimiento de una nueva provincia que se suma a la familia argentina.<\/li>\n<li><strong>Poblador originario a caballo<\/strong>: la silueta de un indio a caballo con su lanza en ristre.<\/li>\n<li><strong>Lanzas Pampas<\/strong>: Aparecen cruzadas por detr\u00e1s del escudo en memoria del esp\u00edritu guerrero del ind\u00edgena y la defensa de sus tierras.<\/li>\n<li><strong>Cald\u00e9n<\/strong>: En el centro suele destacarse la figura del cald\u00e9n, el \u00e1rbol emblem\u00e1tico de la regi\u00f3n, que representa la fortaleza y el paisaje t\u00edpico pampeano.<\/li>\n<li><strong>Espigas de Trigo<\/strong>: Enmarcan el escudo y simbolizan la fertilidad de la tierra y la riqueza agr\u00edcola de la provincia.<\/li>\n<\/ul>\n<p>Este emblema tambi\u00e9n se encuentra presente en el centro de la bandera provincial de La Pampa, reforzando su estatus como insignia de autoridad y cohesi\u00f3n.<\/p>\n","protected":false},"excerpt":{"rendered":"<p>El Escudo de la Provincia de La Pampa es el s\u00edmbolo oficial que representa la identidad de esta provincia argentina. Fue adoptado para simbolizar su &#8230;<\/p>\n","protected":false},"author":1,"featured_media":19729,"template":"","categoria_ficha":[2191],"class_list":["post-19728","ficha","type-ficha","status-publish","has-post-thumbnail","hentry","categoria_ficha-mapas-de-la-provincia-de-la-pampa"],"yoast_head":"<!-- This site is optimized with the Yoast SEO plugin v27.4 - https:\/\/yoast.com\/product\/yoast-seo-wordpress\/ -->\n<title>Escudo de la provincia de La Pampa - Galer\u00eda de mapas<\/title>\n<meta name=\"robots\" content=\"index, follow, max-snippet:-1, max-image-preview:large, max-video-preview:-1\" \/>\n<link rel=\"canonical\" href=\"https:\/\/stesa.com\/mapas\/doc\/escudo-de-la-provincia-de-la-pampa\/\" \/>\n<meta property=\"og:locale\" content=\"es_ES\" \/>\n<meta property=\"og:type\" content=\"article\" \/>\n<meta property=\"og:title\" content=\"Escudo de la provincia de La Pampa - Galer\u00eda de mapas\" \/>\n<meta property=\"og:description\" content=\"El Escudo de la Provincia de La Pampa es el s\u00edmbolo oficial que representa la identidad de esta provincia argentina. Fue adoptado para simbolizar su ...\" \/>\n<meta property=\"og:url\" content=\"https:\/\/stesa.com\/mapas\/doc\/escudo-de-la-provincia-de-la-pampa\/\" \/>\n<meta property=\"og:site_name\" content=\"Galer\u00eda de mapas\" \/>\n<meta property=\"og:image\" content=\"https:\/\/stesa.com\/mapas\/wp-content\/uploads\/19728\/Escudo-de-la-provincia-de-La-Pampa.png\" \/>\n\t<meta property=\"og:image:width\" content=\"3840\" \/>\n\t<meta property=\"og:image:height\" content=\"3966\" \/>\n\t<meta property=\"og:image:type\" content=\"image\/png\" \/>\n<meta name=\"twitter:card\" content=\"summary_large_image\" \/>\n<meta name=\"twitter:label1\" content=\"Tiempo de lectura\" \/>\n\t<meta name=\"twitter:data1\" content=\"1 minuto\" \/>\n<script type=\"application\/ld+json\" class=\"yoast-schema-graph\">{\"@context\":\"https:\\\/\\\/schema.org\",\"@graph\":[{\"@type\":\"WebPage\",\"@id\":\"https:\\\/\\\/stesa.com\\\/mapas\\\/doc\\\/escudo-de-la-provincia-de-la-pampa\\\/\",\"url\":\"https:\\\/\\\/stesa.com\\\/mapas\\\/doc\\\/escudo-de-la-provincia-de-la-pampa\\\/\",\"name\":\"Escudo de la provincia de La Pampa - Galer\u00eda de mapas\",\"isPartOf\":{\"@id\":\"https:\\\/\\\/stesa.com\\\/mapas\\\/#website\"},\"primaryImageOfPage\":{\"@id\":\"https:\\\/\\\/stesa.com\\\/mapas\\\/doc\\\/escudo-de-la-provincia-de-la-pampa\\\/#primaryimage\"},\"image\":{\"@id\":\"https:\\\/\\\/stesa.com\\\/mapas\\\/doc\\\/escudo-de-la-provincia-de-la-pampa\\\/#primaryimage\"},\"thumbnailUrl\":\"https:\\\/\\\/stesa.com\\\/mapas\\\/wp-content\\\/uploads\\\/19728\\\/Escudo-de-la-provincia-de-La-Pampa.png\",\"datePublished\":\"2026-04-20T14:55:50+00:00\",\"breadcrumb\":{\"@id\":\"https:\\\/\\\/stesa.com\\\/mapas\\\/doc\\\/escudo-de-la-provincia-de-la-pampa\\\/#breadcrumb\"},\"inLanguage\":\"es\",\"potentialAction\":[{\"@type\":\"ReadAction\",\"target\":[\"https:\\\/\\\/stesa.com\\\/mapas\\\/doc\\\/escudo-de-la-provincia-de-la-pampa\\\/\"]}]},{\"@type\":\"ImageObject\",\"inLanguage\":\"es\",\"@id\":\"https:\\\/\\\/stesa.com\\\/mapas\\\/doc\\\/escudo-de-la-provincia-de-la-pampa\\\/#primaryimage\",\"url\":\"https:\\\/\\\/stesa.com\\\/mapas\\\/wp-content\\\/uploads\\\/19728\\\/Escudo-de-la-provincia-de-La-Pampa.png\",\"contentUrl\":\"https:\\\/\\\/stesa.com\\\/mapas\\\/wp-content\\\/uploads\\\/19728\\\/Escudo-de-la-provincia-de-La-Pampa.png\",\"width\":3840,\"height\":3966,\"caption\":\"Escudo de la provincia de La Pampa.\"},{\"@type\":\"BreadcrumbList\",\"@id\":\"https:\\\/\\\/stesa.com\\\/mapas\\\/doc\\\/escudo-de-la-provincia-de-la-pampa\\\/#breadcrumb\",\"itemListElement\":[{\"@type\":\"ListItem\",\"position\":1,\"name\":\"Portada\",\"item\":\"https:\\\/\\\/gifex.com\\\/mapas\\\/\"},{\"@type\":\"ListItem\",\"position\":2,\"name\":\"Escudo de la provincia de La Pampa\"}]},{\"@type\":\"WebSite\",\"@id\":\"https:\\\/\\\/stesa.com\\\/mapas\\\/#website\",\"url\":\"https:\\\/\\\/stesa.com\\\/mapas\\\/\",\"name\":\"Galer\u00eda de mapas\",\"description\":\"\",\"potentialAction\":[{\"@type\":\"SearchAction\",\"target\":{\"@type\":\"EntryPoint\",\"urlTemplate\":\"https:\\\/\\\/stesa.com\\\/mapas\\\/?s={search_term_string}\"},\"query-input\":{\"@type\":\"PropertyValueSpecification\",\"valueRequired\":true,\"valueName\":\"search_term_string\"}}],\"inLanguage\":\"es\"}]}<\/script>\n<!-- \/ Yoast SEO plugin. -->","yoast_head_json":{"title":"Escudo de la provincia de La Pampa - Galer\u00eda de mapas","robots":{"index":"index","follow":"follow","max-snippet":"max-snippet:-1","max-image-preview":"max-image-preview:large","max-video-preview":"max-video-preview:-1"},"canonical":"https:\/\/stesa.com\/mapas\/doc\/escudo-de-la-provincia-de-la-pampa\/","og_locale":"es_ES","og_type":"article","og_title":"Escudo de la provincia de La Pampa - Galer\u00eda de mapas","og_description":"El Escudo de la Provincia de La Pampa es el s\u00edmbolo oficial que representa la identidad de esta provincia argentina. Fue adoptado para simbolizar su ...","og_url":"https:\/\/stesa.com\/mapas\/doc\/escudo-de-la-provincia-de-la-pampa\/","og_site_name":"Galer\u00eda de mapas","og_image":[{"width":3840,"height":3966,"url":"https:\/\/stesa.com\/mapas\/wp-content\/uploads\/19728\/Escudo-de-la-provincia-de-La-Pampa.png","type":"image\/png"}],"twitter_card":"summary_large_image","twitter_misc":{"Tiempo de lectura":"1 minuto"},"schema":{"@context":"https:\/\/schema.org","@graph":[{"@type":"WebPage","@id":"https:\/\/stesa.com\/mapas\/doc\/escudo-de-la-provincia-de-la-pampa\/","url":"https:\/\/stesa.com\/mapas\/doc\/escudo-de-la-provincia-de-la-pampa\/","name":"Escudo de la provincia de La Pampa - Galer\u00eda de mapas","isPartOf":{"@id":"https:\/\/stesa.com\/mapas\/#website"},"primaryImageOfPage":{"@id":"https:\/\/stesa.com\/mapas\/doc\/escudo-de-la-provincia-de-la-pampa\/#primaryimage"},"image":{"@id":"https:\/\/stesa.com\/mapas\/doc\/escudo-de-la-provincia-de-la-pampa\/#primaryimage"},"thumbnailUrl":"https:\/\/stesa.com\/mapas\/wp-content\/uploads\/19728\/Escudo-de-la-provincia-de-La-Pampa.png","datePublished":"2026-04-20T14:55:50+00:00","breadcrumb":{"@id":"https:\/\/stesa.com\/mapas\/doc\/escudo-de-la-provincia-de-la-pampa\/#breadcrumb"},"inLanguage":"es","potentialAction":[{"@type":"ReadAction","target":["https:\/\/stesa.com\/mapas\/doc\/escudo-de-la-provincia-de-la-pampa\/"]}]},{"@type":"ImageObject","inLanguage":"es","@id":"https:\/\/stesa.com\/mapas\/doc\/escudo-de-la-provincia-de-la-pampa\/#primaryimage","url":"https:\/\/stesa.com\/mapas\/wp-content\/uploads\/19728\/Escudo-de-la-provincia-de-La-Pampa.png","contentUrl":"https:\/\/stesa.com\/mapas\/wp-content\/uploads\/19728\/Escudo-de-la-provincia-de-La-Pampa.png","width":3840,"height":3966,"caption":"Escudo de la provincia de La Pampa."},{"@type":"BreadcrumbList","@id":"https:\/\/stesa.com\/mapas\/doc\/escudo-de-la-provincia-de-la-pampa\/#breadcrumb","itemListElement":[{"@type":"ListItem","position":1,"name":"Portada","item":"https:\/\/gifex.com\/mapas\/"},{"@type":"ListItem","position":2,"name":"Escudo de la provincia de La Pampa"}]},{"@type":"WebSite","@id":"https:\/\/stesa.com\/mapas\/#website","url":"https:\/\/stesa.com\/mapas\/","name":"Galer\u00eda de mapas","description":"","potentialAction":[{"@type":"SearchAction","target":{"@type":"EntryPoint","urlTemplate":"https:\/\/stesa.com\/mapas\/?s={search_term_string}"},"query-input":{"@type":"PropertyValueSpecification","valueRequired":true,"valueName":"search_term_string"}}],"inLanguage":"es"}]}},"_links":{"self":[{"href":"https:\/\/stesa.com\/mapas\/wp-json\/wp\/v2\/ficha\/19728","targetHints":{"allow":["GET"]}}],"collection":[{"href":"https:\/\/stesa.com\/mapas\/wp-json\/wp\/v2\/ficha"}],"about":[{"href":"https:\/\/stesa.com\/mapas\/wp-json\/wp\/v2\/types\/ficha"}],"author":[{"embeddable":true,"href":"https:\/\/stesa.com\/mapas\/wp-json\/wp\/v2\/users\/1"}],"version-history":[{"count":1,"href":"https:\/\/stesa.com\/mapas\/wp-json\/wp\/v2\/ficha\/19728\/revisions"}],"predecessor-version":[{"id":19730,"href":"https:\/\/stesa.com\/mapas\/wp-json\/wp\/v2\/ficha\/19728\/revisions\/19730"}],"wp:featuredmedia":[{"embeddable":true,"href":"https:\/\/stesa.com\/mapas\/wp-json\/wp\/v2\/media\/19729"}],"wp:attachment":[{"href":"https:\/\/stesa.com\/mapas\/wp-json\/wp\/v2\/media?parent=19728"}],"wp:term":[{"taxonomy":"categoria_ficha","embeddable":true,"href":"https:\/\/stesa.com\/mapas\/wp-json\/wp\/v2\/categoria_ficha?post=19728"}],"curies":[{"name":"wp","href":"https:\/\/api.w.org\/{rel}","templated":true}]}}