{"id":19587,"date":"2026-04-19T18:17:09","date_gmt":"2026-04-19T18:17:09","guid":{"rendered":"https:\/\/stesa.com\/mapas\/?post_type=ficha&#038;p=19587"},"modified":"2026-04-19T18:17:09","modified_gmt":"2026-04-19T18:17:09","slug":"mapa-politico-de-la-provincia-de-entre-rios","status":"publish","type":"ficha","link":"https:\/\/stesa.com\/mapas\/doc\/mapa-politico-de-la-provincia-de-entre-rios\/","title":{"rendered":"Mapa pol\u00edtico de la provincia de Entre R\u00edos"},"content":{"rendered":"<p style=\"text-align: center;\"><label style=\"font-size: 15px;\">Mapa pol\u00edtico de la provincia de Entre R\u00edos <a href=\"https:\/\/stesa.com\/mapas\/wp-content\/uploads\/19587\/Mapa-politico-de-la-provincia-de-Entre-Rios.pdf\" target=\"_blank\" rel=\"noopener\">(formato PDF)<\/a>.<\/label><\/p>\n<p><strong>Divisi\u00f3n pol\u00edtico-administrativa de la provincia de Entre R\u00edos<\/strong><\/p>\n<p>La provincia de Entre R\u00edos se organiza pol\u00edticamente en 17 departamentos, que constituyen sus principales divisiones administrativas. La capital provincial es Paran\u00e1.<\/p>\n<figure id=\"attachment_19590\" aria-describedby=\"caption-attachment-19590\" style=\"width: 360px\" class=\"wp-caption alignright\"><a href=\"https:\/\/stesa.com\/mapas\/wp-content\/uploads\/19587\/Division-politico-administrativa-de-la-provincia-de-Entre-Rios.jpg\" target=\"_blank\" rel=\"noopener\"><img loading=\"lazy\" decoding=\"async\" class=\"wp-image-19590\" title=\"Divisi\u00f3n pol\u00edtico-administrativa de la provincia de Entre R\u00edos.\" src=\"https:\/\/stesa.com\/mapas\/wp-content\/uploads\/19587\/Division-politico-administrativa-de-la-provincia-de-Entre-Rios-212x300.jpg\" alt=\"Divisi\u00f3n pol\u00edtico-administrativa de la provincia de Entre R\u00edos.\" width=\"360\" height=\"509\" srcset=\"https:\/\/stesa.com\/mapas\/wp-content\/uploads\/19587\/Division-politico-administrativa-de-la-provincia-de-Entre-Rios-212x300.jpg 212w, https:\/\/stesa.com\/mapas\/wp-content\/uploads\/19587\/Division-politico-administrativa-de-la-provincia-de-Entre-Rios-724x1024.jpg 724w, https:\/\/stesa.com\/mapas\/wp-content\/uploads\/19587\/Division-politico-administrativa-de-la-provincia-de-Entre-Rios-768x1087.jpg 768w, https:\/\/stesa.com\/mapas\/wp-content\/uploads\/19587\/Division-politico-administrativa-de-la-provincia-de-Entre-Rios-1086x1536.jpg 1086w, https:\/\/stesa.com\/mapas\/wp-content\/uploads\/19587\/Division-politico-administrativa-de-la-provincia-de-Entre-Rios-300x425.jpg 300w, https:\/\/stesa.com\/mapas\/wp-content\/uploads\/19587\/Division-politico-administrativa-de-la-provincia-de-Entre-Rios-1131x1600.jpg 1131w, https:\/\/stesa.com\/mapas\/wp-content\/uploads\/19587\/Division-politico-administrativa-de-la-provincia-de-Entre-Rios.jpg 1200w\" sizes=\"auto, (max-width: 360px) 100vw, 360px\" \/><\/a><figcaption id=\"caption-attachment-19590\" class=\"wp-caption-text\"><label style=\"font-size: 15px;\">Divisi\u00f3n pol\u00edtico-administrativa de la provincia de Entre R\u00edos <a href=\"https:\/\/stesa.com\/mapas\/wp-content\/uploads\/19587\/Division-politico-administrativa-de-la-provincia-de-Entre-Rios.pdf\" target=\"_blank\" rel=\"noopener\">(formato PDF)<\/a>.<\/label><\/figcaption><\/figure>\n<p><strong>Departamentos de Entre R\u00edos<\/strong><\/p>\n<ol>\n<li>Col\u00f3n<\/li>\n<li>Concordia<\/li>\n<li>Diamante<\/li>\n<li>Federaci\u00f3n<\/li>\n<li>Federal<\/li>\n<li>Feliciano<\/li>\n<li>Gualeguay<\/li>\n<li>Gualeguaych\u00fa<\/li>\n<li>Islas del Ibicuy<\/li>\n<li>La Paz<\/li>\n<li>Nogoy\u00e1<\/li>\n<li>Paran\u00e1<\/li>\n<li>San Salvador<\/li>\n<li>Tala<\/li>\n<li>Uruguay<\/li>\n<li>Victoria<\/li>\n<li>Villaguay<\/li>\n<\/ol>\n<p><strong>Organizaci\u00f3n local<\/strong><\/p>\n<p>Dentro de los departamentos existen municipios, comunas y juntas de gobierno, encargados de la administraci\u00f3n local de ciudades, pueblos y \u00e1reas rurales.<\/p>\n","protected":false},"excerpt":{"rendered":"<p>Divisi\u00f3n pol\u00edtico-administrativa de la provincia de Entre R\u00edos. La provincia de Entre R\u00edos se organiza pol\u00edticamente en 17 departamentos, que constituyen &#8230;<\/p>\n","protected":false},"author":1,"featured_media":19588,"template":"","categoria_ficha":[2188],"class_list":["post-19587","ficha","type-ficha","status-publish","has-post-thumbnail","hentry","categoria_ficha-mapas-de-la-provincia-de-entre-rios"],"yoast_head":"<!-- This site is optimized with the Yoast SEO plugin v27.4 - https:\/\/yoast.com\/product\/yoast-seo-wordpress\/ -->\n<title>Mapa pol\u00edtico de la provincia de Entre R\u00edos - Galer\u00eda de mapas<\/title>\n<meta name=\"robots\" content=\"index, follow, max-snippet:-1, max-image-preview:large, max-video-preview:-1\" \/>\n<link rel=\"canonical\" href=\"https:\/\/stesa.com\/mapas\/doc\/mapa-politico-de-la-provincia-de-entre-rios\/\" \/>\n<meta property=\"og:locale\" content=\"es_ES\" \/>\n<meta property=\"og:type\" content=\"article\" \/>\n<meta property=\"og:title\" content=\"Mapa pol\u00edtico de la provincia de Entre R\u00edos - Galer\u00eda de mapas\" \/>\n<meta property=\"og:description\" content=\"Divisi\u00f3n pol\u00edtico-administrativa de la provincia de Entre R\u00edos. La provincia de Entre R\u00edos se organiza pol\u00edticamente en 17 departamentos, que constituyen ...\" \/>\n<meta property=\"og:url\" content=\"https:\/\/stesa.com\/mapas\/doc\/mapa-politico-de-la-provincia-de-entre-rios\/\" \/>\n<meta property=\"og:site_name\" content=\"Galer\u00eda de mapas\" \/>\n<meta property=\"og:image\" content=\"https:\/\/stesa.com\/mapas\/wp-content\/uploads\/19587\/Mapa-politico-de-la-provincia-de-Entre-Rios-713x1024.jpg\" \/>\n\t<meta property=\"og:image:width\" content=\"713\" \/>\n\t<meta property=\"og:image:height\" content=\"1024\" \/>\n\t<meta property=\"og:image:type\" content=\"image\/jpeg\" \/>\n<meta name=\"twitter:card\" content=\"summary_large_image\" \/>\n<meta name=\"twitter:label1\" content=\"Tiempo de lectura\" \/>\n\t<meta name=\"twitter:data1\" content=\"1 minuto\" \/>\n<script type=\"application\/ld+json\" class=\"yoast-schema-graph\">{\"@context\":\"https:\\\/\\\/schema.org\",\"@graph\":[{\"@type\":\"WebPage\",\"@id\":\"https:\\\/\\\/stesa.com\\\/mapas\\\/doc\\\/mapa-politico-de-la-provincia-de-entre-rios\\\/\",\"url\":\"https:\\\/\\\/stesa.com\\\/mapas\\\/doc\\\/mapa-politico-de-la-provincia-de-entre-rios\\\/\",\"name\":\"Mapa pol\u00edtico de la provincia de Entre R\u00edos - Galer\u00eda de mapas\",\"isPartOf\":{\"@id\":\"https:\\\/\\\/stesa.com\\\/mapas\\\/#website\"},\"primaryImageOfPage\":{\"@id\":\"https:\\\/\\\/stesa.com\\\/mapas\\\/doc\\\/mapa-politico-de-la-provincia-de-entre-rios\\\/#primaryimage\"},\"image\":{\"@id\":\"https:\\\/\\\/stesa.com\\\/mapas\\\/doc\\\/mapa-politico-de-la-provincia-de-entre-rios\\\/#primaryimage\"},\"thumbnailUrl\":\"https:\\\/\\\/stesa.com\\\/mapas\\\/wp-content\\\/uploads\\\/19587\\\/Mapa-politico-de-la-provincia-de-Entre-Rios.jpg\",\"datePublished\":\"2026-04-19T18:17:09+00:00\",\"breadcrumb\":{\"@id\":\"https:\\\/\\\/stesa.com\\\/mapas\\\/doc\\\/mapa-politico-de-la-provincia-de-entre-rios\\\/#breadcrumb\"},\"inLanguage\":\"es\",\"potentialAction\":[{\"@type\":\"ReadAction\",\"target\":[\"https:\\\/\\\/stesa.com\\\/mapas\\\/doc\\\/mapa-politico-de-la-provincia-de-entre-rios\\\/\"]}]},{\"@type\":\"ImageObject\",\"inLanguage\":\"es\",\"@id\":\"https:\\\/\\\/stesa.com\\\/mapas\\\/doc\\\/mapa-politico-de-la-provincia-de-entre-rios\\\/#primaryimage\",\"url\":\"https:\\\/\\\/stesa.com\\\/mapas\\\/wp-content\\\/uploads\\\/19587\\\/Mapa-politico-de-la-provincia-de-Entre-Rios.jpg\",\"contentUrl\":\"https:\\\/\\\/stesa.com\\\/mapas\\\/wp-content\\\/uploads\\\/19587\\\/Mapa-politico-de-la-provincia-de-Entre-Rios.jpg\",\"width\":2417,\"height\":3473,\"caption\":\"Mapa pol\u00edtico de la provincia de Entre R\u00edos.\"},{\"@type\":\"BreadcrumbList\",\"@id\":\"https:\\\/\\\/stesa.com\\\/mapas\\\/doc\\\/mapa-politico-de-la-provincia-de-entre-rios\\\/#breadcrumb\",\"itemListElement\":[{\"@type\":\"ListItem\",\"position\":1,\"name\":\"Portada\",\"item\":\"https:\\\/\\\/gifex.com\\\/mapas\\\/\"},{\"@type\":\"ListItem\",\"position\":2,\"name\":\"Mapa pol\u00edtico de la provincia de Entre R\u00edos\"}]},{\"@type\":\"WebSite\",\"@id\":\"https:\\\/\\\/stesa.com\\\/mapas\\\/#website\",\"url\":\"https:\\\/\\\/stesa.com\\\/mapas\\\/\",\"name\":\"Galer\u00eda de mapas\",\"description\":\"\",\"potentialAction\":[{\"@type\":\"SearchAction\",\"target\":{\"@type\":\"EntryPoint\",\"urlTemplate\":\"https:\\\/\\\/stesa.com\\\/mapas\\\/?s={search_term_string}\"},\"query-input\":{\"@type\":\"PropertyValueSpecification\",\"valueRequired\":true,\"valueName\":\"search_term_string\"}}],\"inLanguage\":\"es\"}]}<\/script>\n<!-- \/ Yoast SEO plugin. -->","yoast_head_json":{"title":"Mapa pol\u00edtico de la provincia de Entre R\u00edos - Galer\u00eda de mapas","robots":{"index":"index","follow":"follow","max-snippet":"max-snippet:-1","max-image-preview":"max-image-preview:large","max-video-preview":"max-video-preview:-1"},"canonical":"https:\/\/stesa.com\/mapas\/doc\/mapa-politico-de-la-provincia-de-entre-rios\/","og_locale":"es_ES","og_type":"article","og_title":"Mapa pol\u00edtico de la provincia de Entre R\u00edos - Galer\u00eda de mapas","og_description":"Divisi\u00f3n pol\u00edtico-administrativa de la provincia de Entre R\u00edos. La provincia de Entre R\u00edos se organiza pol\u00edticamente en 17 departamentos, que constituyen ...","og_url":"https:\/\/stesa.com\/mapas\/doc\/mapa-politico-de-la-provincia-de-entre-rios\/","og_site_name":"Galer\u00eda de mapas","og_image":[{"width":713,"height":1024,"url":"https:\/\/stesa.com\/mapas\/wp-content\/uploads\/19587\/Mapa-politico-de-la-provincia-de-Entre-Rios-713x1024.jpg","type":"image\/jpeg"}],"twitter_card":"summary_large_image","twitter_misc":{"Tiempo de lectura":"1 minuto"},"schema":{"@context":"https:\/\/schema.org","@graph":[{"@type":"WebPage","@id":"https:\/\/stesa.com\/mapas\/doc\/mapa-politico-de-la-provincia-de-entre-rios\/","url":"https:\/\/stesa.com\/mapas\/doc\/mapa-politico-de-la-provincia-de-entre-rios\/","name":"Mapa pol\u00edtico de la provincia de Entre R\u00edos - Galer\u00eda de mapas","isPartOf":{"@id":"https:\/\/stesa.com\/mapas\/#website"},"primaryImageOfPage":{"@id":"https:\/\/stesa.com\/mapas\/doc\/mapa-politico-de-la-provincia-de-entre-rios\/#primaryimage"},"image":{"@id":"https:\/\/stesa.com\/mapas\/doc\/mapa-politico-de-la-provincia-de-entre-rios\/#primaryimage"},"thumbnailUrl":"https:\/\/stesa.com\/mapas\/wp-content\/uploads\/19587\/Mapa-politico-de-la-provincia-de-Entre-Rios.jpg","datePublished":"2026-04-19T18:17:09+00:00","breadcrumb":{"@id":"https:\/\/stesa.com\/mapas\/doc\/mapa-politico-de-la-provincia-de-entre-rios\/#breadcrumb"},"inLanguage":"es","potentialAction":[{"@type":"ReadAction","target":["https:\/\/stesa.com\/mapas\/doc\/mapa-politico-de-la-provincia-de-entre-rios\/"]}]},{"@type":"ImageObject","inLanguage":"es","@id":"https:\/\/stesa.com\/mapas\/doc\/mapa-politico-de-la-provincia-de-entre-rios\/#primaryimage","url":"https:\/\/stesa.com\/mapas\/wp-content\/uploads\/19587\/Mapa-politico-de-la-provincia-de-Entre-Rios.jpg","contentUrl":"https:\/\/stesa.com\/mapas\/wp-content\/uploads\/19587\/Mapa-politico-de-la-provincia-de-Entre-Rios.jpg","width":2417,"height":3473,"caption":"Mapa pol\u00edtico de la provincia de Entre R\u00edos."},{"@type":"BreadcrumbList","@id":"https:\/\/stesa.com\/mapas\/doc\/mapa-politico-de-la-provincia-de-entre-rios\/#breadcrumb","itemListElement":[{"@type":"ListItem","position":1,"name":"Portada","item":"https:\/\/gifex.com\/mapas\/"},{"@type":"ListItem","position":2,"name":"Mapa pol\u00edtico de la provincia de Entre R\u00edos"}]},{"@type":"WebSite","@id":"https:\/\/stesa.com\/mapas\/#website","url":"https:\/\/stesa.com\/mapas\/","name":"Galer\u00eda de mapas","description":"","potentialAction":[{"@type":"SearchAction","target":{"@type":"EntryPoint","urlTemplate":"https:\/\/stesa.com\/mapas\/?s={search_term_string}"},"query-input":{"@type":"PropertyValueSpecification","valueRequired":true,"valueName":"search_term_string"}}],"inLanguage":"es"}]}},"_links":{"self":[{"href":"https:\/\/stesa.com\/mapas\/wp-json\/wp\/v2\/ficha\/19587","targetHints":{"allow":["GET"]}}],"collection":[{"href":"https:\/\/stesa.com\/mapas\/wp-json\/wp\/v2\/ficha"}],"about":[{"href":"https:\/\/stesa.com\/mapas\/wp-json\/wp\/v2\/types\/ficha"}],"author":[{"embeddable":true,"href":"https:\/\/stesa.com\/mapas\/wp-json\/wp\/v2\/users\/1"}],"version-history":[{"count":1,"href":"https:\/\/stesa.com\/mapas\/wp-json\/wp\/v2\/ficha\/19587\/revisions"}],"predecessor-version":[{"id":19592,"href":"https:\/\/stesa.com\/mapas\/wp-json\/wp\/v2\/ficha\/19587\/revisions\/19592"}],"wp:featuredmedia":[{"embeddable":true,"href":"https:\/\/stesa.com\/mapas\/wp-json\/wp\/v2\/media\/19588"}],"wp:attachment":[{"href":"https:\/\/stesa.com\/mapas\/wp-json\/wp\/v2\/media?parent=19587"}],"wp:term":[{"taxonomy":"categoria_ficha","embeddable":true,"href":"https:\/\/stesa.com\/mapas\/wp-json\/wp\/v2\/categoria_ficha?post=19587"}],"curies":[{"name":"wp","href":"https:\/\/api.w.org\/{rel}","templated":true}]}}