{"id":19581,"date":"2026-04-19T15:56:28","date_gmt":"2026-04-19T15:56:28","guid":{"rendered":"https:\/\/stesa.com\/mapas\/?post_type=ficha&#038;p=19581"},"modified":"2026-04-26T20:57:47","modified_gmt":"2026-04-26T20:57:47","slug":"mapa-mudo-de-la-provincia-de-entre-rios","status":"publish","type":"ficha","link":"https:\/\/stesa.com\/mapas\/doc\/mapa-mudo-de-la-provincia-de-entre-rios\/","title":{"rendered":"Mapa mudo de la provincia de Entre R\u00edos"},"content":{"rendered":"<p style=\"text-align: center;\"><label style=\"font-size: 15px;\">Mapa mudo de la provincia de Entre R\u00edos, dise\u00f1ado para geolocalizaci\u00f3n.<\/label><\/p>\n<p>Estos mapas mudos de la provincia de Entre R\u00edos representan la cartograf\u00eda de la provincia, pero sin ning\u00fan tipo de etiquetado. Estos mapas en blanco se pueden utilizar, por ejemplo, en el \u00e1mbito de la educaci\u00f3n. Pueden servir como base para muchos mapas m\u00e1s elaborados.<\/p>\n<p>Estos modelos de mapas son m\u00e1s did\u00e1cticos y educativos para los ni\u00f1os, son el instrumento perfecto para aprender geograf\u00eda. Estos mapas sin nombre: requieren geolocalizar, departamentos, municipios, comunas, ciudades, pueblos, r\u00edos, lagos, monta\u00f1as y otras caracter\u00edsticas geogr\u00e1ficas, etc.<\/p>\n<div style=\"clear: both; display: inline-block; width: 100%;\">\n<div class=\"row\">\n<div class=\"col-sm\">\n<figure id=\"attachment_19585\" aria-describedby=\"caption-attachment-19585\" style=\"width: 400px\" class=\"wp-caption alignleft\"><a href=\"https:\/\/stesa.com\/mapas\/wp-content\/uploads\/19581\/Mapa-fisico-en-blanco-de-la-provincia-de-Entre-Rios.png\" target=\"_blank\" rel=\"noopener\"><img loading=\"lazy\" decoding=\"async\" class=\"wp-image-19585\" title=\"Mapa f\u00edsico en blanco de la provincia de Entre R\u00edos.\" src=\"https:\/\/stesa.com\/mapas\/wp-content\/uploads\/19581\/Mapa-fisico-en-blanco-de-la-provincia-de-Entre-Rios-209x300.png\" alt=\"Mapa f\u00edsico en blanco de la provincia de Entre R\u00edos.\" width=\"400\" height=\"575\" srcset=\"https:\/\/stesa.com\/mapas\/wp-content\/uploads\/19581\/Mapa-fisico-en-blanco-de-la-provincia-de-Entre-Rios-209x300.png 209w, https:\/\/stesa.com\/mapas\/wp-content\/uploads\/19581\/Mapa-fisico-en-blanco-de-la-provincia-de-Entre-Rios-712x1024.png 712w, https:\/\/stesa.com\/mapas\/wp-content\/uploads\/19581\/Mapa-fisico-en-blanco-de-la-provincia-de-Entre-Rios-768x1105.png 768w, https:\/\/stesa.com\/mapas\/wp-content\/uploads\/19581\/Mapa-fisico-en-blanco-de-la-provincia-de-Entre-Rios-1068x1536.png 1068w, https:\/\/stesa.com\/mapas\/wp-content\/uploads\/19581\/Mapa-fisico-en-blanco-de-la-provincia-de-Entre-Rios-1424x2048.png 1424w, https:\/\/stesa.com\/mapas\/wp-content\/uploads\/19581\/Mapa-fisico-en-blanco-de-la-provincia-de-Entre-Rios-300x432.png 300w, https:\/\/stesa.com\/mapas\/wp-content\/uploads\/19581\/Mapa-fisico-en-blanco-de-la-provincia-de-Entre-Rios-1112x1600.png 1112w, https:\/\/stesa.com\/mapas\/wp-content\/uploads\/19581\/Mapa-fisico-en-blanco-de-la-provincia-de-Entre-Rios.png 1708w\" sizes=\"auto, (max-width: 400px) 100vw, 400px\" \/><\/a><figcaption id=\"caption-attachment-19585\" class=\"wp-caption-text\"><label style=\"font-size: 15px;\">Mapa f\u00edsico en blanco de la provincia de Entre R\u00edos.<\/label><\/figcaption><\/figure>\n<\/div>\n<div class=\"col-sm\">\n<figure id=\"attachment_19584\" aria-describedby=\"caption-attachment-19584\" style=\"width: 400px\" class=\"wp-caption alignright\"><a href=\"https:\/\/stesa.com\/mapas\/wp-content\/uploads\/19581\/Mapa-topografico-en-blanco-de-la-provincia-de-Entre-Rios.jpg\" target=\"_blank\" rel=\"noopener\"><img loading=\"lazy\" decoding=\"async\" class=\"wp-image-19584\" title=\"Mapa topogr\u00e1fico en blanco de la provincia de Entre R\u00edos.\" src=\"https:\/\/stesa.com\/mapas\/wp-content\/uploads\/19581\/Mapa-topografico-en-blanco-de-la-provincia-de-Entre-Rios-222x300.jpg\" alt=\"Mapa topogr\u00e1fico en blanco de la provincia de Entre R\u00edos.\" width=\"400\" height=\"540\" srcset=\"https:\/\/stesa.com\/mapas\/wp-content\/uploads\/19581\/Mapa-topografico-en-blanco-de-la-provincia-de-Entre-Rios-222x300.jpg 222w, https:\/\/stesa.com\/mapas\/wp-content\/uploads\/19581\/Mapa-topografico-en-blanco-de-la-provincia-de-Entre-Rios-758x1024.jpg 758w, https:\/\/stesa.com\/mapas\/wp-content\/uploads\/19581\/Mapa-topografico-en-blanco-de-la-provincia-de-Entre-Rios-768x1037.jpg 768w, https:\/\/stesa.com\/mapas\/wp-content\/uploads\/19581\/Mapa-topografico-en-blanco-de-la-provincia-de-Entre-Rios-1137x1536.jpg 1137w, https:\/\/stesa.com\/mapas\/wp-content\/uploads\/19581\/Mapa-topografico-en-blanco-de-la-provincia-de-Entre-Rios-1516x2048.jpg 1516w, https:\/\/stesa.com\/mapas\/wp-content\/uploads\/19581\/Mapa-topografico-en-blanco-de-la-provincia-de-Entre-Rios-300x405.jpg 300w, https:\/\/stesa.com\/mapas\/wp-content\/uploads\/19581\/Mapa-topografico-en-blanco-de-la-provincia-de-Entre-Rios-1184x1600.jpg 1184w, https:\/\/stesa.com\/mapas\/wp-content\/uploads\/19581\/Mapa-topografico-en-blanco-de-la-provincia-de-Entre-Rios.jpg 1881w\" sizes=\"auto, (max-width: 400px) 100vw, 400px\" \/><\/a><figcaption id=\"caption-attachment-19584\" class=\"wp-caption-text\"><label style=\"font-size: 15px;\">Mapa topogr\u00e1fico en blanco de la provincia de Entre R\u00edos.<\/label><\/figcaption><\/figure>\n<\/div>\n<div class=\"col-sm\">\n<figure id=\"attachment_19583\" aria-describedby=\"caption-attachment-19583\" style=\"width: 400px\" class=\"wp-caption aligncenter\"><a href=\"https:\/\/stesa.com\/mapas\/wp-content\/uploads\/19581\/Mapa-politico-mudo-de-la-provincia-de-Entre-Rios.jpg\" target=\"_blank\" rel=\"noopener\"><img loading=\"lazy\" decoding=\"async\" class=\"wp-image-19583\" title=\"Mapa pol\u00edtico mudo de la provincia de Entre R\u00edos.\" src=\"https:\/\/stesa.com\/mapas\/wp-content\/uploads\/19581\/Mapa-politico-mudo-de-la-provincia-de-Entre-Rios-237x300.jpg\" alt=\"Mapa pol\u00edtico mudo de la provincia de Entre R\u00edos.\" width=\"400\" height=\"506\" srcset=\"https:\/\/stesa.com\/mapas\/wp-content\/uploads\/19581\/Mapa-politico-mudo-de-la-provincia-de-Entre-Rios-237x300.jpg 237w, https:\/\/stesa.com\/mapas\/wp-content\/uploads\/19581\/Mapa-politico-mudo-de-la-provincia-de-Entre-Rios-810x1024.jpg 810w, https:\/\/stesa.com\/mapas\/wp-content\/uploads\/19581\/Mapa-politico-mudo-de-la-provincia-de-Entre-Rios-768x971.jpg 768w, https:\/\/stesa.com\/mapas\/wp-content\/uploads\/19581\/Mapa-politico-mudo-de-la-provincia-de-Entre-Rios-1215x1536.jpg 1215w, https:\/\/stesa.com\/mapas\/wp-content\/uploads\/19581\/Mapa-politico-mudo-de-la-provincia-de-Entre-Rios-1620x2048.jpg 1620w, https:\/\/stesa.com\/mapas\/wp-content\/uploads\/19581\/Mapa-politico-mudo-de-la-provincia-de-Entre-Rios-300x379.jpg 300w, https:\/\/stesa.com\/mapas\/wp-content\/uploads\/19581\/Mapa-politico-mudo-de-la-provincia-de-Entre-Rios-1266x1600.jpg 1266w, https:\/\/stesa.com\/mapas\/wp-content\/uploads\/19581\/Mapa-politico-mudo-de-la-provincia-de-Entre-Rios.jpg 2003w\" sizes=\"auto, (max-width: 400px) 100vw, 400px\" \/><\/a><figcaption id=\"caption-attachment-19583\" class=\"wp-caption-text\"><label style=\"font-size: 15px;\">Mapa pol\u00edtico mudo de la provincia de Entre R\u00edos.<\/label><\/figcaption><\/figure><\/p>\n<\/div>\n<\/div>\n<\/div>\n","protected":false},"excerpt":{"rendered":"<p>Estos mapas mudos de la provincia de Entre R\u00edos representan la cartograf\u00eda de la provincia, pero sin ning\u00fan tipo de etiquetado. Estos mapas en blanco se pueden<\/p>\n","protected":false},"author":1,"featured_media":19582,"template":"","categoria_ficha":[2188],"class_list":["post-19581","ficha","type-ficha","status-publish","has-post-thumbnail","hentry","categoria_ficha-mapas-de-la-provincia-de-entre-rios"],"yoast_head":"<!-- This site is optimized with the Yoast SEO plugin v27.4 - https:\/\/yoast.com\/product\/yoast-seo-wordpress\/ -->\n<title>Mapa mudo de la provincia de Entre R\u00edos - Galer\u00eda de mapas<\/title>\n<meta name=\"robots\" content=\"index, follow, max-snippet:-1, max-image-preview:large, max-video-preview:-1\" \/>\n<link rel=\"canonical\" href=\"https:\/\/stesa.com\/mapas\/doc\/mapa-mudo-de-la-provincia-de-entre-rios\/\" \/>\n<meta property=\"og:locale\" content=\"es_ES\" \/>\n<meta property=\"og:type\" content=\"article\" \/>\n<meta property=\"og:title\" content=\"Mapa mudo de la provincia de Entre R\u00edos - Galer\u00eda de mapas\" \/>\n<meta property=\"og:description\" content=\"Estos mapas mudos de la provincia de Entre R\u00edos representan la cartograf\u00eda de la provincia, pero sin ning\u00fan tipo de etiquetado. Estos mapas en blanco se pueden\" \/>\n<meta property=\"og:url\" content=\"https:\/\/stesa.com\/mapas\/doc\/mapa-mudo-de-la-provincia-de-entre-rios\/\" \/>\n<meta property=\"og:site_name\" content=\"Galer\u00eda de mapas\" \/>\n<meta property=\"article:modified_time\" content=\"2026-04-26T20:57:47+00:00\" \/>\n<meta property=\"og:image\" content=\"https:\/\/stesa.com\/mapas\/wp-content\/uploads\/19581\/Mapa-mudo-de-la-provincia-de-Entre-Rios.png\" \/>\n\t<meta property=\"og:image:width\" content=\"1920\" \/>\n\t<meta property=\"og:image:height\" content=\"2763\" \/>\n\t<meta property=\"og:image:type\" content=\"image\/png\" \/>\n<meta name=\"twitter:card\" content=\"summary_large_image\" \/>\n<meta name=\"twitter:label1\" content=\"Tiempo de lectura\" \/>\n\t<meta name=\"twitter:data1\" content=\"2 minutos\" \/>\n<script type=\"application\/ld+json\" class=\"yoast-schema-graph\">{\"@context\":\"https:\\\/\\\/schema.org\",\"@graph\":[{\"@type\":\"WebPage\",\"@id\":\"https:\\\/\\\/stesa.com\\\/mapas\\\/doc\\\/mapa-mudo-de-la-provincia-de-entre-rios\\\/\",\"url\":\"https:\\\/\\\/stesa.com\\\/mapas\\\/doc\\\/mapa-mudo-de-la-provincia-de-entre-rios\\\/\",\"name\":\"Mapa mudo de la provincia de Entre R\u00edos - Galer\u00eda de mapas\",\"isPartOf\":{\"@id\":\"https:\\\/\\\/stesa.com\\\/mapas\\\/#website\"},\"primaryImageOfPage\":{\"@id\":\"https:\\\/\\\/stesa.com\\\/mapas\\\/doc\\\/mapa-mudo-de-la-provincia-de-entre-rios\\\/#primaryimage\"},\"image\":{\"@id\":\"https:\\\/\\\/stesa.com\\\/mapas\\\/doc\\\/mapa-mudo-de-la-provincia-de-entre-rios\\\/#primaryimage\"},\"thumbnailUrl\":\"https:\\\/\\\/stesa.com\\\/mapas\\\/wp-content\\\/uploads\\\/19581\\\/Mapa-mudo-de-la-provincia-de-Entre-Rios.png\",\"datePublished\":\"2026-04-19T15:56:28+00:00\",\"dateModified\":\"2026-04-26T20:57:47+00:00\",\"breadcrumb\":{\"@id\":\"https:\\\/\\\/stesa.com\\\/mapas\\\/doc\\\/mapa-mudo-de-la-provincia-de-entre-rios\\\/#breadcrumb\"},\"inLanguage\":\"es\",\"potentialAction\":[{\"@type\":\"ReadAction\",\"target\":[\"https:\\\/\\\/stesa.com\\\/mapas\\\/doc\\\/mapa-mudo-de-la-provincia-de-entre-rios\\\/\"]}]},{\"@type\":\"ImageObject\",\"inLanguage\":\"es\",\"@id\":\"https:\\\/\\\/stesa.com\\\/mapas\\\/doc\\\/mapa-mudo-de-la-provincia-de-entre-rios\\\/#primaryimage\",\"url\":\"https:\\\/\\\/stesa.com\\\/mapas\\\/wp-content\\\/uploads\\\/19581\\\/Mapa-mudo-de-la-provincia-de-Entre-Rios.png\",\"contentUrl\":\"https:\\\/\\\/stesa.com\\\/mapas\\\/wp-content\\\/uploads\\\/19581\\\/Mapa-mudo-de-la-provincia-de-Entre-Rios.png\",\"width\":1920,\"height\":2763,\"caption\":\"Mapa mudo de la provincia de Entre R\u00edos.\"},{\"@type\":\"BreadcrumbList\",\"@id\":\"https:\\\/\\\/stesa.com\\\/mapas\\\/doc\\\/mapa-mudo-de-la-provincia-de-entre-rios\\\/#breadcrumb\",\"itemListElement\":[{\"@type\":\"ListItem\",\"position\":1,\"name\":\"Portada\",\"item\":\"https:\\\/\\\/gifex.com\\\/mapas\\\/\"},{\"@type\":\"ListItem\",\"position\":2,\"name\":\"Mapa mudo de la provincia de Entre R\u00edos\"}]},{\"@type\":\"WebSite\",\"@id\":\"https:\\\/\\\/stesa.com\\\/mapas\\\/#website\",\"url\":\"https:\\\/\\\/stesa.com\\\/mapas\\\/\",\"name\":\"Galer\u00eda de mapas\",\"description\":\"\",\"potentialAction\":[{\"@type\":\"SearchAction\",\"target\":{\"@type\":\"EntryPoint\",\"urlTemplate\":\"https:\\\/\\\/stesa.com\\\/mapas\\\/?s={search_term_string}\"},\"query-input\":{\"@type\":\"PropertyValueSpecification\",\"valueRequired\":true,\"valueName\":\"search_term_string\"}}],\"inLanguage\":\"es\"}]}<\/script>\n<!-- \/ Yoast SEO plugin. -->","yoast_head_json":{"title":"Mapa mudo de la provincia de Entre R\u00edos - Galer\u00eda de mapas","robots":{"index":"index","follow":"follow","max-snippet":"max-snippet:-1","max-image-preview":"max-image-preview:large","max-video-preview":"max-video-preview:-1"},"canonical":"https:\/\/stesa.com\/mapas\/doc\/mapa-mudo-de-la-provincia-de-entre-rios\/","og_locale":"es_ES","og_type":"article","og_title":"Mapa mudo de la provincia de Entre R\u00edos - Galer\u00eda de mapas","og_description":"Estos mapas mudos de la provincia de Entre R\u00edos representan la cartograf\u00eda de la provincia, pero sin ning\u00fan tipo de etiquetado. Estos mapas en blanco se pueden","og_url":"https:\/\/stesa.com\/mapas\/doc\/mapa-mudo-de-la-provincia-de-entre-rios\/","og_site_name":"Galer\u00eda de mapas","article_modified_time":"2026-04-26T20:57:47+00:00","og_image":[{"width":1920,"height":2763,"url":"https:\/\/stesa.com\/mapas\/wp-content\/uploads\/19581\/Mapa-mudo-de-la-provincia-de-Entre-Rios.png","type":"image\/png"}],"twitter_card":"summary_large_image","twitter_misc":{"Tiempo de lectura":"2 minutos"},"schema":{"@context":"https:\/\/schema.org","@graph":[{"@type":"WebPage","@id":"https:\/\/stesa.com\/mapas\/doc\/mapa-mudo-de-la-provincia-de-entre-rios\/","url":"https:\/\/stesa.com\/mapas\/doc\/mapa-mudo-de-la-provincia-de-entre-rios\/","name":"Mapa mudo de la provincia de Entre R\u00edos - Galer\u00eda de mapas","isPartOf":{"@id":"https:\/\/stesa.com\/mapas\/#website"},"primaryImageOfPage":{"@id":"https:\/\/stesa.com\/mapas\/doc\/mapa-mudo-de-la-provincia-de-entre-rios\/#primaryimage"},"image":{"@id":"https:\/\/stesa.com\/mapas\/doc\/mapa-mudo-de-la-provincia-de-entre-rios\/#primaryimage"},"thumbnailUrl":"https:\/\/stesa.com\/mapas\/wp-content\/uploads\/19581\/Mapa-mudo-de-la-provincia-de-Entre-Rios.png","datePublished":"2026-04-19T15:56:28+00:00","dateModified":"2026-04-26T20:57:47+00:00","breadcrumb":{"@id":"https:\/\/stesa.com\/mapas\/doc\/mapa-mudo-de-la-provincia-de-entre-rios\/#breadcrumb"},"inLanguage":"es","potentialAction":[{"@type":"ReadAction","target":["https:\/\/stesa.com\/mapas\/doc\/mapa-mudo-de-la-provincia-de-entre-rios\/"]}]},{"@type":"ImageObject","inLanguage":"es","@id":"https:\/\/stesa.com\/mapas\/doc\/mapa-mudo-de-la-provincia-de-entre-rios\/#primaryimage","url":"https:\/\/stesa.com\/mapas\/wp-content\/uploads\/19581\/Mapa-mudo-de-la-provincia-de-Entre-Rios.png","contentUrl":"https:\/\/stesa.com\/mapas\/wp-content\/uploads\/19581\/Mapa-mudo-de-la-provincia-de-Entre-Rios.png","width":1920,"height":2763,"caption":"Mapa mudo de la provincia de Entre R\u00edos."},{"@type":"BreadcrumbList","@id":"https:\/\/stesa.com\/mapas\/doc\/mapa-mudo-de-la-provincia-de-entre-rios\/#breadcrumb","itemListElement":[{"@type":"ListItem","position":1,"name":"Portada","item":"https:\/\/gifex.com\/mapas\/"},{"@type":"ListItem","position":2,"name":"Mapa mudo de la provincia de Entre R\u00edos"}]},{"@type":"WebSite","@id":"https:\/\/stesa.com\/mapas\/#website","url":"https:\/\/stesa.com\/mapas\/","name":"Galer\u00eda de mapas","description":"","potentialAction":[{"@type":"SearchAction","target":{"@type":"EntryPoint","urlTemplate":"https:\/\/stesa.com\/mapas\/?s={search_term_string}"},"query-input":{"@type":"PropertyValueSpecification","valueRequired":true,"valueName":"search_term_string"}}],"inLanguage":"es"}]}},"_links":{"self":[{"href":"https:\/\/stesa.com\/mapas\/wp-json\/wp\/v2\/ficha\/19581","targetHints":{"allow":["GET"]}}],"collection":[{"href":"https:\/\/stesa.com\/mapas\/wp-json\/wp\/v2\/ficha"}],"about":[{"href":"https:\/\/stesa.com\/mapas\/wp-json\/wp\/v2\/types\/ficha"}],"author":[{"embeddable":true,"href":"https:\/\/stesa.com\/mapas\/wp-json\/wp\/v2\/users\/1"}],"version-history":[{"count":4,"href":"https:\/\/stesa.com\/mapas\/wp-json\/wp\/v2\/ficha\/19581\/revisions"}],"predecessor-version":[{"id":20681,"href":"https:\/\/stesa.com\/mapas\/wp-json\/wp\/v2\/ficha\/19581\/revisions\/20681"}],"wp:featuredmedia":[{"embeddable":true,"href":"https:\/\/stesa.com\/mapas\/wp-json\/wp\/v2\/media\/19582"}],"wp:attachment":[{"href":"https:\/\/stesa.com\/mapas\/wp-json\/wp\/v2\/media?parent=19581"}],"wp:term":[{"taxonomy":"categoria_ficha","embeddable":true,"href":"https:\/\/stesa.com\/mapas\/wp-json\/wp\/v2\/categoria_ficha?post=19581"}],"curies":[{"name":"wp","href":"https:\/\/api.w.org\/{rel}","templated":true}]}}