{"id":19558,"date":"2026-04-19T13:45:56","date_gmt":"2026-04-19T13:45:56","guid":{"rendered":"https:\/\/stesa.com\/mapas\/?post_type=ficha&#038;p=19558"},"modified":"2026-04-19T13:45:56","modified_gmt":"2026-04-19T13:45:56","slug":"esteros-del-ibera-provincia-de-corrientes-argentina","status":"publish","type":"ficha","link":"https:\/\/stesa.com\/mapas\/doc\/esteros-del-ibera-provincia-de-corrientes-argentina\/","title":{"rendered":"Esteros del Iber\u00e1, provincia de Corrientes, Argentina"},"content":{"rendered":"<p>Los <strong>humedales del Iber\u00e1<\/strong>, en la provincia de Corrientes, Argentina, son una de las zonas h\u00famedas m\u00e1s grandes de Sudam\u00e9rica (la segunda m\u00e1s grande despu\u00e9s del Pantanal brasile\u00f1o).<\/p>\n<p>La topograf\u00eda del pantano del Iber\u00e1, en el noreste de Argentina, se muestra en esta imagen tomada el 25 de octubre de 2004 <a href=\"https:\/\/stesa.com\/mapas\/wp-content\/uploads\/19558\/Esteros-del-Ibera-provincia-de-Corrientes-en-el-nordeste-de-Argentina-2004.pdf\" target=\"_blank\" rel=\"noopener\">(formato PDF)<\/a>, por un miembro de la tripulaci\u00f3n de la Expedici\u00f3n 10 a bordo de la Estaci\u00f3n Espacial Internacional (EEI).<\/p>\n<p>El lago central de la imagen es uno de los cientos que se encuentran en los pantanos del Iber\u00e1, formados por el Paran\u00e1, el segundo r\u00edo m\u00e1s grande de Sudam\u00e9rica. Si bien este gran r\u00edo ahora se ubica a 120 kil\u00f3metros al norte, su cauce describ\u00eda un gran delta interior en el pasado geol\u00f3gico reciente, seg\u00fan cient\u00edficos de la NASA que estudian la colecci\u00f3n fotogr\u00e1fica de la Expedici\u00f3n 10.<\/p>\n<p>Este y otros lagos fueron capturados en esta fotograf\u00eda cuando el reflejo del sol pas\u00f3 sobre este remoto pero extenso pantano del noreste de Argentina. El patr\u00f3n del reflejo muestra c\u00f3mo el viento rizaba la superficie del agua. Los lagos de esta imagen se ubican dentro de los canales laterales del Paran\u00e1, formados cuando flu\u00eda por esta regi\u00f3n. El lago central tiene aproximadamente 2 kil\u00f3metros de largo. Bosques, pantanos y praderas conforman la baja topograf\u00eda, que consiste en lagos, peque\u00f1as elevaciones y depresiones.<\/p>\n","protected":false},"excerpt":{"rendered":"<p>Los humedales del Iber\u00e1, en la provincia de Corrientes, Argentina, son una de las zonas h\u00famedas m\u00e1s grandes de Sudam\u00e9rica (la segunda m\u00e1s grande despu\u00e9s del &#8230;<\/p>\n","protected":false},"author":1,"featured_media":19559,"template":"","categoria_ficha":[2187],"class_list":["post-19558","ficha","type-ficha","status-publish","has-post-thumbnail","hentry","categoria_ficha-mapas-de-la-provincia-de-corrientes"],"yoast_head":"<!-- This site is optimized with the Yoast SEO plugin v27.4 - https:\/\/yoast.com\/product\/yoast-seo-wordpress\/ -->\n<title>Esteros del Iber\u00e1, provincia de Corrientes, Argentina - Galer\u00eda de mapas<\/title>\n<meta name=\"robots\" content=\"index, follow, max-snippet:-1, max-image-preview:large, max-video-preview:-1\" \/>\n<link rel=\"canonical\" href=\"https:\/\/stesa.com\/mapas\/doc\/esteros-del-ibera-provincia-de-corrientes-argentina\/\" \/>\n<meta property=\"og:locale\" content=\"es_ES\" \/>\n<meta property=\"og:type\" content=\"article\" \/>\n<meta property=\"og:title\" content=\"Esteros del Iber\u00e1, provincia de Corrientes, Argentina - Galer\u00eda de mapas\" \/>\n<meta property=\"og:description\" content=\"Los humedales del Iber\u00e1, en la provincia de Corrientes, Argentina, son una de las zonas h\u00famedas m\u00e1s grandes de Sudam\u00e9rica (la segunda m\u00e1s grande despu\u00e9s del ...\" \/>\n<meta property=\"og:url\" content=\"https:\/\/stesa.com\/mapas\/doc\/esteros-del-ibera-provincia-de-corrientes-argentina\/\" \/>\n<meta property=\"og:site_name\" content=\"Galer\u00eda de mapas\" \/>\n<meta property=\"og:image\" content=\"https:\/\/stesa.com\/mapas\/wp-content\/uploads\/19558\/Esteros-del-Ibera-provincia-de-Corrientes-Argentina-2004.jpg\" \/>\n\t<meta property=\"og:image:width\" content=\"2183\" \/>\n\t<meta property=\"og:image:height\" content=\"1445\" \/>\n\t<meta property=\"og:image:type\" content=\"image\/jpeg\" \/>\n<meta name=\"twitter:card\" content=\"summary_large_image\" \/>\n<meta name=\"twitter:label1\" content=\"Tiempo de lectura\" \/>\n\t<meta name=\"twitter:data1\" content=\"2 minutos\" \/>\n<script type=\"application\/ld+json\" class=\"yoast-schema-graph\">{\"@context\":\"https:\\\/\\\/schema.org\",\"@graph\":[{\"@type\":\"WebPage\",\"@id\":\"https:\\\/\\\/stesa.com\\\/mapas\\\/doc\\\/esteros-del-ibera-provincia-de-corrientes-argentina\\\/\",\"url\":\"https:\\\/\\\/stesa.com\\\/mapas\\\/doc\\\/esteros-del-ibera-provincia-de-corrientes-argentina\\\/\",\"name\":\"Esteros del Iber\u00e1, provincia de Corrientes, Argentina - Galer\u00eda de mapas\",\"isPartOf\":{\"@id\":\"https:\\\/\\\/stesa.com\\\/mapas\\\/#website\"},\"primaryImageOfPage\":{\"@id\":\"https:\\\/\\\/stesa.com\\\/mapas\\\/doc\\\/esteros-del-ibera-provincia-de-corrientes-argentina\\\/#primaryimage\"},\"image\":{\"@id\":\"https:\\\/\\\/stesa.com\\\/mapas\\\/doc\\\/esteros-del-ibera-provincia-de-corrientes-argentina\\\/#primaryimage\"},\"thumbnailUrl\":\"https:\\\/\\\/stesa.com\\\/mapas\\\/wp-content\\\/uploads\\\/19558\\\/Esteros-del-Ibera-provincia-de-Corrientes-Argentina-2004.jpg\",\"datePublished\":\"2026-04-19T13:45:56+00:00\",\"breadcrumb\":{\"@id\":\"https:\\\/\\\/stesa.com\\\/mapas\\\/doc\\\/esteros-del-ibera-provincia-de-corrientes-argentina\\\/#breadcrumb\"},\"inLanguage\":\"es\",\"potentialAction\":[{\"@type\":\"ReadAction\",\"target\":[\"https:\\\/\\\/stesa.com\\\/mapas\\\/doc\\\/esteros-del-ibera-provincia-de-corrientes-argentina\\\/\"]}]},{\"@type\":\"ImageObject\",\"inLanguage\":\"es\",\"@id\":\"https:\\\/\\\/stesa.com\\\/mapas\\\/doc\\\/esteros-del-ibera-provincia-de-corrientes-argentina\\\/#primaryimage\",\"url\":\"https:\\\/\\\/stesa.com\\\/mapas\\\/wp-content\\\/uploads\\\/19558\\\/Esteros-del-Ibera-provincia-de-Corrientes-Argentina-2004.jpg\",\"contentUrl\":\"https:\\\/\\\/stesa.com\\\/mapas\\\/wp-content\\\/uploads\\\/19558\\\/Esteros-del-Ibera-provincia-de-Corrientes-Argentina-2004.jpg\",\"width\":2183,\"height\":1445,\"caption\":\"Esteros del Iber\u00e1, provincia de Corrientes, Argentina.\"},{\"@type\":\"BreadcrumbList\",\"@id\":\"https:\\\/\\\/stesa.com\\\/mapas\\\/doc\\\/esteros-del-ibera-provincia-de-corrientes-argentina\\\/#breadcrumb\",\"itemListElement\":[{\"@type\":\"ListItem\",\"position\":1,\"name\":\"Portada\",\"item\":\"https:\\\/\\\/gifex.com\\\/mapas\\\/\"},{\"@type\":\"ListItem\",\"position\":2,\"name\":\"Esteros del Iber\u00e1, provincia de Corrientes, Argentina\"}]},{\"@type\":\"WebSite\",\"@id\":\"https:\\\/\\\/stesa.com\\\/mapas\\\/#website\",\"url\":\"https:\\\/\\\/stesa.com\\\/mapas\\\/\",\"name\":\"Galer\u00eda de mapas\",\"description\":\"\",\"potentialAction\":[{\"@type\":\"SearchAction\",\"target\":{\"@type\":\"EntryPoint\",\"urlTemplate\":\"https:\\\/\\\/stesa.com\\\/mapas\\\/?s={search_term_string}\"},\"query-input\":{\"@type\":\"PropertyValueSpecification\",\"valueRequired\":true,\"valueName\":\"search_term_string\"}}],\"inLanguage\":\"es\"}]}<\/script>\n<!-- \/ Yoast SEO plugin. -->","yoast_head_json":{"title":"Esteros del Iber\u00e1, provincia de Corrientes, Argentina - Galer\u00eda de mapas","robots":{"index":"index","follow":"follow","max-snippet":"max-snippet:-1","max-image-preview":"max-image-preview:large","max-video-preview":"max-video-preview:-1"},"canonical":"https:\/\/stesa.com\/mapas\/doc\/esteros-del-ibera-provincia-de-corrientes-argentina\/","og_locale":"es_ES","og_type":"article","og_title":"Esteros del Iber\u00e1, provincia de Corrientes, Argentina - Galer\u00eda de mapas","og_description":"Los humedales del Iber\u00e1, en la provincia de Corrientes, Argentina, son una de las zonas h\u00famedas m\u00e1s grandes de Sudam\u00e9rica (la segunda m\u00e1s grande despu\u00e9s del ...","og_url":"https:\/\/stesa.com\/mapas\/doc\/esteros-del-ibera-provincia-de-corrientes-argentina\/","og_site_name":"Galer\u00eda de mapas","og_image":[{"width":2183,"height":1445,"url":"https:\/\/stesa.com\/mapas\/wp-content\/uploads\/19558\/Esteros-del-Ibera-provincia-de-Corrientes-Argentina-2004.jpg","type":"image\/jpeg"}],"twitter_card":"summary_large_image","twitter_misc":{"Tiempo de lectura":"2 minutos"},"schema":{"@context":"https:\/\/schema.org","@graph":[{"@type":"WebPage","@id":"https:\/\/stesa.com\/mapas\/doc\/esteros-del-ibera-provincia-de-corrientes-argentina\/","url":"https:\/\/stesa.com\/mapas\/doc\/esteros-del-ibera-provincia-de-corrientes-argentina\/","name":"Esteros del Iber\u00e1, provincia de Corrientes, Argentina - Galer\u00eda de mapas","isPartOf":{"@id":"https:\/\/stesa.com\/mapas\/#website"},"primaryImageOfPage":{"@id":"https:\/\/stesa.com\/mapas\/doc\/esteros-del-ibera-provincia-de-corrientes-argentina\/#primaryimage"},"image":{"@id":"https:\/\/stesa.com\/mapas\/doc\/esteros-del-ibera-provincia-de-corrientes-argentina\/#primaryimage"},"thumbnailUrl":"https:\/\/stesa.com\/mapas\/wp-content\/uploads\/19558\/Esteros-del-Ibera-provincia-de-Corrientes-Argentina-2004.jpg","datePublished":"2026-04-19T13:45:56+00:00","breadcrumb":{"@id":"https:\/\/stesa.com\/mapas\/doc\/esteros-del-ibera-provincia-de-corrientes-argentina\/#breadcrumb"},"inLanguage":"es","potentialAction":[{"@type":"ReadAction","target":["https:\/\/stesa.com\/mapas\/doc\/esteros-del-ibera-provincia-de-corrientes-argentina\/"]}]},{"@type":"ImageObject","inLanguage":"es","@id":"https:\/\/stesa.com\/mapas\/doc\/esteros-del-ibera-provincia-de-corrientes-argentina\/#primaryimage","url":"https:\/\/stesa.com\/mapas\/wp-content\/uploads\/19558\/Esteros-del-Ibera-provincia-de-Corrientes-Argentina-2004.jpg","contentUrl":"https:\/\/stesa.com\/mapas\/wp-content\/uploads\/19558\/Esteros-del-Ibera-provincia-de-Corrientes-Argentina-2004.jpg","width":2183,"height":1445,"caption":"Esteros del Iber\u00e1, provincia de Corrientes, Argentina."},{"@type":"BreadcrumbList","@id":"https:\/\/stesa.com\/mapas\/doc\/esteros-del-ibera-provincia-de-corrientes-argentina\/#breadcrumb","itemListElement":[{"@type":"ListItem","position":1,"name":"Portada","item":"https:\/\/gifex.com\/mapas\/"},{"@type":"ListItem","position":2,"name":"Esteros del Iber\u00e1, provincia de Corrientes, Argentina"}]},{"@type":"WebSite","@id":"https:\/\/stesa.com\/mapas\/#website","url":"https:\/\/stesa.com\/mapas\/","name":"Galer\u00eda de mapas","description":"","potentialAction":[{"@type":"SearchAction","target":{"@type":"EntryPoint","urlTemplate":"https:\/\/stesa.com\/mapas\/?s={search_term_string}"},"query-input":{"@type":"PropertyValueSpecification","valueRequired":true,"valueName":"search_term_string"}}],"inLanguage":"es"}]}},"_links":{"self":[{"href":"https:\/\/stesa.com\/mapas\/wp-json\/wp\/v2\/ficha\/19558","targetHints":{"allow":["GET"]}}],"collection":[{"href":"https:\/\/stesa.com\/mapas\/wp-json\/wp\/v2\/ficha"}],"about":[{"href":"https:\/\/stesa.com\/mapas\/wp-json\/wp\/v2\/types\/ficha"}],"author":[{"embeddable":true,"href":"https:\/\/stesa.com\/mapas\/wp-json\/wp\/v2\/users\/1"}],"version-history":[{"count":1,"href":"https:\/\/stesa.com\/mapas\/wp-json\/wp\/v2\/ficha\/19558\/revisions"}],"predecessor-version":[{"id":19561,"href":"https:\/\/stesa.com\/mapas\/wp-json\/wp\/v2\/ficha\/19558\/revisions\/19561"}],"wp:featuredmedia":[{"embeddable":true,"href":"https:\/\/stesa.com\/mapas\/wp-json\/wp\/v2\/media\/19559"}],"wp:attachment":[{"href":"https:\/\/stesa.com\/mapas\/wp-json\/wp\/v2\/media?parent=19558"}],"wp:term":[{"taxonomy":"categoria_ficha","embeddable":true,"href":"https:\/\/stesa.com\/mapas\/wp-json\/wp\/v2\/categoria_ficha?post=19558"}],"curies":[{"name":"wp","href":"https:\/\/api.w.org\/{rel}","templated":true}]}}