{"id":19497,"date":"2026-04-18T20:23:30","date_gmt":"2026-04-18T20:23:30","guid":{"rendered":"https:\/\/stesa.com\/mapas\/?post_type=ficha&#038;p=19497"},"modified":"2026-04-18T20:23:30","modified_gmt":"2026-04-18T20:23:30","slug":"crateres-del-rio-cuarto-argentina","status":"publish","type":"ficha","link":"https:\/\/stesa.com\/mapas\/doc\/crateres-del-rio-cuarto-argentina\/","title":{"rendered":"Cr\u00e1teres del r\u00edo Cuarto, Argentina"},"content":{"rendered":"<p style=\"text-align: center;\"><label style=\"font-size: 15px;\">Cr\u00e1teres del r\u00edo Cuarto, Argentina, invierno\/primavera de 1997 <a href=\"https:\/\/stesa.com\/mapas\/wp-content\/uploads\/19497\/Crateres-del-rio-Cuarto-Argentina-invierno-primavera-de-1997.pdf\" target=\"_blank\" rel=\"noopener\">(formato PDF)<\/a>.<\/label><\/p>\n<p>La cadena de lagos, alineada de noreste a suroeste y que se extiende a lo largo de unos 30 kil\u00f3metros, es el resultado de aproximadamente 10 cr\u00e1teres de meteoritos oblongos, con tama\u00f1os que var\u00edan desde unos pocos kil\u00f3metros hasta unos 250 metros en su eje mayor. La forma y la alineaci\u00f3n de los lagos sugieren un impacto de bajo \u00e1ngulo.<\/p>\n<p>Se encontraron peque\u00f1os meteoritos en un cr\u00e1ter, lo que confirma el origen de impacto de los lagos. Se ha datado que los lagos de los cr\u00e1teres tienen menos de 10 000 a\u00f1os de antig\u00fcedad. De suroeste a noreste, estos lagos incluyen la Laguna de la Sal, la Laguna Venado, la Laguna Monte (un lago con una gran isla cerca del centro), la Laguna Cochico y la Laguna Alsina. Estos lagos se ubican en el centro-oeste de la provincia de Buenos Aires. El paisaje que rodea los lagos est\u00e1 cubierto por campos de cultivo.<\/p>\n<p>Foto n.\u00ba: NM23-721-519 de la Administraci\u00f3n Nacional de Aeron\u00e1utica y del Espacio (NASA\/JPL\/NIMA).<\/p>\n","protected":false},"excerpt":{"rendered":"<p>La cadena de lagos, alineada de noreste a suroeste y que se extiende a lo largo de unos 30 kil\u00f3metros, es el resultado de aproximadamente 10 cr\u00e1teres de &#8230;<\/p>\n","protected":false},"author":1,"featured_media":19498,"template":"","categoria_ficha":[2186],"class_list":["post-19497","ficha","type-ficha","status-publish","has-post-thumbnail","hentry","categoria_ficha-mapas-de-la-provincia-de-cordoba-argentina"],"yoast_head":"<!-- This site is optimized with the Yoast SEO plugin v27.4 - https:\/\/yoast.com\/product\/yoast-seo-wordpress\/ -->\n<title>Cr\u00e1teres del r\u00edo Cuarto, Argentina - Galer\u00eda de mapas<\/title>\n<meta name=\"robots\" content=\"index, follow, max-snippet:-1, max-image-preview:large, max-video-preview:-1\" \/>\n<link rel=\"canonical\" href=\"https:\/\/stesa.com\/mapas\/doc\/crateres-del-rio-cuarto-argentina\/\" \/>\n<meta property=\"og:locale\" content=\"es_ES\" \/>\n<meta property=\"og:type\" content=\"article\" \/>\n<meta property=\"og:title\" content=\"Cr\u00e1teres del r\u00edo Cuarto, Argentina - Galer\u00eda de mapas\" \/>\n<meta property=\"og:description\" content=\"La cadena de lagos, alineada de noreste a suroeste y que se extiende a lo largo de unos 30 kil\u00f3metros, es el resultado de aproximadamente 10 cr\u00e1teres de ...\" \/>\n<meta property=\"og:url\" content=\"https:\/\/stesa.com\/mapas\/doc\/crateres-del-rio-cuarto-argentina\/\" \/>\n<meta property=\"og:site_name\" content=\"Galer\u00eda de mapas\" \/>\n<meta property=\"og:image\" content=\"https:\/\/stesa.com\/mapas\/wp-content\/uploads\/19497\/Crateres-del-rio-Cuarto-Argentina-invierno-primavera-de-1997-1024x1018.jpg\" \/>\n\t<meta property=\"og:image:width\" content=\"1024\" \/>\n\t<meta property=\"og:image:height\" content=\"1018\" \/>\n\t<meta property=\"og:image:type\" content=\"image\/jpeg\" \/>\n<meta name=\"twitter:card\" content=\"summary_large_image\" \/>\n<meta name=\"twitter:label1\" content=\"Tiempo de lectura\" \/>\n\t<meta name=\"twitter:data1\" content=\"1 minuto\" \/>\n<script type=\"application\/ld+json\" class=\"yoast-schema-graph\">{\"@context\":\"https:\\\/\\\/schema.org\",\"@graph\":[{\"@type\":\"WebPage\",\"@id\":\"https:\\\/\\\/stesa.com\\\/mapas\\\/doc\\\/crateres-del-rio-cuarto-argentina\\\/\",\"url\":\"https:\\\/\\\/stesa.com\\\/mapas\\\/doc\\\/crateres-del-rio-cuarto-argentina\\\/\",\"name\":\"Cr\u00e1teres del r\u00edo Cuarto, Argentina - Galer\u00eda de mapas\",\"isPartOf\":{\"@id\":\"https:\\\/\\\/stesa.com\\\/mapas\\\/#website\"},\"primaryImageOfPage\":{\"@id\":\"https:\\\/\\\/stesa.com\\\/mapas\\\/doc\\\/crateres-del-rio-cuarto-argentina\\\/#primaryimage\"},\"image\":{\"@id\":\"https:\\\/\\\/stesa.com\\\/mapas\\\/doc\\\/crateres-del-rio-cuarto-argentina\\\/#primaryimage\"},\"thumbnailUrl\":\"https:\\\/\\\/stesa.com\\\/mapas\\\/wp-content\\\/uploads\\\/19497\\\/Crateres-del-rio-Cuarto-Argentina-invierno-primavera-de-1997.jpg\",\"datePublished\":\"2026-04-18T20:23:30+00:00\",\"breadcrumb\":{\"@id\":\"https:\\\/\\\/stesa.com\\\/mapas\\\/doc\\\/crateres-del-rio-cuarto-argentina\\\/#breadcrumb\"},\"inLanguage\":\"es\",\"potentialAction\":[{\"@type\":\"ReadAction\",\"target\":[\"https:\\\/\\\/stesa.com\\\/mapas\\\/doc\\\/crateres-del-rio-cuarto-argentina\\\/\"]}]},{\"@type\":\"ImageObject\",\"inLanguage\":\"es\",\"@id\":\"https:\\\/\\\/stesa.com\\\/mapas\\\/doc\\\/crateres-del-rio-cuarto-argentina\\\/#primaryimage\",\"url\":\"https:\\\/\\\/stesa.com\\\/mapas\\\/wp-content\\\/uploads\\\/19497\\\/Crateres-del-rio-Cuarto-Argentina-invierno-primavera-de-1997.jpg\",\"contentUrl\":\"https:\\\/\\\/stesa.com\\\/mapas\\\/wp-content\\\/uploads\\\/19497\\\/Crateres-del-rio-Cuarto-Argentina-invierno-primavera-de-1997.jpg\",\"width\":4096,\"height\":4072,\"caption\":\"Cr\u00e1teres del r\u00edo Cuarto, Argentina.\"},{\"@type\":\"BreadcrumbList\",\"@id\":\"https:\\\/\\\/stesa.com\\\/mapas\\\/doc\\\/crateres-del-rio-cuarto-argentina\\\/#breadcrumb\",\"itemListElement\":[{\"@type\":\"ListItem\",\"position\":1,\"name\":\"Portada\",\"item\":\"https:\\\/\\\/gifex.com\\\/mapas\\\/\"},{\"@type\":\"ListItem\",\"position\":2,\"name\":\"Cr\u00e1teres del r\u00edo Cuarto, Argentina\"}]},{\"@type\":\"WebSite\",\"@id\":\"https:\\\/\\\/stesa.com\\\/mapas\\\/#website\",\"url\":\"https:\\\/\\\/stesa.com\\\/mapas\\\/\",\"name\":\"Galer\u00eda de mapas\",\"description\":\"\",\"potentialAction\":[{\"@type\":\"SearchAction\",\"target\":{\"@type\":\"EntryPoint\",\"urlTemplate\":\"https:\\\/\\\/stesa.com\\\/mapas\\\/?s={search_term_string}\"},\"query-input\":{\"@type\":\"PropertyValueSpecification\",\"valueRequired\":true,\"valueName\":\"search_term_string\"}}],\"inLanguage\":\"es\"}]}<\/script>\n<!-- \/ Yoast SEO plugin. -->","yoast_head_json":{"title":"Cr\u00e1teres del r\u00edo Cuarto, Argentina - Galer\u00eda de mapas","robots":{"index":"index","follow":"follow","max-snippet":"max-snippet:-1","max-image-preview":"max-image-preview:large","max-video-preview":"max-video-preview:-1"},"canonical":"https:\/\/stesa.com\/mapas\/doc\/crateres-del-rio-cuarto-argentina\/","og_locale":"es_ES","og_type":"article","og_title":"Cr\u00e1teres del r\u00edo Cuarto, Argentina - Galer\u00eda de mapas","og_description":"La cadena de lagos, alineada de noreste a suroeste y que se extiende a lo largo de unos 30 kil\u00f3metros, es el resultado de aproximadamente 10 cr\u00e1teres de ...","og_url":"https:\/\/stesa.com\/mapas\/doc\/crateres-del-rio-cuarto-argentina\/","og_site_name":"Galer\u00eda de mapas","og_image":[{"width":1024,"height":1018,"url":"https:\/\/stesa.com\/mapas\/wp-content\/uploads\/19497\/Crateres-del-rio-Cuarto-Argentina-invierno-primavera-de-1997-1024x1018.jpg","type":"image\/jpeg"}],"twitter_card":"summary_large_image","twitter_misc":{"Tiempo de lectura":"1 minuto"},"schema":{"@context":"https:\/\/schema.org","@graph":[{"@type":"WebPage","@id":"https:\/\/stesa.com\/mapas\/doc\/crateres-del-rio-cuarto-argentina\/","url":"https:\/\/stesa.com\/mapas\/doc\/crateres-del-rio-cuarto-argentina\/","name":"Cr\u00e1teres del r\u00edo Cuarto, Argentina - Galer\u00eda de mapas","isPartOf":{"@id":"https:\/\/stesa.com\/mapas\/#website"},"primaryImageOfPage":{"@id":"https:\/\/stesa.com\/mapas\/doc\/crateres-del-rio-cuarto-argentina\/#primaryimage"},"image":{"@id":"https:\/\/stesa.com\/mapas\/doc\/crateres-del-rio-cuarto-argentina\/#primaryimage"},"thumbnailUrl":"https:\/\/stesa.com\/mapas\/wp-content\/uploads\/19497\/Crateres-del-rio-Cuarto-Argentina-invierno-primavera-de-1997.jpg","datePublished":"2026-04-18T20:23:30+00:00","breadcrumb":{"@id":"https:\/\/stesa.com\/mapas\/doc\/crateres-del-rio-cuarto-argentina\/#breadcrumb"},"inLanguage":"es","potentialAction":[{"@type":"ReadAction","target":["https:\/\/stesa.com\/mapas\/doc\/crateres-del-rio-cuarto-argentina\/"]}]},{"@type":"ImageObject","inLanguage":"es","@id":"https:\/\/stesa.com\/mapas\/doc\/crateres-del-rio-cuarto-argentina\/#primaryimage","url":"https:\/\/stesa.com\/mapas\/wp-content\/uploads\/19497\/Crateres-del-rio-Cuarto-Argentina-invierno-primavera-de-1997.jpg","contentUrl":"https:\/\/stesa.com\/mapas\/wp-content\/uploads\/19497\/Crateres-del-rio-Cuarto-Argentina-invierno-primavera-de-1997.jpg","width":4096,"height":4072,"caption":"Cr\u00e1teres del r\u00edo Cuarto, Argentina."},{"@type":"BreadcrumbList","@id":"https:\/\/stesa.com\/mapas\/doc\/crateres-del-rio-cuarto-argentina\/#breadcrumb","itemListElement":[{"@type":"ListItem","position":1,"name":"Portada","item":"https:\/\/gifex.com\/mapas\/"},{"@type":"ListItem","position":2,"name":"Cr\u00e1teres del r\u00edo Cuarto, Argentina"}]},{"@type":"WebSite","@id":"https:\/\/stesa.com\/mapas\/#website","url":"https:\/\/stesa.com\/mapas\/","name":"Galer\u00eda de mapas","description":"","potentialAction":[{"@type":"SearchAction","target":{"@type":"EntryPoint","urlTemplate":"https:\/\/stesa.com\/mapas\/?s={search_term_string}"},"query-input":{"@type":"PropertyValueSpecification","valueRequired":true,"valueName":"search_term_string"}}],"inLanguage":"es"}]}},"_links":{"self":[{"href":"https:\/\/stesa.com\/mapas\/wp-json\/wp\/v2\/ficha\/19497","targetHints":{"allow":["GET"]}}],"collection":[{"href":"https:\/\/stesa.com\/mapas\/wp-json\/wp\/v2\/ficha"}],"about":[{"href":"https:\/\/stesa.com\/mapas\/wp-json\/wp\/v2\/types\/ficha"}],"author":[{"embeddable":true,"href":"https:\/\/stesa.com\/mapas\/wp-json\/wp\/v2\/users\/1"}],"version-history":[{"count":1,"href":"https:\/\/stesa.com\/mapas\/wp-json\/wp\/v2\/ficha\/19497\/revisions"}],"predecessor-version":[{"id":19500,"href":"https:\/\/stesa.com\/mapas\/wp-json\/wp\/v2\/ficha\/19497\/revisions\/19500"}],"wp:featuredmedia":[{"embeddable":true,"href":"https:\/\/stesa.com\/mapas\/wp-json\/wp\/v2\/media\/19498"}],"wp:attachment":[{"href":"https:\/\/stesa.com\/mapas\/wp-json\/wp\/v2\/media?parent=19497"}],"wp:term":[{"taxonomy":"categoria_ficha","embeddable":true,"href":"https:\/\/stesa.com\/mapas\/wp-json\/wp\/v2\/categoria_ficha?post=19497"}],"curies":[{"name":"wp","href":"https:\/\/api.w.org\/{rel}","templated":true}]}}