{"id":19400,"date":"2026-04-18T10:16:10","date_gmt":"2026-04-18T10:16:10","guid":{"rendered":"https:\/\/stesa.com\/mapas\/?post_type=ficha&#038;p=19400"},"modified":"2026-04-26T21:00:26","modified_gmt":"2026-04-26T21:00:26","slug":"mapa-mudo-de-la-provincia-de-catamarca","status":"publish","type":"ficha","link":"https:\/\/stesa.com\/mapas\/doc\/mapa-mudo-de-la-provincia-de-catamarca\/","title":{"rendered":"Mapa mudo de la provincia de Catamarca"},"content":{"rendered":"<p style=\"text-align: center;\"><label style=\"font-size: 15px;\">Mapa mudo de la provincia de Catamarca, dise\u00f1ado para geolocalizaci\u00f3n.<\/label><\/p>\n<p>Estos mapas mudos de la provincia de Catamarca representan la cartograf\u00eda de la provincia, pero sin ning\u00fan tipo de etiquetado. Estos mapas en blanco se pueden utilizar, por ejemplo, en el \u00e1mbito de la educaci\u00f3n. Pueden servir como base para muchos mapas m\u00e1s elaborados.<\/p>\n<p>Estos modelos de mapas son m\u00e1s did\u00e1cticos y educativos para los ni\u00f1os, son el instrumento perfecto para aprender geograf\u00eda. Estos mapas sin nombre: requieren geolocalizar, departamentos, municipios, comunas, ciudades, pueblos, r\u00edos, lagos, monta\u00f1as y otras caracter\u00edsticas geogr\u00e1ficas, etc.<\/p>\n<div style=\"clear: both; display: inline-block; width: 100%;\">\n<div class=\"row\">\n<div class=\"col-sm\">\n<figure id=\"attachment_19403\" aria-describedby=\"caption-attachment-19403\" style=\"width: 400px\" class=\"wp-caption alignleft\"><a href=\"https:\/\/stesa.com\/mapas\/wp-content\/uploads\/19400\/Mapa-topografico-en-blanco-de-la-provincia-de-Catamarca.jpg\" target=\"_blank\" rel=\"noopener\"><img loading=\"lazy\" decoding=\"async\" class=\"wp-image-19403\" title=\"Mapa topogr\u00e1fico en blanco de la provincia de Catamarca.\" src=\"https:\/\/stesa.com\/mapas\/wp-content\/uploads\/19400\/Mapa-topografico-en-blanco-de-la-provincia-de-Catamarca-254x300.jpg\" alt=\"Mapa topogr\u00e1fico en blanco de la provincia de Catamarca.\" width=\"400\" height=\"473\" srcset=\"https:\/\/stesa.com\/mapas\/wp-content\/uploads\/19400\/Mapa-topografico-en-blanco-de-la-provincia-de-Catamarca-254x300.jpg 254w, https:\/\/stesa.com\/mapas\/wp-content\/uploads\/19400\/Mapa-topografico-en-blanco-de-la-provincia-de-Catamarca-866x1024.jpg 866w, https:\/\/stesa.com\/mapas\/wp-content\/uploads\/19400\/Mapa-topografico-en-blanco-de-la-provincia-de-Catamarca-768x908.jpg 768w, https:\/\/stesa.com\/mapas\/wp-content\/uploads\/19400\/Mapa-topografico-en-blanco-de-la-provincia-de-Catamarca-1299x1536.jpg 1299w, https:\/\/stesa.com\/mapas\/wp-content\/uploads\/19400\/Mapa-topografico-en-blanco-de-la-provincia-de-Catamarca-1733x2048.jpg 1733w, https:\/\/stesa.com\/mapas\/wp-content\/uploads\/19400\/Mapa-topografico-en-blanco-de-la-provincia-de-Catamarca-300x355.jpg 300w, https:\/\/stesa.com\/mapas\/wp-content\/uploads\/19400\/Mapa-topografico-en-blanco-de-la-provincia-de-Catamarca-1354x1600.jpg 1354w, https:\/\/stesa.com\/mapas\/wp-content\/uploads\/19400\/Mapa-topografico-en-blanco-de-la-provincia-de-Catamarca.jpg 2011w\" sizes=\"auto, (max-width: 400px) 100vw, 400px\" \/><\/a><figcaption id=\"caption-attachment-19403\" class=\"wp-caption-text\"><label style=\"font-size: 15px;\">Mapa topogr\u00e1fico en blanco de la provincia de Catamarca.<\/label><\/figcaption><\/figure>\n<\/div>\n<div class=\"col-sm\">\n<figure id=\"attachment_19405\" aria-describedby=\"caption-attachment-19405\" style=\"width: 400px\" class=\"wp-caption alignright\"><a href=\"https:\/\/stesa.com\/mapas\/wp-content\/uploads\/19400\/Mapa-politico-mudo-de-la-provincia-de-Catamarca.jpg\" target=\"_blank\" rel=\"noopener\"><img loading=\"lazy\" decoding=\"async\" class=\"wp-image-19405\" title=\"Mapa pol\u00edtico mudo de la provincia de Catamarca.\" src=\"https:\/\/stesa.com\/mapas\/wp-content\/uploads\/19400\/Mapa-politico-mudo-de-la-provincia-de-Catamarca-254x300.jpg\" alt=\"Mapa pol\u00edtico mudo de la provincia de Catamarca.\" width=\"400\" height=\"473\" srcset=\"https:\/\/stesa.com\/mapas\/wp-content\/uploads\/19400\/Mapa-politico-mudo-de-la-provincia-de-Catamarca-254x300.jpg 254w, https:\/\/stesa.com\/mapas\/wp-content\/uploads\/19400\/Mapa-politico-mudo-de-la-provincia-de-Catamarca-866x1024.jpg 866w, https:\/\/stesa.com\/mapas\/wp-content\/uploads\/19400\/Mapa-politico-mudo-de-la-provincia-de-Catamarca-768x908.jpg 768w, https:\/\/stesa.com\/mapas\/wp-content\/uploads\/19400\/Mapa-politico-mudo-de-la-provincia-de-Catamarca-1299x1536.jpg 1299w, https:\/\/stesa.com\/mapas\/wp-content\/uploads\/19400\/Mapa-politico-mudo-de-la-provincia-de-Catamarca-1732x2048.jpg 1732w, https:\/\/stesa.com\/mapas\/wp-content\/uploads\/19400\/Mapa-politico-mudo-de-la-provincia-de-Catamarca-300x355.jpg 300w, https:\/\/stesa.com\/mapas\/wp-content\/uploads\/19400\/Mapa-politico-mudo-de-la-provincia-de-Catamarca-1353x1600.jpg 1353w, https:\/\/stesa.com\/mapas\/wp-content\/uploads\/19400\/Mapa-politico-mudo-de-la-provincia-de-Catamarca.jpg 2007w\" sizes=\"auto, (max-width: 400px) 100vw, 400px\" \/><\/a><figcaption id=\"caption-attachment-19405\" class=\"wp-caption-text\"><label style=\"font-size: 15px;\">Mapa pol\u00edtico mudo de la provincia de Catamarca.<\/label><\/figcaption><\/figure>\n<\/div>\n<div class=\"col-sm\">\n<figure id=\"attachment_19402\" aria-describedby=\"caption-attachment-19402\" style=\"width: 400px\" class=\"wp-caption aligncenter\"><a href=\"https:\/\/stesa.com\/mapas\/wp-content\/uploads\/19400\/Mapa-fisico-en-blanco-de-la-provincia-de-Catamarca.png\" target=\"_blank\" rel=\"noopener\"><img loading=\"lazy\" decoding=\"async\" class=\"wp-image-19402\" title=\"Mapa f\u00edsico en blanco de la provincia de Catamarca.\" src=\"https:\/\/stesa.com\/mapas\/wp-content\/uploads\/19400\/Mapa-fisico-en-blanco-de-la-provincia-de-Catamarca-255x300.png\" alt=\"Mapa f\u00edsico en blanco de la provincia de Catamarca.\" width=\"400\" height=\"470\" srcset=\"https:\/\/stesa.com\/mapas\/wp-content\/uploads\/19400\/Mapa-fisico-en-blanco-de-la-provincia-de-Catamarca-255x300.png 255w, https:\/\/stesa.com\/mapas\/wp-content\/uploads\/19400\/Mapa-fisico-en-blanco-de-la-provincia-de-Catamarca-871x1024.png 871w, https:\/\/stesa.com\/mapas\/wp-content\/uploads\/19400\/Mapa-fisico-en-blanco-de-la-provincia-de-Catamarca-768x903.png 768w, https:\/\/stesa.com\/mapas\/wp-content\/uploads\/19400\/Mapa-fisico-en-blanco-de-la-provincia-de-Catamarca-1306x1536.png 1306w, https:\/\/stesa.com\/mapas\/wp-content\/uploads\/19400\/Mapa-fisico-en-blanco-de-la-provincia-de-Catamarca-1741x2048.png 1741w, https:\/\/stesa.com\/mapas\/wp-content\/uploads\/19400\/Mapa-fisico-en-blanco-de-la-provincia-de-Catamarca-300x353.png 300w, https:\/\/stesa.com\/mapas\/wp-content\/uploads\/19400\/Mapa-fisico-en-blanco-de-la-provincia-de-Catamarca-1360x1600.png 1360w\" sizes=\"auto, (max-width: 400px) 100vw, 400px\" \/><\/a><figcaption id=\"caption-attachment-19402\" class=\"wp-caption-text\"><label style=\"font-size: 15px;\">Mapa f\u00edsico en blanco de la provincia de Catamarca.<\/label><\/figcaption><\/figure>\n<\/div>\n<\/div>\n<\/div>\n","protected":false},"excerpt":{"rendered":"<p>Estos mapas mudos de la provincia de Catamarca representan la cartograf\u00eda de la provincia, pero sin ning\u00fan tipo de etiquetado. Estos mapas en blanco se pueden <\/p>\n","protected":false},"author":1,"featured_media":19401,"template":"","categoria_ficha":[2183],"class_list":["post-19400","ficha","type-ficha","status-publish","has-post-thumbnail","hentry","categoria_ficha-mapas-de-la-provincia-de-catamarca"],"yoast_head":"<!-- This site is optimized with the Yoast SEO plugin v27.4 - https:\/\/yoast.com\/product\/yoast-seo-wordpress\/ -->\n<title>Mapa mudo de la provincia de Catamarca - Galer\u00eda de mapas<\/title>\n<meta name=\"robots\" content=\"index, follow, max-snippet:-1, max-image-preview:large, max-video-preview:-1\" \/>\n<link rel=\"canonical\" href=\"https:\/\/stesa.com\/mapas\/doc\/mapa-mudo-de-la-provincia-de-catamarca\/\" \/>\n<meta property=\"og:locale\" content=\"es_ES\" \/>\n<meta property=\"og:type\" content=\"article\" \/>\n<meta property=\"og:title\" content=\"Mapa mudo de la provincia de Catamarca - Galer\u00eda de mapas\" \/>\n<meta property=\"og:description\" content=\"Estos mapas mudos de la provincia de Catamarca representan la cartograf\u00eda de la provincia, pero sin ning\u00fan tipo de etiquetado. Estos mapas en blanco se pueden\" \/>\n<meta property=\"og:url\" content=\"https:\/\/stesa.com\/mapas\/doc\/mapa-mudo-de-la-provincia-de-catamarca\/\" \/>\n<meta property=\"og:site_name\" content=\"Galer\u00eda de mapas\" \/>\n<meta property=\"article:modified_time\" content=\"2026-04-26T21:00:26+00:00\" \/>\n<meta property=\"og:image\" content=\"https:\/\/stesa.com\/mapas\/wp-content\/uploads\/19400\/Mapa-mudo-de-la-provincia-de-Catamarca.png\" \/>\n\t<meta property=\"og:image:width\" content=\"1920\" \/>\n\t<meta property=\"og:image:height\" content=\"2259\" \/>\n\t<meta property=\"og:image:type\" content=\"image\/png\" \/>\n<meta name=\"twitter:card\" content=\"summary_large_image\" \/>\n<meta name=\"twitter:label1\" content=\"Tiempo de lectura\" \/>\n\t<meta name=\"twitter:data1\" content=\"2 minutos\" \/>\n<script type=\"application\/ld+json\" class=\"yoast-schema-graph\">{\"@context\":\"https:\\\/\\\/schema.org\",\"@graph\":[{\"@type\":\"WebPage\",\"@id\":\"https:\\\/\\\/stesa.com\\\/mapas\\\/doc\\\/mapa-mudo-de-la-provincia-de-catamarca\\\/\",\"url\":\"https:\\\/\\\/stesa.com\\\/mapas\\\/doc\\\/mapa-mudo-de-la-provincia-de-catamarca\\\/\",\"name\":\"Mapa mudo de la provincia de Catamarca - Galer\u00eda de mapas\",\"isPartOf\":{\"@id\":\"https:\\\/\\\/stesa.com\\\/mapas\\\/#website\"},\"primaryImageOfPage\":{\"@id\":\"https:\\\/\\\/stesa.com\\\/mapas\\\/doc\\\/mapa-mudo-de-la-provincia-de-catamarca\\\/#primaryimage\"},\"image\":{\"@id\":\"https:\\\/\\\/stesa.com\\\/mapas\\\/doc\\\/mapa-mudo-de-la-provincia-de-catamarca\\\/#primaryimage\"},\"thumbnailUrl\":\"https:\\\/\\\/stesa.com\\\/mapas\\\/wp-content\\\/uploads\\\/19400\\\/Mapa-mudo-de-la-provincia-de-Catamarca.png\",\"datePublished\":\"2026-04-18T10:16:10+00:00\",\"dateModified\":\"2026-04-26T21:00:26+00:00\",\"breadcrumb\":{\"@id\":\"https:\\\/\\\/stesa.com\\\/mapas\\\/doc\\\/mapa-mudo-de-la-provincia-de-catamarca\\\/#breadcrumb\"},\"inLanguage\":\"es\",\"potentialAction\":[{\"@type\":\"ReadAction\",\"target\":[\"https:\\\/\\\/stesa.com\\\/mapas\\\/doc\\\/mapa-mudo-de-la-provincia-de-catamarca\\\/\"]}]},{\"@type\":\"ImageObject\",\"inLanguage\":\"es\",\"@id\":\"https:\\\/\\\/stesa.com\\\/mapas\\\/doc\\\/mapa-mudo-de-la-provincia-de-catamarca\\\/#primaryimage\",\"url\":\"https:\\\/\\\/stesa.com\\\/mapas\\\/wp-content\\\/uploads\\\/19400\\\/Mapa-mudo-de-la-provincia-de-Catamarca.png\",\"contentUrl\":\"https:\\\/\\\/stesa.com\\\/mapas\\\/wp-content\\\/uploads\\\/19400\\\/Mapa-mudo-de-la-provincia-de-Catamarca.png\",\"width\":1920,\"height\":2259,\"caption\":\"Mapa mudo de la provincia de Catamarca.\"},{\"@type\":\"BreadcrumbList\",\"@id\":\"https:\\\/\\\/stesa.com\\\/mapas\\\/doc\\\/mapa-mudo-de-la-provincia-de-catamarca\\\/#breadcrumb\",\"itemListElement\":[{\"@type\":\"ListItem\",\"position\":1,\"name\":\"Portada\",\"item\":\"https:\\\/\\\/gifex.com\\\/mapas\\\/\"},{\"@type\":\"ListItem\",\"position\":2,\"name\":\"Mapa mudo de la provincia de Catamarca\"}]},{\"@type\":\"WebSite\",\"@id\":\"https:\\\/\\\/stesa.com\\\/mapas\\\/#website\",\"url\":\"https:\\\/\\\/stesa.com\\\/mapas\\\/\",\"name\":\"Galer\u00eda de mapas\",\"description\":\"\",\"potentialAction\":[{\"@type\":\"SearchAction\",\"target\":{\"@type\":\"EntryPoint\",\"urlTemplate\":\"https:\\\/\\\/stesa.com\\\/mapas\\\/?s={search_term_string}\"},\"query-input\":{\"@type\":\"PropertyValueSpecification\",\"valueRequired\":true,\"valueName\":\"search_term_string\"}}],\"inLanguage\":\"es\"}]}<\/script>\n<!-- \/ Yoast SEO plugin. -->","yoast_head_json":{"title":"Mapa mudo de la provincia de Catamarca - Galer\u00eda de mapas","robots":{"index":"index","follow":"follow","max-snippet":"max-snippet:-1","max-image-preview":"max-image-preview:large","max-video-preview":"max-video-preview:-1"},"canonical":"https:\/\/stesa.com\/mapas\/doc\/mapa-mudo-de-la-provincia-de-catamarca\/","og_locale":"es_ES","og_type":"article","og_title":"Mapa mudo de la provincia de Catamarca - Galer\u00eda de mapas","og_description":"Estos mapas mudos de la provincia de Catamarca representan la cartograf\u00eda de la provincia, pero sin ning\u00fan tipo de etiquetado. Estos mapas en blanco se pueden","og_url":"https:\/\/stesa.com\/mapas\/doc\/mapa-mudo-de-la-provincia-de-catamarca\/","og_site_name":"Galer\u00eda de mapas","article_modified_time":"2026-04-26T21:00:26+00:00","og_image":[{"width":1920,"height":2259,"url":"https:\/\/stesa.com\/mapas\/wp-content\/uploads\/19400\/Mapa-mudo-de-la-provincia-de-Catamarca.png","type":"image\/png"}],"twitter_card":"summary_large_image","twitter_misc":{"Tiempo de lectura":"2 minutos"},"schema":{"@context":"https:\/\/schema.org","@graph":[{"@type":"WebPage","@id":"https:\/\/stesa.com\/mapas\/doc\/mapa-mudo-de-la-provincia-de-catamarca\/","url":"https:\/\/stesa.com\/mapas\/doc\/mapa-mudo-de-la-provincia-de-catamarca\/","name":"Mapa mudo de la provincia de Catamarca - Galer\u00eda de mapas","isPartOf":{"@id":"https:\/\/stesa.com\/mapas\/#website"},"primaryImageOfPage":{"@id":"https:\/\/stesa.com\/mapas\/doc\/mapa-mudo-de-la-provincia-de-catamarca\/#primaryimage"},"image":{"@id":"https:\/\/stesa.com\/mapas\/doc\/mapa-mudo-de-la-provincia-de-catamarca\/#primaryimage"},"thumbnailUrl":"https:\/\/stesa.com\/mapas\/wp-content\/uploads\/19400\/Mapa-mudo-de-la-provincia-de-Catamarca.png","datePublished":"2026-04-18T10:16:10+00:00","dateModified":"2026-04-26T21:00:26+00:00","breadcrumb":{"@id":"https:\/\/stesa.com\/mapas\/doc\/mapa-mudo-de-la-provincia-de-catamarca\/#breadcrumb"},"inLanguage":"es","potentialAction":[{"@type":"ReadAction","target":["https:\/\/stesa.com\/mapas\/doc\/mapa-mudo-de-la-provincia-de-catamarca\/"]}]},{"@type":"ImageObject","inLanguage":"es","@id":"https:\/\/stesa.com\/mapas\/doc\/mapa-mudo-de-la-provincia-de-catamarca\/#primaryimage","url":"https:\/\/stesa.com\/mapas\/wp-content\/uploads\/19400\/Mapa-mudo-de-la-provincia-de-Catamarca.png","contentUrl":"https:\/\/stesa.com\/mapas\/wp-content\/uploads\/19400\/Mapa-mudo-de-la-provincia-de-Catamarca.png","width":1920,"height":2259,"caption":"Mapa mudo de la provincia de Catamarca."},{"@type":"BreadcrumbList","@id":"https:\/\/stesa.com\/mapas\/doc\/mapa-mudo-de-la-provincia-de-catamarca\/#breadcrumb","itemListElement":[{"@type":"ListItem","position":1,"name":"Portada","item":"https:\/\/gifex.com\/mapas\/"},{"@type":"ListItem","position":2,"name":"Mapa mudo de la provincia de Catamarca"}]},{"@type":"WebSite","@id":"https:\/\/stesa.com\/mapas\/#website","url":"https:\/\/stesa.com\/mapas\/","name":"Galer\u00eda de mapas","description":"","potentialAction":[{"@type":"SearchAction","target":{"@type":"EntryPoint","urlTemplate":"https:\/\/stesa.com\/mapas\/?s={search_term_string}"},"query-input":{"@type":"PropertyValueSpecification","valueRequired":true,"valueName":"search_term_string"}}],"inLanguage":"es"}]}},"_links":{"self":[{"href":"https:\/\/stesa.com\/mapas\/wp-json\/wp\/v2\/ficha\/19400","targetHints":{"allow":["GET"]}}],"collection":[{"href":"https:\/\/stesa.com\/mapas\/wp-json\/wp\/v2\/ficha"}],"about":[{"href":"https:\/\/stesa.com\/mapas\/wp-json\/wp\/v2\/types\/ficha"}],"author":[{"embeddable":true,"href":"https:\/\/stesa.com\/mapas\/wp-json\/wp\/v2\/users\/1"}],"version-history":[{"count":5,"href":"https:\/\/stesa.com\/mapas\/wp-json\/wp\/v2\/ficha\/19400\/revisions"}],"predecessor-version":[{"id":20688,"href":"https:\/\/stesa.com\/mapas\/wp-json\/wp\/v2\/ficha\/19400\/revisions\/20688"}],"wp:featuredmedia":[{"embeddable":true,"href":"https:\/\/stesa.com\/mapas\/wp-json\/wp\/v2\/media\/19401"}],"wp:attachment":[{"href":"https:\/\/stesa.com\/mapas\/wp-json\/wp\/v2\/media?parent=19400"}],"wp:term":[{"taxonomy":"categoria_ficha","embeddable":true,"href":"https:\/\/stesa.com\/mapas\/wp-json\/wp\/v2\/categoria_ficha?post=19400"}],"curies":[{"name":"wp","href":"https:\/\/api.w.org\/{rel}","templated":true}]}}